{"id":178521,"date":"2022-12-05T16:24:03","date_gmt":"2022-12-05T15:24:03","guid":{"rendered":"https:\/\/dievolkswirtschaft.ch\/?page_id=178521"},"modified":"2023-04-04T14:06:31","modified_gmt":"2023-04-04T12:06:31","slug":"alle-beitraege","status":"publish","type":"page","link":"https:\/\/dievolkswirtschaft.ch\/de\/alle-beitraege\/","title":{"rendered":"Alle Beitr\u00e4ge"},"content":{"rendered":"\t\t<div data-elementor-type=\"wp-page\" data-elementor-id=\"178521\" class=\"elementor elementor-178521\" data-elementor-post-type=\"page\">\n\t\t\t\t\t\t<section class=\"elementor-section elementor-top-section elementor-element elementor-element-3cedb8b3 elementor-section-full_width elementor-section-height-default elementor-section-height-default\" data-id=\"3cedb8b3\" data-element_type=\"section\">\n\t\t\t\t\t\t<div class=\"elementor-container elementor-column-gap-default\">\n\t\t\t\t\t<div class=\"elementor-column elementor-col-100 elementor-top-column elementor-element elementor-element-36822fd2\" data-id=\"36822fd2\" data-element_type=\"column\">\n\t\t\t<div class=\"elementor-widget-wrap elementor-element-populated\">\n\t\t\t\t\t\t<div class=\"elementor-element elementor-element-65c1272f elementor-widget elementor-widget-mxm-breadcrumb\" data-id=\"65c1272f\" data-element_type=\"widget\" data-widget_type=\"mxm-breadcrumb.default\">\n\t\t\t\t<div class=\"elementor-widget-container\">\n\t\t\t<ul id=\"ah-breadcrumb\" class=\"ah-breadcrumb\"><li><a href=\"https:\/\/dievolkswirtschaft.ch\/de\/\">Home<\/a><\/li><li class=\"separator\"><i class=\"fas fa-chevron-right\"><\/i><\/li><\/ul>\t\t<\/div>\n\t\t\t\t<\/div>\n\t\t\t\t\t<\/div>\n\t\t<\/div>\n\t\t\t\t\t<\/div>\n\t\t<\/section>\n\t\t\t\t<section class=\"elementor-section elementor-top-section elementor-element elementor-element-c9524c3 elementor-section-boxed elementor-section-height-default elementor-section-height-default\" data-id=\"c9524c3\" data-element_type=\"section\">\n\t\t\t\t\t\t<div class=\"elementor-container elementor-column-gap-default\">\n\t\t\t\t\t<div class=\"elementor-column elementor-col-100 elementor-top-column elementor-element elementor-element-6e93d47\" data-id=\"6e93d47\" data-element_type=\"column\">\n\t\t\t<div class=\"elementor-widget-wrap elementor-element-populated\">\n\t\t\t\t\t\t<div class=\"elementor-element elementor-element-cbcec23 elementor-widget elementor-widget-mxm-postsall\" data-id=\"cbcec23\" data-element_type=\"widget\" data-widget_type=\"mxm-postsall.default\">\n\t\t\t\t<div class=\"elementor-widget-container\">\n\t\t\t\n\t\t<div class=\"mxm-posts-filtered-container\">\n\t\t\t<div class=\"mxm-posts-filtered-wrapper\">\n\t\t\t\t<div class=\"mxm-posts-filtered-title\">\n\t\t\t\t\t<h1> Alle Beitr\u00e4ge<\/h1>\n\t\t\t\t<\/div>\n\n                <div class=\"mxm-posts-filtered-header\">\n                    <div class=\"mxm-posts-filtered-header-wrapper\">\n                        <input type=\"hidden\" id=\"posts_per_page\" value=\"12\">\n                        <input type=\"hidden\" id=\"orderby\" value=\"date\">\n                        <input type=\"hidden\" id=\"order\" value=\"12\">\n                        <input type=\"hidden\" id=\"tags\" value=\"post_content_subject\">\n                        <input type=\"hidden\" id=\"paged\" value=\"1\">\n                        <input type=\"hidden\" id=\"total\" value=\"338\">\n                        <input type=\"hidden\" id=\"page_default\" value=\"allposts\">\n                        <input type=\"hidden\" id=\"tax1\" value=\"all\">\n                        <input type=\"hidden\" id=\"tax2\" value=\"all\">\n                        <input type=\"hidden\" id=\"tax3\" value=\"all\">\n                    <\/div>\n                <\/div>\n\n\t\t\t\t<div class=\"mxm-posts-filtered-body\">\n\t\t\t\t\t<div class=\"mxm-posts-grid\">\n\t\t\t\t\t\t<div class=\"mxm-post-container\">\n    \n<!--  -->\n        <div class=\"mxm-post-wrapper\">\n        <div class=\"mxm-post-item\">\n            <div class=\"mxm-post-header\">\n                <div class=\"mxm-post-featured\">\n                    <a href=\"https:\/\/dievolkswirtschaft.ch\/de\/2026\/09\/was-ist-an-der-nachhaltigkeit-oekonomisch-mehr-als-man-denkt\/\">\n                                                    <img fetchpriority=\"high\" decoding=\"async\" width=\"800\" height=\"431\" src=\"https:\/\/dievolkswirtschaft.ch\/content\/uploads\/2026\/09\/Winkler_428838411_web-1024x552.jpg\" class=\"attachment-large size-large wp-post-image\" alt=\"\" srcset=\"https:\/\/dievolkswirtschaft.ch\/content\/uploads\/2026\/09\/Winkler_428838411_web-1024x552.jpg 1024w, https:\/\/dievolkswirtschaft.ch\/content\/uploads\/2026\/09\/Winkler_428838411_web-300x162.jpg 300w, https:\/\/dievolkswirtschaft.ch\/content\/uploads\/2026\/09\/Winkler_428838411_web-768x414.jpg 768w, https:\/\/dievolkswirtschaft.ch\/content\/uploads\/2026\/09\/Winkler_428838411_web.jpg 1335w\" sizes=\"(max-width: 800px) 100vw, 800px\" \/>                                            <\/a>\n                <\/div>\n            <\/div>\n            <div class=\"mxm-post-body\">\n                <div class=\"mxm-post-title\">\n                    <a href=\"https:\/\/dievolkswirtschaft.ch\/de\/2026\/09\/was-ist-an-der-nachhaltigkeit-oekonomisch-mehr-als-man-denkt\/\"><h4>Was ist an der Nachhaltigkeit \u00f6konomisch? Mehr, als man denkt<\/h4><\/a>\n                <\/div>\n                <div class=\"mxm-post-tags\">\n                                        <div class=\"tag-cloud\">\n                        <a href=\"https:\/\/dievolkswirtschaft.ch\/de\/themen\/?cat1=international\" class=\"mxm-post-tag related-post-tag\" data-tax=\"post_content_category\" data-term=\"international\">International<\/a>                    <\/div>\n                                    <\/div>\n                <div class=\"mxm-post-footer\">\n                    <div class=\"mxm-post-info\">\n                        <div class=\"mxm-post-author\">\n                            <p><a href=\"https:\/\/dievolkswirtschaft.ch\/de\/author\/ralph-winkler\/\" class=\"related-p-authors\">Ralph Winkler<\/a> | 03.09.26<\/p>\n                        <\/div>\n                    <\/div>\n                    <div class=\"mxm-post-bookmark\" data-id=\"222441\">\n                        <p><img decoding=\"async\" src=\"https:\/\/dievolkswirtschaft.ch\/wp-content\/themes\/maxomedia-starter-child\/assets\/images\/bookmark-default.svg\" alt=\"\"><\/p>\n                    <\/div>\n                <\/div>\n            <\/div>\n        <\/div>\n    <\/div>\n<\/div><div class=\"mxm-post-container\">\n    \n<!--  -->\n        <div class=\"mxm-post-wrapper\">\n        <div class=\"mxm-post-item\">\n            <div class=\"mxm-post-header\">\n                <div class=\"mxm-post-featured\">\n                    <a href=\"https:\/\/dievolkswirtschaft.ch\/de\/2026\/09\/wie-wichtig-sind-praktische-faehigkeiten-beim-berufseinstieg\/\">\n                                                    <img decoding=\"async\" width=\"800\" height=\"431\" src=\"https:\/\/dievolkswirtschaft.ch\/content\/uploads\/2026\/09\/Wolter_zam_20230907_wettkampftag2_web-1024x552.jpg\" class=\"attachment-large size-large wp-post-image\" alt=\"\" srcset=\"https:\/\/dievolkswirtschaft.ch\/content\/uploads\/2026\/09\/Wolter_zam_20230907_wettkampftag2_web-1024x552.jpg 1024w, https:\/\/dievolkswirtschaft.ch\/content\/uploads\/2026\/09\/Wolter_zam_20230907_wettkampftag2_web-300x162.jpg 300w, https:\/\/dievolkswirtschaft.ch\/content\/uploads\/2026\/09\/Wolter_zam_20230907_wettkampftag2_web-768x414.jpg 768w, https:\/\/dievolkswirtschaft.ch\/content\/uploads\/2026\/09\/Wolter_zam_20230907_wettkampftag2_web.jpg 1335w\" sizes=\"(max-width: 800px) 100vw, 800px\" \/>                                            <\/a>\n                <\/div>\n            <\/div>\n            <div class=\"mxm-post-body\">\n                <div class=\"mxm-post-title\">\n                    <a href=\"https:\/\/dievolkswirtschaft.ch\/de\/2026\/09\/wie-wichtig-sind-praktische-faehigkeiten-beim-berufseinstieg\/\"><h4>Wie wichtig sind praktische F\u00e4higkeiten beim Berufseinstieg?<\/h4><\/a>\n                <\/div>\n                <div class=\"mxm-post-tags\">\n                                        <div class=\"tag-cloud\">\n                        <a href=\"https:\/\/dievolkswirtschaft.ch\/de\/themen\/?cat1=uebrige-wirtschaftspolitik\" class=\"mxm-post-tag related-post-tag\" data-tax=\"post_content_category\" data-term=\"uebrige-wirtschaftspolitik\">Wirtschaftspolitik<\/a>                    <\/div>\n                                    <\/div>\n                <div class=\"mxm-post-footer\">\n                    <div class=\"mxm-post-info\">\n                        <div class=\"mxm-post-author\">\n                            <p>Nachgefragt bei Stefan C. Wolter, Universit\u00e4t Bern | 02.09.26<\/p>\n                        <\/div>\n                    <\/div>\n                    <div class=\"mxm-post-bookmark\" data-id=\"222845\">\n                        <p><img decoding=\"async\" src=\"https:\/\/dievolkswirtschaft.ch\/wp-content\/themes\/maxomedia-starter-child\/assets\/images\/bookmark-default.svg\" alt=\"\"><\/p>\n                    <\/div>\n                <\/div>\n            <\/div>\n        <\/div>\n    <\/div>\n<\/div><div class=\"mxm-post-container\">\n    \n<!--  -->\n        <div class=\"mxm-post-wrapper\">\n        <div class=\"mxm-post-item\">\n            <div class=\"mxm-post-header\">\n                <div class=\"mxm-post-featured\">\n                    <a href=\"https:\/\/dievolkswirtschaft.ch\/de\/2026\/09\/die-lange-geschichte-der-nachhaltigkeit\/\">\n                                                    <img decoding=\"async\" width=\"800\" height=\"431\" src=\"https:\/\/dievolkswirtschaft.ch\/content\/uploads\/2026\/09\/Bader-Breu_561349640_web-1024x552.jpg\" class=\"attachment-large size-large wp-post-image\" alt=\"\" srcset=\"https:\/\/dievolkswirtschaft.ch\/content\/uploads\/2026\/09\/Bader-Breu_561349640_web-1024x552.jpg 1024w, https:\/\/dievolkswirtschaft.ch\/content\/uploads\/2026\/09\/Bader-Breu_561349640_web-300x162.jpg 300w, https:\/\/dievolkswirtschaft.ch\/content\/uploads\/2026\/09\/Bader-Breu_561349640_web-768x414.jpg 768w, https:\/\/dievolkswirtschaft.ch\/content\/uploads\/2026\/09\/Bader-Breu_561349640_web.jpg 1335w\" sizes=\"(max-width: 800px) 100vw, 800px\" \/>                                            <\/a>\n                <\/div>\n            <\/div>\n            <div class=\"mxm-post-body\">\n                <div class=\"mxm-post-title\">\n                    <a href=\"https:\/\/dievolkswirtschaft.ch\/de\/2026\/09\/die-lange-geschichte-der-nachhaltigkeit\/\"><h4>Die lange Geschichte der Nachhaltigkeit<\/h4><\/a>\n                <\/div>\n                <div class=\"mxm-post-tags\">\n                                        <div class=\"tag-cloud\">\n                        <a href=\"https:\/\/dievolkswirtschaft.ch\/de\/themen\/?cat1=international\" class=\"mxm-post-tag related-post-tag\" data-tax=\"post_content_category\" data-term=\"international\">International<\/a>                    <\/div>\n                                    <\/div>\n                <div class=\"mxm-post-footer\">\n                    <div class=\"mxm-post-info\">\n                        <div class=\"mxm-post-author\">\n                            <p><a href=\"https:\/\/dievolkswirtschaft.ch\/de\/author\/christoph-bader\/\" class=\"related-p-authors\">Christoph Bader<\/a>, <a href=\"https:\/\/dievolkswirtschaft.ch\/de\/author\/thomas-breu\/\" class=\"related-p-authors\">Thomas Breu<\/a> | 01.09.26<\/p>\n                        <\/div>\n                    <\/div>\n                    <div class=\"mxm-post-bookmark\" data-id=\"222614\">\n                        <p><img decoding=\"async\" src=\"https:\/\/dievolkswirtschaft.ch\/wp-content\/themes\/maxomedia-starter-child\/assets\/images\/bookmark-default.svg\" alt=\"\"><\/p>\n                    <\/div>\n                <\/div>\n            <\/div>\n        <\/div>\n    <\/div>\n<\/div><div class=\"mxm-post-container\">\n    \n<!--  -->\n        <div class=\"mxm-post-wrapper\">\n        <div class=\"mxm-post-item\">\n            <div class=\"mxm-post-header\">\n                <div class=\"mxm-post-featured\">\n                    <a href=\"https:\/\/dievolkswirtschaft.ch\/de\/2026\/08\/agenda-2030-eine-gemischte-bilanz\/\">\n                                                    <img loading=\"lazy\" decoding=\"async\" width=\"800\" height=\"431\" src=\"https:\/\/dievolkswirtschaft.ch\/content\/uploads\/2026\/08\/Dubas_392912842_web-1024x552.jpg\" class=\"attachment-large size-large wp-post-image\" alt=\"\" srcset=\"https:\/\/dievolkswirtschaft.ch\/content\/uploads\/2026\/08\/Dubas_392912842_web-1024x552.jpg 1024w, https:\/\/dievolkswirtschaft.ch\/content\/uploads\/2026\/08\/Dubas_392912842_web-300x162.jpg 300w, https:\/\/dievolkswirtschaft.ch\/content\/uploads\/2026\/08\/Dubas_392912842_web-768x414.jpg 768w, https:\/\/dievolkswirtschaft.ch\/content\/uploads\/2026\/08\/Dubas_392912842_web.jpg 1335w\" sizes=\"(max-width: 800px) 100vw, 800px\" \/>                                            <\/a>\n                <\/div>\n            <\/div>\n            <div class=\"mxm-post-body\">\n                <div class=\"mxm-post-title\">\n                    <a href=\"https:\/\/dievolkswirtschaft.ch\/de\/2026\/08\/agenda-2030-eine-gemischte-bilanz\/\"><h4>Agenda 2030: Eine gemischte Bilanz<\/h4><\/a>\n                <\/div>\n                <div class=\"mxm-post-tags\">\n                                        <div class=\"tag-cloud\">\n                        <a href=\"https:\/\/dievolkswirtschaft.ch\/de\/themen\/?cat1=international\" class=\"mxm-post-tag related-post-tag\" data-tax=\"post_content_category\" data-term=\"international\">International<\/a>                    <\/div>\n                                    <\/div>\n                <div class=\"mxm-post-footer\">\n                    <div class=\"mxm-post-info\">\n                        <div class=\"mxm-post-author\">\n                            <p><a href=\"https:\/\/dievolkswirtschaft.ch\/de\/author\/daniel-dubas\/\" class=\"related-p-authors\">Daniel Dubas<\/a>, <a href=\"https:\/\/dievolkswirtschaft.ch\/de\/author\/markus-reubi\/\" class=\"related-p-authors\">Markus Reubi<\/a> | 31.08.26<\/p>\n                        <\/div>\n                    <\/div>\n                    <div class=\"mxm-post-bookmark\" data-id=\"222619\">\n                        <p><img decoding=\"async\" src=\"https:\/\/dievolkswirtschaft.ch\/wp-content\/themes\/maxomedia-starter-child\/assets\/images\/bookmark-default.svg\" alt=\"\"><\/p>\n                    <\/div>\n                <\/div>\n            <\/div>\n        <\/div>\n    <\/div>\n<\/div><div class=\"mxm-post-container\">\n    \n<!--  -->\n        <div class=\"mxm-post-wrapper\">\n        <div class=\"mxm-post-item\">\n            <div class=\"mxm-post-header\">\n                <div class=\"mxm-post-featured\">\n                    <a href=\"https:\/\/dievolkswirtschaft.ch\/de\/2026\/08\/versicherungen-regulierung-muss-verhaeltnismaessig-und-wirksam-sein\/\">\n                                                    <img loading=\"lazy\" decoding=\"async\" width=\"800\" height=\"431\" src=\"https:\/\/dievolkswirtschaft.ch\/content\/uploads\/2026\/08\/Eling_707747306_web-1024x552.jpg\" class=\"attachment-large size-large wp-post-image\" alt=\"\" srcset=\"https:\/\/dievolkswirtschaft.ch\/content\/uploads\/2026\/08\/Eling_707747306_web-1024x552.jpg 1024w, https:\/\/dievolkswirtschaft.ch\/content\/uploads\/2026\/08\/Eling_707747306_web-300x162.jpg 300w, https:\/\/dievolkswirtschaft.ch\/content\/uploads\/2026\/08\/Eling_707747306_web-768x414.jpg 768w, https:\/\/dievolkswirtschaft.ch\/content\/uploads\/2026\/08\/Eling_707747306_web.jpg 1335w\" sizes=\"(max-width: 800px) 100vw, 800px\" \/>                                            <\/a>\n                <\/div>\n            <\/div>\n            <div class=\"mxm-post-body\">\n                <div class=\"mxm-post-title\">\n                    <a href=\"https:\/\/dievolkswirtschaft.ch\/de\/2026\/08\/versicherungen-regulierung-muss-verhaeltnismaessig-und-wirksam-sein\/\"><h4>Versicherungen: Regulierung muss verh\u00e4ltnism\u00e4ssig und wirksam sein<\/h4><\/a>\n                <\/div>\n                <div class=\"mxm-post-tags\">\n                                        <div class=\"tag-cloud\">\n                        <a href=\"https:\/\/dievolkswirtschaft.ch\/de\/themen\/?cat1=uebrige-wirtschaftspolitik\" class=\"mxm-post-tag related-post-tag\" data-tax=\"post_content_category\" data-term=\"uebrige-wirtschaftspolitik\">Wirtschaftspolitik<\/a>                    <\/div>\n                                    <\/div>\n                <div class=\"mxm-post-footer\">\n                    <div class=\"mxm-post-info\">\n                        <div class=\"mxm-post-author\">\n                            <p><a href=\"https:\/\/dievolkswirtschaft.ch\/de\/author\/martin-eling\/\" class=\"related-p-authors\">Martin Eling<\/a> | 28.08.26<\/p>\n                        <\/div>\n                    <\/div>\n                    <div class=\"mxm-post-bookmark\" data-id=\"222222\">\n                        <p><img decoding=\"async\" src=\"https:\/\/dievolkswirtschaft.ch\/wp-content\/themes\/maxomedia-starter-child\/assets\/images\/bookmark-default.svg\" alt=\"\"><\/p>\n                    <\/div>\n                <\/div>\n            <\/div>\n        <\/div>\n    <\/div>\n<\/div><div class=\"mxm-post-container\">\n    \n<!--  -->\n        <div class=\"mxm-post-wrapper\">\n        <div class=\"mxm-post-item\">\n            <div class=\"mxm-post-header\">\n                <div class=\"mxm-post-featured\">\n                    <a href=\"https:\/\/dievolkswirtschaft.ch\/de\/2026\/08\/nachhaltige-entwicklung-schweiz-weltweit-auf-rang-22\/\">\n                                                    <img loading=\"lazy\" decoding=\"async\" width=\"800\" height=\"431\" src=\"https:\/\/dievolkswirtschaft.ch\/content\/uploads\/2026\/09\/Lafortune_433827194_web-1024x552.jpg\" class=\"attachment-large size-large wp-post-image\" alt=\"\" srcset=\"https:\/\/dievolkswirtschaft.ch\/content\/uploads\/2026\/09\/Lafortune_433827194_web-1024x552.jpg 1024w, https:\/\/dievolkswirtschaft.ch\/content\/uploads\/2026\/09\/Lafortune_433827194_web-300x162.jpg 300w, https:\/\/dievolkswirtschaft.ch\/content\/uploads\/2026\/09\/Lafortune_433827194_web-768x414.jpg 768w, https:\/\/dievolkswirtschaft.ch\/content\/uploads\/2026\/09\/Lafortune_433827194_web.jpg 1335w\" sizes=\"(max-width: 800px) 100vw, 800px\" \/>                                            <\/a>\n                <\/div>\n            <\/div>\n            <div class=\"mxm-post-body\">\n                <div class=\"mxm-post-title\">\n                    <a href=\"https:\/\/dievolkswirtschaft.ch\/de\/2026\/08\/nachhaltige-entwicklung-schweiz-weltweit-auf-rang-22\/\"><h4>Nachhaltige Entwicklung: Schweiz weltweit auf Rang 22<\/h4><\/a>\n                <\/div>\n                <div class=\"mxm-post-tags\">\n                                        <div class=\"tag-cloud\">\n                        <a href=\"https:\/\/dievolkswirtschaft.ch\/de\/themen\/?cat1=international\" class=\"mxm-post-tag related-post-tag\" data-tax=\"post_content_category\" data-term=\"international\">International<\/a>                    <\/div>\n                                    <\/div>\n                <div class=\"mxm-post-footer\">\n                    <div class=\"mxm-post-info\">\n                        <div class=\"mxm-post-author\">\n                            <p><a href=\"https:\/\/dievolkswirtschaft.ch\/de\/author\/guillaume-lafortune\/\" class=\"related-p-authors\">Guillaume Lafortune<\/a> | 28.08.26<\/p>\n                        <\/div>\n                    <\/div>\n                    <div class=\"mxm-post-bookmark\" data-id=\"222206\">\n                        <p><img decoding=\"async\" src=\"https:\/\/dievolkswirtschaft.ch\/wp-content\/themes\/maxomedia-starter-child\/assets\/images\/bookmark-default.svg\" alt=\"\"><\/p>\n                    <\/div>\n                <\/div>\n            <\/div>\n        <\/div>\n    <\/div>\n<\/div><div class=\"mxm-post-container\">\n    \n<!--  -->\n        <div class=\"mxm-post-wrapper\">\n        <div class=\"mxm-post-item\">\n            <div class=\"mxm-post-header\">\n                <div class=\"mxm-post-featured\">\n                    <a href=\"https:\/\/dievolkswirtschaft.ch\/de\/2026\/08\/warum-muetter-weniger-verdienen-als-vaeter\/\">\n                                                    <img loading=\"lazy\" decoding=\"async\" width=\"800\" height=\"431\" src=\"https:\/\/dievolkswirtschaft.ch\/content\/uploads\/2026\/08\/Bamert_288003984_web-1-1024x552.jpg\" class=\"attachment-large size-large wp-post-image\" alt=\"\" srcset=\"https:\/\/dievolkswirtschaft.ch\/content\/uploads\/2026\/08\/Bamert_288003984_web-1-1024x552.jpg 1024w, https:\/\/dievolkswirtschaft.ch\/content\/uploads\/2026\/08\/Bamert_288003984_web-1-300x162.jpg 300w, https:\/\/dievolkswirtschaft.ch\/content\/uploads\/2026\/08\/Bamert_288003984_web-1-768x414.jpg 768w, https:\/\/dievolkswirtschaft.ch\/content\/uploads\/2026\/08\/Bamert_288003984_web-1.jpg 1335w\" sizes=\"(max-width: 800px) 100vw, 800px\" \/>                                            <\/a>\n                <\/div>\n            <\/div>\n            <div class=\"mxm-post-body\">\n                <div class=\"mxm-post-title\">\n                    <a href=\"https:\/\/dievolkswirtschaft.ch\/de\/2026\/08\/warum-muetter-weniger-verdienen-als-vaeter\/\"><h4>Warum M\u00fctter weniger verdienen als V\u00e4ter<\/h4><\/a>\n                <\/div>\n                <div class=\"mxm-post-tags\">\n                                        <div class=\"tag-cloud\">\n                        <a href=\"https:\/\/dievolkswirtschaft.ch\/de\/themen\/?cat1=uebrige-wirtschaftspolitik\" class=\"mxm-post-tag related-post-tag\" data-tax=\"post_content_category\" data-term=\"uebrige-wirtschaftspolitik\">Wirtschaftspolitik<\/a>                    <\/div>\n                                    <\/div>\n                <div class=\"mxm-post-footer\">\n                    <div class=\"mxm-post-info\">\n                        <div class=\"mxm-post-author\">\n                            <p><a href=\"https:\/\/dievolkswirtschaft.ch\/de\/author\/justus-bamert\/\" class=\"related-p-authors\">Justus Bamert<\/a> | 27.08.26<\/p>\n                        <\/div>\n                    <\/div>\n                    <div class=\"mxm-post-bookmark\" data-id=\"222217\">\n                        <p><img decoding=\"async\" src=\"https:\/\/dievolkswirtschaft.ch\/wp-content\/themes\/maxomedia-starter-child\/assets\/images\/bookmark-default.svg\" alt=\"\"><\/p>\n                    <\/div>\n                <\/div>\n            <\/div>\n        <\/div>\n    <\/div>\n<\/div><div class=\"mxm-post-container\">\n    \n<!--  -->\n        <div class=\"mxm-post-wrapper\">\n        <div class=\"mxm-post-item\">\n            <div class=\"mxm-post-header\">\n                <div class=\"mxm-post-featured\">\n                    <a href=\"https:\/\/dievolkswirtschaft.ch\/de\/2026\/08\/diese-demut-hat-die-schweiz-zum-erfolg-gefuehrt\/\">\n                                                    <img loading=\"lazy\" decoding=\"async\" width=\"800\" height=\"431\" src=\"https:\/\/dievolkswirtschaft.ch\/content\/uploads\/2026\/08\/Interview_Ronald-Indergand1_web-1024x552.jpg\" class=\"attachment-large size-large wp-post-image\" alt=\"\" srcset=\"https:\/\/dievolkswirtschaft.ch\/content\/uploads\/2026\/08\/Interview_Ronald-Indergand1_web-1024x552.jpg 1024w, https:\/\/dievolkswirtschaft.ch\/content\/uploads\/2026\/08\/Interview_Ronald-Indergand1_web-300x162.jpg 300w, https:\/\/dievolkswirtschaft.ch\/content\/uploads\/2026\/08\/Interview_Ronald-Indergand1_web-768x414.jpg 768w, https:\/\/dievolkswirtschaft.ch\/content\/uploads\/2026\/08\/Interview_Ronald-Indergand1_web.jpg 1335w\" sizes=\"(max-width: 800px) 100vw, 800px\" \/>                                            <\/a>\n                <\/div>\n            <\/div>\n            <div class=\"mxm-post-body\">\n                <div class=\"mxm-post-title\">\n                    <a href=\"https:\/\/dievolkswirtschaft.ch\/de\/2026\/08\/diese-demut-hat-die-schweiz-zum-erfolg-gefuehrt\/\"><h4>\u00abDiese Demut hat die Schweiz zum Erfolg gef\u00fchrt\u00bb<\/h4><\/a>\n                <\/div>\n                <div class=\"mxm-post-tags\">\n                                        <div class=\"tag-cloud\">\n                        <a href=\"https:\/\/dievolkswirtschaft.ch\/de\/themen\/?cat1=uebrige-wirtschaftspolitik\" class=\"mxm-post-tag related-post-tag\" data-tax=\"post_content_category\" data-term=\"uebrige-wirtschaftspolitik\">Wirtschaftspolitik<\/a>                    <\/div>\n                                    <\/div>\n                <div class=\"mxm-post-footer\">\n                    <div class=\"mxm-post-info\">\n                        <div class=\"mxm-post-author\">\n                            <p>Interview mit Ronald Indergand, Chef\u00f6konom des Bundes | 25.08.26<\/p>\n                        <\/div>\n                    <\/div>\n                    <div class=\"mxm-post-bookmark\" data-id=\"222742\">\n                        <p><img decoding=\"async\" src=\"https:\/\/dievolkswirtschaft.ch\/wp-content\/themes\/maxomedia-starter-child\/assets\/images\/bookmark-default.svg\" alt=\"\"><\/p>\n                    <\/div>\n                <\/div>\n            <\/div>\n        <\/div>\n    <\/div>\n<\/div><div class=\"mxm-post-container\">\n    \n<!--  -->\n        <div class=\"mxm-post-wrapper\">\n        <div class=\"mxm-post-item\">\n            <div class=\"mxm-post-header\">\n                <div class=\"mxm-post-featured\">\n                    <a href=\"https:\/\/dievolkswirtschaft.ch\/de\/2026\/08\/hohe-energiepreise-welche-kantone-trifft-es-am-staerksten\/\">\n                                                    <img loading=\"lazy\" decoding=\"async\" width=\"800\" height=\"431\" src=\"https:\/\/dievolkswirtschaft.ch\/content\/uploads\/2026\/08\/Fernandez_367760560_web-1024x552.jpg\" class=\"attachment-large size-large wp-post-image\" alt=\"\" srcset=\"https:\/\/dievolkswirtschaft.ch\/content\/uploads\/2026\/08\/Fernandez_367760560_web-1024x552.jpg 1024w, https:\/\/dievolkswirtschaft.ch\/content\/uploads\/2026\/08\/Fernandez_367760560_web-300x162.jpg 300w, https:\/\/dievolkswirtschaft.ch\/content\/uploads\/2026\/08\/Fernandez_367760560_web-768x414.jpg 768w, https:\/\/dievolkswirtschaft.ch\/content\/uploads\/2026\/08\/Fernandez_367760560_web.jpg 1335w\" sizes=\"(max-width: 800px) 100vw, 800px\" \/>                                            <\/a>\n                <\/div>\n            <\/div>\n            <div class=\"mxm-post-body\">\n                <div class=\"mxm-post-title\">\n                    <a href=\"https:\/\/dievolkswirtschaft.ch\/de\/2026\/08\/hohe-energiepreise-welche-kantone-trifft-es-am-staerksten\/\"><h4>Hohe Energiepreise: Welche Kantone trifft es am st\u00e4rksten?<\/h4><\/a>\n                <\/div>\n                <div class=\"mxm-post-tags\">\n                                        <div class=\"tag-cloud\">\n                        <a href=\"https:\/\/dievolkswirtschaft.ch\/de\/themen\/?cat1=international\" class=\"mxm-post-tag related-post-tag\" data-tax=\"post_content_category\" data-term=\"international\">International<\/a>                    <\/div>\n                                    <\/div>\n                <div class=\"mxm-post-footer\">\n                    <div class=\"mxm-post-info\">\n                        <div class=\"mxm-post-author\">\n                            <p><a href=\"https:\/\/dievolkswirtschaft.ch\/de\/author\/octavio-fernandez-amador\/\" class=\"related-p-authors\">Octavio Fern\u00e1ndez-Amador<\/a>, <a href=\"https:\/\/dievolkswirtschaft.ch\/de\/author\/doris-a-oberdabernig\/\" class=\"related-p-authors\">Doris A. Oberdabernig<\/a>, <a href=\"https:\/\/dievolkswirtschaft.ch\/de\/author\/patrick-tomberger\/\" class=\"related-p-authors\">Patrick Tomberger<\/a> | 20.08.26<\/p>\n                        <\/div>\n                    <\/div>\n                    <div class=\"mxm-post-bookmark\" data-id=\"221796\">\n                        <p><img decoding=\"async\" src=\"https:\/\/dievolkswirtschaft.ch\/wp-content\/themes\/maxomedia-starter-child\/assets\/images\/bookmark-default.svg\" alt=\"\"><\/p>\n                    <\/div>\n                <\/div>\n            <\/div>\n        <\/div>\n    <\/div>\n<\/div><div class=\"mxm-post-container\">\n    \n<!--  -->\n        <div class=\"mxm-post-wrapper\">\n        <div class=\"mxm-post-item\">\n            <div class=\"mxm-post-header\">\n                <div class=\"mxm-post-featured\">\n                    <a href=\"https:\/\/dievolkswirtschaft.ch\/de\/2026\/08\/wandel-in-kolumbien-vom-entwicklungsland-zum-wirtschaftspartner\/\">\n                                                    <img loading=\"lazy\" decoding=\"async\" width=\"800\" height=\"431\" src=\"https:\/\/dievolkswirtschaft.ch\/content\/uploads\/2026\/08\/Anselmo-Bietenhader_610381751_web-1024x552.jpg\" class=\"attachment-large size-large wp-post-image\" alt=\"\" srcset=\"https:\/\/dievolkswirtschaft.ch\/content\/uploads\/2026\/08\/Anselmo-Bietenhader_610381751_web-1024x552.jpg 1024w, https:\/\/dievolkswirtschaft.ch\/content\/uploads\/2026\/08\/Anselmo-Bietenhader_610381751_web-300x162.jpg 300w, https:\/\/dievolkswirtschaft.ch\/content\/uploads\/2026\/08\/Anselmo-Bietenhader_610381751_web-768x414.jpg 768w, https:\/\/dievolkswirtschaft.ch\/content\/uploads\/2026\/08\/Anselmo-Bietenhader_610381751_web.jpg 1335w\" sizes=\"(max-width: 800px) 100vw, 800px\" \/>                                            <\/a>\n                <\/div>\n            <\/div>\n            <div class=\"mxm-post-body\">\n                <div class=\"mxm-post-title\">\n                    <a href=\"https:\/\/dievolkswirtschaft.ch\/de\/2026\/08\/wandel-in-kolumbien-vom-entwicklungsland-zum-wirtschaftspartner\/\"><h4>Wandel in Kolumbien: Vom Entwicklungsland zum Wirtschaftspartner<\/h4><\/a>\n                <\/div>\n                <div class=\"mxm-post-tags\">\n                                        <div class=\"tag-cloud\">\n                        <a href=\"https:\/\/dievolkswirtschaft.ch\/de\/themen\/?cat1=international\" class=\"mxm-post-tag related-post-tag\" data-tax=\"post_content_category\" data-term=\"international\">International<\/a>                    <\/div>\n                                    <\/div>\n                <div class=\"mxm-post-footer\">\n                    <div class=\"mxm-post-info\">\n                        <div class=\"mxm-post-author\">\n                            <p><a href=\"https:\/\/dievolkswirtschaft.ch\/de\/author\/diana-anselmo\/\" class=\"related-p-authors\">Diana Anselmo<\/a>, <a href=\"https:\/\/dievolkswirtschaft.ch\/de\/author\/martina-bietenhader\/\" class=\"related-p-authors\">Martina Bietenhader<\/a> | 18.08.26<\/p>\n                        <\/div>\n                    <\/div>\n                    <div class=\"mxm-post-bookmark\" data-id=\"222212\">\n                        <p><img decoding=\"async\" src=\"https:\/\/dievolkswirtschaft.ch\/wp-content\/themes\/maxomedia-starter-child\/assets\/images\/bookmark-default.svg\" alt=\"\"><\/p>\n                    <\/div>\n                <\/div>\n            <\/div>\n        <\/div>\n    <\/div>\n<\/div><div class=\"mxm-post-container\">\n    \n<!--  -->\n        <div class=\"mxm-post-wrapper\">\n        <div class=\"mxm-post-item\">\n            <div class=\"mxm-post-header\">\n                <div class=\"mxm-post-featured\">\n                    <a href=\"https:\/\/dievolkswirtschaft.ch\/de\/2026\/08\/wie-kipppunkte-die-dekarbonisierung-beschleunigen-koennen\/\">\n                                                    <img loading=\"lazy\" decoding=\"async\" width=\"800\" height=\"431\" src=\"https:\/\/dievolkswirtschaft.ch\/content\/uploads\/2026\/08\/Bretschger-Leuthard_351112002_web-1024x552.jpg\" class=\"attachment-large size-large wp-post-image\" alt=\"\" srcset=\"https:\/\/dievolkswirtschaft.ch\/content\/uploads\/2026\/08\/Bretschger-Leuthard_351112002_web-1024x552.jpg 1024w, https:\/\/dievolkswirtschaft.ch\/content\/uploads\/2026\/08\/Bretschger-Leuthard_351112002_web-300x162.jpg 300w, https:\/\/dievolkswirtschaft.ch\/content\/uploads\/2026\/08\/Bretschger-Leuthard_351112002_web-768x414.jpg 768w, https:\/\/dievolkswirtschaft.ch\/content\/uploads\/2026\/08\/Bretschger-Leuthard_351112002_web.jpg 1335w\" sizes=\"(max-width: 800px) 100vw, 800px\" \/>                                            <\/a>\n                <\/div>\n            <\/div>\n            <div class=\"mxm-post-body\">\n                <div class=\"mxm-post-title\">\n                    <a href=\"https:\/\/dievolkswirtschaft.ch\/de\/2026\/08\/wie-kipppunkte-die-dekarbonisierung-beschleunigen-koennen\/\"><h4>Wie Kipppunkte die Dekarbonisierung beschleunigen k\u00f6nnen<\/h4><\/a>\n                <\/div>\n                <div class=\"mxm-post-tags\">\n                                        <div class=\"tag-cloud\">\n                        <a href=\"https:\/\/dievolkswirtschaft.ch\/de\/themen\/?cat1=uebrige-wirtschaftspolitik\" class=\"mxm-post-tag related-post-tag\" data-tax=\"post_content_category\" data-term=\"uebrige-wirtschaftspolitik\">Wirtschaftspolitik<\/a>                    <\/div>\n                                    <\/div>\n                <div class=\"mxm-post-footer\">\n                    <div class=\"mxm-post-info\">\n                        <div class=\"mxm-post-author\">\n                            <p><a href=\"https:\/\/dievolkswirtschaft.ch\/de\/author\/matthias-leuthard\/\" class=\"related-p-authors\">Matthias Leuthard<\/a>, <a href=\"https:\/\/dievolkswirtschaft.ch\/de\/author\/prof-dr-lucas-bretschger\/\" class=\"related-p-authors\">Lucas Bretschger<\/a> | 13.08.26<\/p>\n                        <\/div>\n                    <\/div>\n                    <div class=\"mxm-post-bookmark\" data-id=\"222063\">\n                        <p><img decoding=\"async\" src=\"https:\/\/dievolkswirtschaft.ch\/wp-content\/themes\/maxomedia-starter-child\/assets\/images\/bookmark-default.svg\" alt=\"\"><\/p>\n                    <\/div>\n                <\/div>\n            <\/div>\n        <\/div>\n    <\/div>\n<\/div><div class=\"mxm-post-container\">\n    \n<!--  -->\n        <div class=\"mxm-post-wrapper\">\n        <div class=\"mxm-post-item\">\n            <div class=\"mxm-post-header\">\n                <div class=\"mxm-post-featured\">\n                    <a href=\"https:\/\/dievolkswirtschaft.ch\/de\/2026\/08\/welchen-foederalismus-fuer-die-schweiz\/\">\n                                                    <img loading=\"lazy\" decoding=\"async\" width=\"800\" height=\"431\" src=\"https:\/\/dievolkswirtschaft.ch\/content\/uploads\/2026\/07\/Mathys_368470585_web-1-1024x552.jpg\" class=\"attachment-large size-large wp-post-image\" alt=\"\" srcset=\"https:\/\/dievolkswirtschaft.ch\/content\/uploads\/2026\/07\/Mathys_368470585_web-1-1024x552.jpg 1024w, https:\/\/dievolkswirtschaft.ch\/content\/uploads\/2026\/07\/Mathys_368470585_web-1-300x162.jpg 300w, https:\/\/dievolkswirtschaft.ch\/content\/uploads\/2026\/07\/Mathys_368470585_web-1-768x414.jpg 768w, https:\/\/dievolkswirtschaft.ch\/content\/uploads\/2026\/07\/Mathys_368470585_web-1.jpg 1335w\" sizes=\"(max-width: 800px) 100vw, 800px\" \/>                                            <\/a>\n                <\/div>\n            <\/div>\n            <div class=\"mxm-post-body\">\n                <div class=\"mxm-post-title\">\n                    <a href=\"https:\/\/dievolkswirtschaft.ch\/de\/2026\/08\/welchen-foederalismus-fuer-die-schweiz\/\"><h4>Welchen F\u00f6deralismus f\u00fcr die Schweiz?<\/h4><\/a>\n                <\/div>\n                <div class=\"mxm-post-tags\">\n                                        <div class=\"tag-cloud\">\n                        <a href=\"https:\/\/dievolkswirtschaft.ch\/de\/themen\/?cat1=uebrige-wirtschaftspolitik\" class=\"mxm-post-tag related-post-tag\" data-tax=\"post_content_category\" data-term=\"uebrige-wirtschaftspolitik\">Wirtschaftspolitik<\/a>                    <\/div>\n                                    <\/div>\n                <div class=\"mxm-post-footer\">\n                    <div class=\"mxm-post-info\">\n                        <div class=\"mxm-post-author\">\n                            <p><a href=\"https:\/\/dievolkswirtschaft.ch\/de\/author\/laetitia-mathys\/\" class=\"related-p-authors\">Laetitia Mathys<\/a> | 05.08.26<\/p>\n                        <\/div>\n                    <\/div>\n                    <div class=\"mxm-post-bookmark\" data-id=\"221837\">\n                        <p><img decoding=\"async\" src=\"https:\/\/dievolkswirtschaft.ch\/wp-content\/themes\/maxomedia-starter-child\/assets\/images\/bookmark-default.svg\" alt=\"\"><\/p>\n                    <\/div>\n                <\/div>\n            <\/div>\n        <\/div>\n    <\/div>\n<\/div>\t\t\t\t\t<\/div>\n\t\t\t\t<\/div>\n\n\t\t\t\t<div class=\"mxm-posts-filtered-footer\">\n\t\t\t\t\t\n<div class=\"mxm-main-focus-pagination\">\n\n    <a \n        class=\"mxm-pagination-arrow start-arrow\" \n        style=\"padding:10px\"\n        data-page=\"1\" \n        data-cat1=\"\"\n        data-cat2=\"\">\n        <<\n    <\/a>\n\n    <a \n        class=\"mxm-pagination-arrow prev-arrow\" \n        style=\"padding:10px\"\n        data-page=\"1\" \n        data-cat1=\"\" \n        data-cat2=\"\" >\n        <\n    <\/a>\n\n    <span class=\"page-count\" style=\"padding:10px\">\n        Seite <span class=\"current-mxm-grid-page\">1<\/span> von <span class=\"max-mxm-grid-page\">338<\/span>    <\/span>\n\n    <a \n        class=\"mxm-pagination-arrow next-arrow\" \n        style=\"padding:10px\"\n        data-page=\"2\" \n        data-cat1=\"\" \n        data-cat2=\"\" >\n        >\n    <\/a>\n\n    <a \n        class=\"mxm-pagination-arrow end-arrow\" \n        style=\"padding:10px\"\n        data-page=\"338\" \n        data-cat1=\"\" \n        data-cat2=\"\">\n        >>\n    <\/a>\n<\/div>\t\t\t\t<\/div>\n\t\t\t<\/div>\n\t\t<\/div>\n\n\n\t\t\t\t<\/div>\n\t\t\t\t<\/div>\n\t\t\t\t\t<\/div>\n\t\t<\/div>\n\t\t\t\t\t<\/div>\n\t\t<\/section>\n\t\t\t\t<\/div>","protected":false},"excerpt":{"rendered":"<p>Home Alle Artikel #meistgelesen2022 Wirtschaftspolitik Die Volkswirtschaft \/ La Vie \u00e9conomique | 01.12.22 Der Schweizer Wohnraum ist in gutem Zustand Wirtschaftspolitik Yvonne Seiler Zimmermann, Gabrielle Wanzenried | 29.11.22 Vielf\u00e4ltige Handelspartner f\u00fcr die Schweiz International Claudio Wegm\u00fcller, Tobias Schmidiger | 23.11.22 Berufe im Detailhandel: Fit f\u00fcr die Zukunft Wirtschaftspolitik Sven Sievi | 15.11.22 Das KV im [&hellip;]<\/p>","protected":false},"author":2,"featured_media":0,"parent":0,"menu_order":0,"comment_status":"closed","ping_status":"closed","template":"","meta":{"_acf_changed":false,"om_disable_all_campaigns":false,"ep_exclude_from_search":false,"footnotes":""},"acf":[],"_links":{"self":[{"href":"https:\/\/dievolkswirtschaft.ch\/de\/wp-json\/wp\/v2\/pages\/178521"}],"collection":[{"href":"https:\/\/dievolkswirtschaft.ch\/de\/wp-json\/wp\/v2\/pages"}],"about":[{"href":"https:\/\/dievolkswirtschaft.ch\/de\/wp-json\/wp\/v2\/types\/page"}],"author":[{"embeddable":true,"href":"https:\/\/dievolkswirtschaft.ch\/de\/wp-json\/wp\/v2\/users\/2"}],"replies":[{"embeddable":true,"href":"https:\/\/dievolkswirtschaft.ch\/de\/wp-json\/wp\/v2\/comments?post=178521"}],"version-history":[{"count":5,"href":"https:\/\/dievolkswirtschaft.ch\/de\/wp-json\/wp\/v2\/pages\/178521\/revisions"}],"predecessor-version":[{"id":182450,"href":"https:\/\/dievolkswirtschaft.ch\/de\/wp-json\/wp\/v2\/pages\/178521\/revisions\/182450"}],"wp:attachment":[{"href":"https:\/\/dievolkswirtschaft.ch\/de\/wp-json\/wp\/v2\/media?parent=178521"}],"curies":[{"name":"wp","href":"https:\/\/api.w.org\/{rel}","templated":true}]}}