{"id":52,"date":"2021-11-02T10:45:50","date_gmt":"2021-11-02T10:45:50","guid":{"rendered":"https:\/\/dievolkswirtschaft.ch\/?page_id=52"},"modified":"2023-05-22T14:17:52","modified_gmt":"2023-05-22T12:17:52","slug":"home","status":"publish","type":"page","link":"https:\/\/dievolkswirtschaft.ch\/de\/","title":{"rendered":"Home"},"content":{"rendered":"\t\t<div data-elementor-type=\"wp-page\" data-elementor-id=\"52\" class=\"elementor elementor-52\" data-elementor-post-type=\"page\">\n\t\t\t\t\t\t<section class=\"elementor-section elementor-top-section elementor-element elementor-element-7a76adf elementor-section-full_width elementor-section-height-default elementor-section-height-default\" data-id=\"7a76adf\" data-element_type=\"section\">\n\t\t\t\t\t\t<div class=\"elementor-container elementor-column-gap-default\">\n\t\t\t\t\t<div class=\"elementor-column elementor-col-100 elementor-top-column elementor-element elementor-element-c6d2ef4\" data-id=\"c6d2ef4\" data-element_type=\"column\">\n\t\t\t<div class=\"elementor-widget-wrap elementor-element-populated\">\n\t\t\t\t\t\t<div class=\"elementor-element elementor-element-5b763fd elementor-widget elementor-widget-mxm-mxmhomeslider\" data-id=\"5b763fd\" data-element_type=\"widget\" data-widget_type=\"mxm-mxmhomeslider.default\">\n\t\t\t\t<div class=\"elementor-widget-container\">\n\t\t\t        \n<!--\n        Array\n(\n    [0] => Array\n        (\n            [id] => 218769\n            [type] => post\n        )\n\n    [1] => Array\n        (\n            [id] => 218819\n            [type] => post\n        )\n\n    [2] => Array\n        (\n            [id] => 219347\n            [type] => post\n        )\n\n    [3] => Array\n        (\n            [id] => 219568\n            [type] => post\n        )\n\n    [4] => Array\n        (\n            [id] => 216326\n            [type] => post\n        )\n\n    [5] => Array\n        (\n            [id] => 218745\n            [type] => post\n        )\n\n)\n        -->\n        <div class=\"mxm-home-slider\">\n            <div class=\"mxm-home-slider-wrapper\">\n                <div class=\"slide\">\n    <div class=\"slider-wrapper\">\n        <div class=\"mxm-post-thumbnail\">\n            <a href=\"https:\/\/dievolkswirtschaft.ch\/de\/2026\/04\/co2-abgaben-effizient-aber-ungerecht\/\"><img fetchpriority=\"high\" decoding=\"async\" width=\"800\" height=\"431\" src=\"https:\/\/dievolkswirtschaft.ch\/content\/uploads\/2026\/04\/Leuthard_538107792_web-1024x552.jpg\" class=\"attachment-large size-large wp-post-image\" alt=\"\" srcset=\"https:\/\/dievolkswirtschaft.ch\/content\/uploads\/2026\/04\/Leuthard_538107792_web-1024x552.jpg 1024w, https:\/\/dievolkswirtschaft.ch\/content\/uploads\/2026\/04\/Leuthard_538107792_web-300x162.jpg 300w, https:\/\/dievolkswirtschaft.ch\/content\/uploads\/2026\/04\/Leuthard_538107792_web-768x414.jpg 768w, https:\/\/dievolkswirtschaft.ch\/content\/uploads\/2026\/04\/Leuthard_538107792_web.jpg 1335w\" sizes=\"(max-width: 800px) 100vw, 800px\" \/><\/a>\n        <\/div>\n        <div class=\"mxm-post-content\">\n            <div class=\"mxm-post-tags\">\n                <a class=\"mxm-post-tag\" data-tax=\"post_content_subject\" data-term=\"klima\">Klima<\/a><a class=\"mxm-post-tag\" data-tax=\"post_content_subject\" data-term=\"umweltpolitik\">Umwelt<\/a><a class=\"mxm-post-tag\" data-tax=\"post_content_category\" data-term=\"uebrige-wirtschaftspolitik\">Wirtschaftspolitik<\/a>            <\/div>\n            <div class=\"mxm-post-title\">\n                <a href=\"https:\/\/dievolkswirtschaft.ch\/de\/2026\/04\/co2-abgaben-effizient-aber-ungerecht\/\">\n                    <h3>CO<sub>2<\/sub>-Abgaben: Effizient, aber ungerecht? <\/h3>\n                <\/a>\n            <\/div>\n\n            <div class=\"mxm-post-excerpt\">\n                <p>Die Schweiz setzt zur CO<sub>2<\/sub>-Reduktion zunehmend auf CO<sub>2<\/sub>-Steuern und Emissionshandel. Diese gelten als \u00f6konomisch effizient, stehen aber im Verdacht, ungerecht zu sein, weil sie \u00e4rmere Bev\u00f6lkerungsschichten relativ st\u00e4rker belasten. Stimmt das?<\/p>\n            <\/div>\n\n            <div class=\"mxm-post-footer\">\n                <div class=\"mxm-post-info\">\n                    <div class=\"mxm-post-author\">\n                        <div class=\"mxm-authors\">\n                            <a href=\"https:\/\/dievolkswirtschaft.ch\/de\/author\/matthias-leuthard\/\" class=\"related-p-authors\">Matthias Leuthard<\/a>                        <\/div>\n                        <div class=\"mxm-post-date\">\n                            <span class=\"v-line\">&nbsp;|<\/span>\n                            <p> 28.04.26<\/p>\n                        <\/div>\n                    <\/div>\n                    <div class=\"mxm-post-bookmark\" data-id=\"\">\n                        <p><img decoding=\"async\" src=\"https:\/\/dievolkswirtschaft.ch\/wp-content\/themes\/maxomedia-starter-child\/assets\/images\/bookmark-default.svg\" alt=\"\"><\/p>\n                    <\/div>\n                <\/div>\n            <\/div>\n        <\/div>\n    <\/div>\n<\/div><div class=\"slide\">\n    <div class=\"slider-wrapper\">\n        <div class=\"mxm-post-thumbnail\">\n            <a href=\"https:\/\/dievolkswirtschaft.ch\/de\/2026\/04\/demenz-wer-entscheidet-ueber-das-vermoegen\/\"><img decoding=\"async\" width=\"800\" height=\"431\" src=\"https:\/\/dievolkswirtschaft.ch\/content\/uploads\/2026\/04\/Hille_Hugenschmidt_253966480_web-1024x552.jpg\" class=\"attachment-large size-large wp-post-image\" alt=\"\" srcset=\"https:\/\/dievolkswirtschaft.ch\/content\/uploads\/2026\/04\/Hille_Hugenschmidt_253966480_web-1024x552.jpg 1024w, https:\/\/dievolkswirtschaft.ch\/content\/uploads\/2026\/04\/Hille_Hugenschmidt_253966480_web-300x162.jpg 300w, https:\/\/dievolkswirtschaft.ch\/content\/uploads\/2026\/04\/Hille_Hugenschmidt_253966480_web-768x414.jpg 768w, https:\/\/dievolkswirtschaft.ch\/content\/uploads\/2026\/04\/Hille_Hugenschmidt_253966480_web-1536x828.jpg 1536w, https:\/\/dievolkswirtschaft.ch\/content\/uploads\/2026\/04\/Hille_Hugenschmidt_253966480_web-2048x1105.jpg 2048w\" sizes=\"(max-width: 800px) 100vw, 800px\" \/><\/a>\n        <\/div>\n        <div class=\"mxm-post-content\">\n            <div class=\"mxm-post-tags\">\n                <a class=\"mxm-post-tag\" data-tax=\"post_content_subject\" data-term=\"demografie\">Demografie<\/a><a class=\"mxm-post-tag\" data-tax=\"post_content_subject\" data-term=\"geld\">Geld<\/a><a class=\"mxm-post-tag\" data-tax=\"post_content_category\" data-term=\"gesellschaft\">Gesellschaft<\/a>            <\/div>\n            <div class=\"mxm-post-title\">\n                <a href=\"https:\/\/dievolkswirtschaft.ch\/de\/2026\/04\/demenz-wer-entscheidet-ueber-das-vermoegen\/\">\n                    <h3>Demenz: Wer entscheidet \u00fcber das Verm\u00f6gen? <\/h3>\n                <\/a>\n            <\/div>\n\n            <div class=\"mxm-post-excerpt\">\n                <p>Demenz betrifft Menschen mit kleinen wie grossen Ersparnissen. Wenn ihre Urteilsf\u00e4higkeit nachl\u00e4sst, ist oft unklar, wer \u00fcber ihr Geld entscheiden darf. F\u00fcr Finanzinstitute bedeutet das einen heiklen Spagat zwischen Schutz, Selbstbestimmung und Bankgeheimnis.<\/p>\n            <\/div>\n\n            <div class=\"mxm-post-footer\">\n                <div class=\"mxm-post-info\">\n                    <div class=\"mxm-post-author\">\n                        <div class=\"mxm-authors\">\n                            <a href=\"https:\/\/dievolkswirtschaft.ch\/de\/author\/heinrich-hugenschmidt\/\" class=\"related-p-authors\">Heinrich Hugenschmidt<\/a>, <a href=\"https:\/\/dievolkswirtschaft.ch\/de\/author\/anina-hille\/\" class=\"related-p-authors\">Anina Hille<\/a>                        <\/div>\n                        <div class=\"mxm-post-date\">\n                            <span class=\"v-line\">&nbsp;|<\/span>\n                            <p> 27.04.26<\/p>\n                        <\/div>\n                    <\/div>\n                    <div class=\"mxm-post-bookmark\" data-id=\"\">\n                        <p><img decoding=\"async\" src=\"https:\/\/dievolkswirtschaft.ch\/wp-content\/themes\/maxomedia-starter-child\/assets\/images\/bookmark-default.svg\" alt=\"\"><\/p>\n                    <\/div>\n                <\/div>\n            <\/div>\n        <\/div>\n    <\/div>\n<\/div><div class=\"slide\">\n    <div class=\"slider-wrapper\">\n        <div class=\"mxm-post-thumbnail\">\n            <a href=\"https:\/\/dievolkswirtschaft.ch\/de\/2026\/04\/luecken-im-digitalen-wissen-bei-stellensuchenden-wer-braucht-unterstuetzung\/\"><img decoding=\"async\" width=\"800\" height=\"431\" src=\"https:\/\/dievolkswirtschaft.ch\/content\/uploads\/2026\/04\/Wunsch_369797436_web-1024x552.jpg\" class=\"attachment-large size-large wp-post-image\" alt=\"\" srcset=\"https:\/\/dievolkswirtschaft.ch\/content\/uploads\/2026\/04\/Wunsch_369797436_web-1024x552.jpg 1024w, https:\/\/dievolkswirtschaft.ch\/content\/uploads\/2026\/04\/Wunsch_369797436_web-300x162.jpg 300w, https:\/\/dievolkswirtschaft.ch\/content\/uploads\/2026\/04\/Wunsch_369797436_web-768x414.jpg 768w, https:\/\/dievolkswirtschaft.ch\/content\/uploads\/2026\/04\/Wunsch_369797436_web.jpg 1335w\" sizes=\"(max-width: 800px) 100vw, 800px\" \/><\/a>\n        <\/div>\n        <div class=\"mxm-post-content\">\n            <div class=\"mxm-post-tags\">\n                <a class=\"mxm-post-tag\" data-tax=\"post_content_subject\" data-term=\"arbeit\">Arbeit<\/a><a class=\"mxm-post-tag\" data-tax=\"post_content_subject\" data-term=\"bildung\">Bildung<\/a><a class=\"mxm-post-tag\" data-tax=\"post_content_subject\" data-term=\"digital\">Digital<\/a><a class=\"mxm-post-tag\" data-tax=\"post_content_category\" data-term=\"arbeitsmarkt\">Arbeitsmarkt<\/a>            <\/div>\n            <div class=\"mxm-post-title\">\n                <a href=\"https:\/\/dievolkswirtschaft.ch\/de\/2026\/04\/luecken-im-digitalen-wissen-bei-stellensuchenden-wer-braucht-unterstuetzung\/\">\n                    <h3>L\u00fccken im digitalen Wissen bei Stellensuchenden: Wer braucht Unterst\u00fctzung? <\/h3>\n                <\/a>\n            <\/div>\n\n            <div class=\"mxm-post-excerpt\">\n                <p>Digitale Kompetenzen werden in nahezu allen Berufen immer wichtiger. Doch bei vielen Stellensuchenden sind diese unzureichend. Frauen und \u00c4ltere sind dabei am meisten betroffen.<\/p>\n            <\/div>\n\n            <div class=\"mxm-post-footer\">\n                <div class=\"mxm-post-info\">\n                    <div class=\"mxm-post-author\">\n                        <div class=\"mxm-authors\">\n                            <a href=\"https:\/\/dievolkswirtschaft.ch\/de\/author\/prof-dr-conny-wunsch\/\" class=\"related-p-authors\">Conny Wunsch<\/a>                        <\/div>\n                        <div class=\"mxm-post-date\">\n                            <span class=\"v-line\">&nbsp;|<\/span>\n                            <p> 23.04.26<\/p>\n                        <\/div>\n                    <\/div>\n                    <div class=\"mxm-post-bookmark\" data-id=\"\">\n                        <p><img decoding=\"async\" src=\"https:\/\/dievolkswirtschaft.ch\/wp-content\/themes\/maxomedia-starter-child\/assets\/images\/bookmark-default.svg\" alt=\"\"><\/p>\n                    <\/div>\n                <\/div>\n            <\/div>\n        <\/div>\n    <\/div>\n<\/div><div class=\"slide\">\n    <div class=\"slider-wrapper\">\n        <div class=\"mxm-post-thumbnail\">\n            <a href=\"https:\/\/dievolkswirtschaft.ch\/de\/2026\/04\/wie-gut-kennen-sie-oesterreichs-wirtschaft-und-politik\/\"><img loading=\"lazy\" decoding=\"async\" width=\"800\" height=\"431\" src=\"https:\/\/dievolkswirtschaft.ch\/content\/uploads\/2026\/04\/Schwerpunktquiz_Oesterreich_DE-1024x552.jpg\" class=\"attachment-large size-large wp-post-image\" alt=\"\" srcset=\"https:\/\/dievolkswirtschaft.ch\/content\/uploads\/2026\/04\/Schwerpunktquiz_Oesterreich_DE-1024x552.jpg 1024w, https:\/\/dievolkswirtschaft.ch\/content\/uploads\/2026\/04\/Schwerpunktquiz_Oesterreich_DE-300x162.jpg 300w, https:\/\/dievolkswirtschaft.ch\/content\/uploads\/2026\/04\/Schwerpunktquiz_Oesterreich_DE-768x414.jpg 768w, https:\/\/dievolkswirtschaft.ch\/content\/uploads\/2026\/04\/Schwerpunktquiz_Oesterreich_DE.jpg 1335w\" sizes=\"(max-width: 800px) 100vw, 800px\" \/><\/a>\n        <\/div>\n        <div class=\"mxm-post-content\">\n            <div class=\"mxm-post-tags\">\n                <a class=\"mxm-post-tag\" data-tax=\"post_content_subject\" data-term=\"international\">International<\/a><a class=\"mxm-post-tag\" data-tax=\"post_content_category\" data-term=\"uebrige-wirtschaftspolitik\">Wirtschaftspolitik<\/a>            <\/div>\n            <div class=\"mxm-post-title\">\n                <a href=\"https:\/\/dievolkswirtschaft.ch\/de\/2026\/04\/wie-gut-kennen-sie-oesterreichs-wirtschaft-und-politik\/\">\n                    <h3>Wie gut kennen Sie \u00d6sterreichs Wirtschaft und Politik? <\/h3>\n                <\/a>\n            <\/div>\n\n            <div class=\"mxm-post-excerpt\">\n                <p><\/p>\n            <\/div>\n\n            <div class=\"mxm-post-footer\">\n                <div class=\"mxm-post-info\">\n                    <div class=\"mxm-post-author\">\n                        <div class=\"mxm-authors\">\n                                                    <\/div>\n                        <div class=\"mxm-post-date\">\n                            <span class=\"v-line\">&nbsp;|<\/span>\n                            <p> 22.04.26<\/p>\n                        <\/div>\n                    <\/div>\n                    <div class=\"mxm-post-bookmark\" data-id=\"\">\n                        <p><img decoding=\"async\" src=\"https:\/\/dievolkswirtschaft.ch\/wp-content\/themes\/maxomedia-starter-child\/assets\/images\/bookmark-default.svg\" alt=\"\"><\/p>\n                    <\/div>\n                <\/div>\n            <\/div>\n        <\/div>\n    <\/div>\n<\/div><div class=\"slide\">\n    <div class=\"slider-wrapper\">\n        <div class=\"mxm-post-thumbnail\">\n            <a href=\"https:\/\/dievolkswirtschaft.ch\/de\/2026\/04\/arbeitskraeftemangel-wie-schweizer-unternehmen-ihn-einschaetzen-und-angehen\/\"><img loading=\"lazy\" decoding=\"async\" width=\"800\" height=\"431\" src=\"https:\/\/dievolkswirtschaft.ch\/content\/uploads\/2026\/04\/Abberger_456899608_web-1024x552.jpg\" class=\"attachment-large size-large wp-post-image\" alt=\"\" srcset=\"https:\/\/dievolkswirtschaft.ch\/content\/uploads\/2026\/04\/Abberger_456899608_web-1024x552.jpg 1024w, https:\/\/dievolkswirtschaft.ch\/content\/uploads\/2026\/04\/Abberger_456899608_web-300x162.jpg 300w, https:\/\/dievolkswirtschaft.ch\/content\/uploads\/2026\/04\/Abberger_456899608_web-768x414.jpg 768w, https:\/\/dievolkswirtschaft.ch\/content\/uploads\/2026\/04\/Abberger_456899608_web.jpg 1335w\" sizes=\"(max-width: 800px) 100vw, 800px\" \/><\/a>\n        <\/div>\n        <div class=\"mxm-post-content\">\n            <div class=\"mxm-post-tags\">\n                <a class=\"mxm-post-tag\" data-tax=\"post_content_subject\" data-term=\"arbeit\">Arbeit<\/a><a class=\"mxm-post-tag\" data-tax=\"post_content_subject\" data-term=\"unternehmen\">Unternehmen<\/a><a class=\"mxm-post-tag\" data-tax=\"post_content_category\" data-term=\"arbeitsmarkt\">Arbeitsmarkt<\/a>            <\/div>\n            <div class=\"mxm-post-title\">\n                <a href=\"https:\/\/dievolkswirtschaft.ch\/de\/2026\/04\/arbeitskraeftemangel-wie-schweizer-unternehmen-ihn-einschaetzen-und-angehen\/\">\n                    <h3>Arbeitskr\u00e4ftemangel: Wie Schweizer Unternehmen ihn einsch\u00e4tzen und angehen <\/h3>\n                <\/a>\n            <\/div>\n\n            <div class=\"mxm-post-excerpt\">\n                <p>In den letzten Jahren ging der Arbeitskr\u00e4ftemangel in der Schweiz etwas zur\u00fcck. Doch aufgrund der Alterung der Bev\u00f6lkerung bleibt das Thema relevant. Eine Studie zeigt, wie Schweizer Unternehmen die Situation einsch\u00e4tzen und welche Gegenmassnahmen sie ergreifen.<\/p>\n            <\/div>\n\n            <div class=\"mxm-post-footer\">\n                <div class=\"mxm-post-info\">\n                    <div class=\"mxm-post-author\">\n                        <div class=\"mxm-authors\">\n                            <a href=\"https:\/\/dievolkswirtschaft.ch\/de\/author\/klaus-abberger\/\" class=\"related-p-authors\">Klaus Abberger<\/a>, <a href=\"https:\/\/dievolkswirtschaft.ch\/de\/author\/nicolas-marti\/\" class=\"related-p-authors\">Nicolas Marti<\/a>, <a href=\"https:\/\/dievolkswirtschaft.ch\/de\/author\/michael-siegenthaler\/\" class=\"related-p-authors\">Michael Siegenthaler<\/a>, <a href=\"https:\/\/dievolkswirtschaft.ch\/de\/author\/stefanie-siegrist\/\" class=\"related-p-authors\">Stefanie Siegrist<\/a>                        <\/div>\n                        <div class=\"mxm-post-date\">\n                            <span class=\"v-line\">&nbsp;|<\/span>\n                            <p> 22.04.26<\/p>\n                        <\/div>\n                    <\/div>\n                    <div class=\"mxm-post-bookmark\" data-id=\"\">\n                        <p><img decoding=\"async\" src=\"https:\/\/dievolkswirtschaft.ch\/wp-content\/themes\/maxomedia-starter-child\/assets\/images\/bookmark-default.svg\" alt=\"\"><\/p>\n                    <\/div>\n                <\/div>\n            <\/div>\n        <\/div>\n    <\/div>\n<\/div><div class=\"slide\">\n    <div class=\"slider-wrapper\">\n        <div class=\"mxm-post-thumbnail\">\n            <a href=\"https:\/\/dievolkswirtschaft.ch\/de\/2026\/04\/nachhaltige-entwicklung-ist-mehr-als-ein-politisches-schlagwort\/\"><img loading=\"lazy\" decoding=\"async\" width=\"800\" height=\"431\" src=\"https:\/\/dievolkswirtschaft.ch\/content\/uploads\/2026\/04\/Sieber_Gasser_698313404_web-1024x552.jpg\" class=\"attachment-large size-large wp-post-image\" alt=\"\" srcset=\"https:\/\/dievolkswirtschaft.ch\/content\/uploads\/2026\/04\/Sieber_Gasser_698313404_web-1024x552.jpg 1024w, https:\/\/dievolkswirtschaft.ch\/content\/uploads\/2026\/04\/Sieber_Gasser_698313404_web-300x162.jpg 300w, https:\/\/dievolkswirtschaft.ch\/content\/uploads\/2026\/04\/Sieber_Gasser_698313404_web-768x414.jpg 768w, https:\/\/dievolkswirtschaft.ch\/content\/uploads\/2026\/04\/Sieber_Gasser_698313404_web-1536x828.jpg 1536w, https:\/\/dievolkswirtschaft.ch\/content\/uploads\/2026\/04\/Sieber_Gasser_698313404_web-2048x1104.jpg 2048w\" sizes=\"(max-width: 800px) 100vw, 800px\" \/><\/a>\n        <\/div>\n        <div class=\"mxm-post-content\">\n            <div class=\"mxm-post-tags\">\n                <a class=\"mxm-post-tag\" data-tax=\"post_content_subject\" data-term=\"recht\">Recht<\/a><a class=\"mxm-post-tag\" data-tax=\"post_content_category\" data-term=\"uebrige-wirtschaftspolitik\">Wirtschaftspolitik<\/a>            <\/div>\n            <div class=\"mxm-post-title\">\n                <a href=\"https:\/\/dievolkswirtschaft.ch\/de\/2026\/04\/nachhaltige-entwicklung-ist-mehr-als-ein-politisches-schlagwort\/\">\n                    <h3>Nachhaltige Entwicklung ist mehr als ein politisches Schlagwort <\/h3>\n                <\/a>\n            <\/div>\n\n            <div class=\"mxm-post-excerpt\">\n                <p>Nachhaltige Entwicklung hat den Ruf eines inhaltsleeren politischen Schlagworts. Tats\u00e4chlich ist sie im Schweizer Recht erstaunlich klar verankert: Bund und Kantone m\u00fcssen gew\u00e4hrleisten, dass wirtschaftliche, \u00f6kologische und soziale Interessen langfristig im Gleichgewicht bleiben.<\/p>\n            <\/div>\n\n            <div class=\"mxm-post-footer\">\n                <div class=\"mxm-post-info\">\n                    <div class=\"mxm-post-author\">\n                        <div class=\"mxm-authors\">\n                            <a href=\"https:\/\/dievolkswirtschaft.ch\/de\/author\/charlotte-sieber-gasser\/\" class=\"related-p-authors\">Charlotte Sieber-Gasser<\/a>, <a href=\"https:\/\/dievolkswirtschaft.ch\/de\/author\/rika-koch\/\" class=\"related-p-authors\">Rika Koch<\/a>                        <\/div>\n                        <div class=\"mxm-post-date\">\n                            <span class=\"v-line\">&nbsp;|<\/span>\n                            <p> 21.04.26<\/p>\n                        <\/div>\n                    <\/div>\n                    <div class=\"mxm-post-bookmark\" data-id=\"\">\n                        <p><img decoding=\"async\" src=\"https:\/\/dievolkswirtschaft.ch\/wp-content\/themes\/maxomedia-starter-child\/assets\/images\/bookmark-default.svg\" alt=\"\"><\/p>\n                    <\/div>\n                <\/div>\n            <\/div>\n        <\/div>\n    <\/div>\n<\/div>            <\/div>\n        <\/div>\n        \t\t<\/div>\n\t\t\t\t<\/div>\n\t\t\t\t\t<\/div>\n\t\t<\/div>\n\t\t\t\t\t<\/div>\n\t\t<\/section>\n\t\t\t\t<section class=\"elementor-section elementor-top-section elementor-element elementor-element-477c242 elementor-section-boxed elementor-section-height-default elementor-section-height-default\" data-id=\"477c242\" data-element_type=\"section\">\n\t\t\t\t\t\t<div class=\"elementor-container elementor-column-gap-default\">\n\t\t\t\t\t<div class=\"elementor-column elementor-col-100 elementor-top-column elementor-element elementor-element-aa02038\" data-id=\"aa02038\" data-element_type=\"column\">\n\t\t\t<div class=\"elementor-widget-wrap elementor-element-populated\">\n\t\t\t\t\t\t<div class=\"elementor-element elementor-element-967bf26 elementor-widget elementor-widget-mxm-home-schwerpunkte\" data-id=\"967bf26\" data-element_type=\"widget\" data-widget_type=\"mxm-home-schwerpunkte.default\">\n\t\t\t\t<div class=\"elementor-widget-container\">\n\t\t\t\n        <div class=\"mxm-posts-filtered-container\">\n            <div class=\"mxm-posts-filtered-wrapper\">\n\n                <div class=\"mxm-posts-filtered-title by-tax\">\n                    <a href=\"\/de\/schwerpunkte\"> <p class=\"mxm-posts-by-tax-title\">Schwerpunkt <span class=\"go-to-category\"> > \u00dcbersicht<\/span><\/p><\/a>\n                <\/div>\n                <div class=\"mxm-posts-filtered-body\">\n                    <div class=\"mxm-posts-grid\">\n\t\t\t\t\t\t\n\t\t\t\t\t\t\t<div class=\"mxm-post-container\">\n    <div class=\"mxm-post-wrapper\">\n        <div class=\"mxm-post-item mxm-post-schwerpunkte\">\n            <div class=\"mxm-post-header\">\n                <div class=\"mxm-post-featured\">\n                    <a class=\"static\" href=\"https:\/\/dievolkswirtschaft.ch\/de\/schwerpunkte\/oesterreich-ueberrascht\/\">\n                        <img decoding=\"async\" src=\"https:\/\/dievolkswirtschaft.ch\/content\/uploads\/2026\/04\/Oesterreich-Ueberrascht_1300x720-1024x567.jpg\" alt=\"\u00d6sterreich \u00fcberrascht\">\n                    <\/a>\n                                            <a href=\"https:\/\/dievolkswirtschaft.ch\/de\/schwerpunkte\/oesterreich-ueberrascht\/\" class=\"animated img-wrapper\">\n                            <img decoding=\"async\" src=\"https:\/\/dievolkswirtschaft.ch\/content\/uploads\/2026\/04\/osterreichberraschtbewegt-verkleinert.gif\" alt=\"\u00d6sterreich \u00fcberrascht\" \/>\n                        <\/a>\n                                    <\/div>\n            <\/div>\n            <div class=\"mxm-post-body\">\n                <div class=\"mxm-post-title\">\n                    <a href=\"https:\/\/dievolkswirtschaft.ch\/de\/schwerpunkte\/oesterreich-ueberrascht\/\"><h4>\u00d6sterreich \u00fcberrascht<\/h4><\/a>\n                <\/div>\n                <div class=\"mxm-post-tags\">\n                    <a href=\"https:\/\/dievolkswirtschaft.ch\/de\/schwerpunkt\" class=\"mxm-post-tag related-post-tag\" data-tax=\"post_content_category\">Schwerpunkt<\/a>                <\/div>\n                <div class=\"mxm-post-footer\">\n                    <div class=\"mxm-post-info\">\n                        <div class=\"mxm-post-author\">\n                            <p>14.04.26<\/p>\n                        <\/div>\n                    <\/div>\n                <\/div>\n            <\/div>\n        <\/div>\n    <\/div>\n<\/div>\t\t\t\t\t\t\n\t\t\t\t\t\t\t<div class=\"mxm-post-container\">\n    <div class=\"mxm-post-wrapper\">\n        <div class=\"mxm-post-item mxm-post-schwerpunkte\">\n            <div class=\"mxm-post-header\">\n                <div class=\"mxm-post-featured\">\n                    <a class=\"static\" href=\"https:\/\/dievolkswirtschaft.ch\/de\/schwerpunkte\/wohnen-zwischen-markt-und-staat\/\">\n                        <img decoding=\"async\" src=\"https:\/\/dievolkswirtschaft.ch\/content\/uploads\/2026\/03\/Wohnen_1300x720-1024x567.jpg\" alt=\"Wohnen: Zwischen Markt und Staat\">\n                    <\/a>\n                                            <a href=\"https:\/\/dievolkswirtschaft.ch\/de\/schwerpunkte\/wohnen-zwischen-markt-und-staat\/\" class=\"animated img-wrapper\">\n                            <img decoding=\"async\" src=\"https:\/\/dievolkswirtschaft.ch\/content\/uploads\/2026\/03\/Wohnen-ell-ohneBalken-converted.gif\" alt=\"Wohnen: Zwischen Markt und Staat\" \/>\n                        <\/a>\n                                    <\/div>\n            <\/div>\n            <div class=\"mxm-post-body\">\n                <div class=\"mxm-post-title\">\n                    <a href=\"https:\/\/dievolkswirtschaft.ch\/de\/schwerpunkte\/wohnen-zwischen-markt-und-staat\/\"><h4>Wohnen: Zwischen Markt und Staat<\/h4><\/a>\n                <\/div>\n                <div class=\"mxm-post-tags\">\n                    <a href=\"https:\/\/dievolkswirtschaft.ch\/de\/schwerpunkt\" class=\"mxm-post-tag related-post-tag\" data-tax=\"post_content_category\">Schwerpunkt<\/a>                <\/div>\n                <div class=\"mxm-post-footer\">\n                    <div class=\"mxm-post-info\">\n                        <div class=\"mxm-post-author\">\n                            <p>10.03.26<\/p>\n                        <\/div>\n                    <\/div>\n                <\/div>\n            <\/div>\n        <\/div>\n    <\/div>\n<\/div>\t\t\t\t\t\t\n\t\t\t\t\t\t\t<div class=\"mxm-post-container\">\n    <div class=\"mxm-post-wrapper\">\n        <div class=\"mxm-post-item mxm-post-schwerpunkte\">\n            <div class=\"mxm-post-header\">\n                <div class=\"mxm-post-featured\">\n                    <a class=\"static\" href=\"https:\/\/dievolkswirtschaft.ch\/de\/schwerpunkte\/wettbewerb-nervt-und-tut-gut\/\">\n                        <img decoding=\"async\" src=\"https:\/\/dievolkswirtschaft.ch\/content\/uploads\/2026\/01\/wettbewerb-Hero-Slider-1024x567.jpg\" alt=\"Wettbewerb nervt. Und tut gut\">\n                    <\/a>\n                                            <a href=\"https:\/\/dievolkswirtschaft.ch\/de\/schwerpunkte\/wettbewerb-nervt-und-tut-gut\/\" class=\"animated img-wrapper\">\n                            <img decoding=\"async\" src=\"https:\/\/dievolkswirtschaft.ch\/content\/uploads\/2026\/01\/wettbewerb-Hero-Slider.gif\" alt=\"Wettbewerb nervt. Und tut gut\" \/>\n                        <\/a>\n                                    <\/div>\n            <\/div>\n            <div class=\"mxm-post-body\">\n                <div class=\"mxm-post-title\">\n                    <a href=\"https:\/\/dievolkswirtschaft.ch\/de\/schwerpunkte\/wettbewerb-nervt-und-tut-gut\/\"><h4>Wettbewerb nervt. Und tut gut<\/h4><\/a>\n                <\/div>\n                <div class=\"mxm-post-tags\">\n                    <a href=\"https:\/\/dievolkswirtschaft.ch\/de\/schwerpunkt\" class=\"mxm-post-tag related-post-tag\" data-tax=\"post_content_category\">Schwerpunkt<\/a>                <\/div>\n                <div class=\"mxm-post-footer\">\n                    <div class=\"mxm-post-info\">\n                        <div class=\"mxm-post-author\">\n                            <p>29.01.26<\/p>\n                        <\/div>\n                    <\/div>\n                <\/div>\n            <\/div>\n        <\/div>\n    <\/div>\n<\/div>\t\t\t\t\t\t                    <\/div>\n                <\/div>\n            <\/div>\n        <\/div>\n\n\n\t\t\t\t<\/div>\n\t\t\t\t<\/div>\n\t\t\t\t<div class=\"elementor-element elementor-element-acfd8cc elementor-widget elementor-widget-mxm-home-themen\" data-id=\"acfd8cc\" data-element_type=\"widget\" data-widget_type=\"mxm-home-themen.default\">\n\t\t\t\t<div class=\"elementor-widget-container\">\n\t\t\t\n        <div class=\"mxm-posts-filtered-container themen___\">\n            <div class=\"mxm-posts-filtered-wrapper\">\n\n                <div class=\"mxm-posts-filtered-body mxm-posts-filtered\">\n                    <div class=\"mxm-posts-grid\">\n                        \n                            <div class=\"mxm-posts-filtered-title by-tax\">\n                                <a href=\"\/de\/themen\">\n                                    <p class=\"mxm-posts-by-tax-title\">Themen<span class=\"go-to-category\"> >\n                                            \u00dcbersicht<\/span><\/p>\n                                <\/a>\n                            <\/div>\n\n                            <div class=\"mxm-post-container\">\n    \n<!--  -->\n        <div class=\"mxm-post-wrapper\">\n        <div class=\"mxm-post-item\">\n            <div class=\"mxm-post-header\">\n                <div class=\"mxm-post-featured\">\n                    <a href=\"https:\/\/dievolkswirtschaft.ch\/de\/2026\/04\/co2-abgaben-effizient-aber-ungerecht\/\">\n                                                    <img fetchpriority=\"high\" decoding=\"async\" width=\"800\" height=\"431\" src=\"https:\/\/dievolkswirtschaft.ch\/content\/uploads\/2026\/04\/Leuthard_538107792_web-1024x552.jpg\" class=\"attachment-large size-large wp-post-image\" alt=\"\" srcset=\"https:\/\/dievolkswirtschaft.ch\/content\/uploads\/2026\/04\/Leuthard_538107792_web-1024x552.jpg 1024w, https:\/\/dievolkswirtschaft.ch\/content\/uploads\/2026\/04\/Leuthard_538107792_web-300x162.jpg 300w, https:\/\/dievolkswirtschaft.ch\/content\/uploads\/2026\/04\/Leuthard_538107792_web-768x414.jpg 768w, https:\/\/dievolkswirtschaft.ch\/content\/uploads\/2026\/04\/Leuthard_538107792_web.jpg 1335w\" sizes=\"(max-width: 800px) 100vw, 800px\" \/>                                            <\/a>\n                <\/div>\n            <\/div>\n            <div class=\"mxm-post-body\">\n                <div class=\"mxm-post-title\">\n                    <a href=\"https:\/\/dievolkswirtschaft.ch\/de\/2026\/04\/co2-abgaben-effizient-aber-ungerecht\/\"><h4>CO<sub>2<\/sub>-Abgaben: Effizient, aber ungerecht?<\/h4><\/a>\n                <\/div>\n                <div class=\"mxm-post-tags\">\n                                        <div class=\"tag-cloud\">\n                        <a href=\"https:\/\/dievolkswirtschaft.ch\/de\/themen\/?cat1=uebrige-wirtschaftspolitik\" class=\"mxm-post-tag related-post-tag\" data-tax=\"post_content_category\" data-term=\"uebrige-wirtschaftspolitik\">Wirtschaftspolitik<\/a>                    <\/div>\n                                    <\/div>\n                <div class=\"mxm-post-footer\">\n                    <div class=\"mxm-post-info\">\n                        <div class=\"mxm-post-author\">\n                            <p><a href=\"https:\/\/dievolkswirtschaft.ch\/de\/author\/matthias-leuthard\/\" class=\"related-p-authors\">Matthias Leuthard<\/a> | 28.04.26<\/p>\n                        <\/div>\n                    <\/div>\n                    <div class=\"mxm-post-bookmark\" data-id=\"218769\">\n                        <p><img decoding=\"async\" src=\"https:\/\/dievolkswirtschaft.ch\/wp-content\/themes\/maxomedia-starter-child\/assets\/images\/bookmark-default.svg\" alt=\"\"><\/p>\n                    <\/div>\n                <\/div>\n            <\/div>\n        <\/div>\n    <\/div>\n<\/div>                        \n                            <div class=\"mxm-posts-filtered-title by-tax\">\n                                <a href=\"\/de\/themen\">\n                                    <p class=\"mxm-posts-by-tax-title\">Themen<span class=\"go-to-category\"> >\n                                            \u00dcbersicht<\/span><\/p>\n                                <\/a>\n                            <\/div>\n\n                            <div class=\"mxm-post-container\">\n    \n<!--  -->\n        <div class=\"mxm-post-wrapper\">\n        <div class=\"mxm-post-item\">\n            <div class=\"mxm-post-header\">\n                <div class=\"mxm-post-featured\">\n                    <a href=\"https:\/\/dievolkswirtschaft.ch\/de\/2026\/04\/demenz-wer-entscheidet-ueber-das-vermoegen\/\">\n                                                    <img decoding=\"async\" width=\"800\" height=\"431\" src=\"https:\/\/dievolkswirtschaft.ch\/content\/uploads\/2026\/04\/Hille_Hugenschmidt_253966480_web-1024x552.jpg\" class=\"attachment-large size-large wp-post-image\" alt=\"\" srcset=\"https:\/\/dievolkswirtschaft.ch\/content\/uploads\/2026\/04\/Hille_Hugenschmidt_253966480_web-1024x552.jpg 1024w, https:\/\/dievolkswirtschaft.ch\/content\/uploads\/2026\/04\/Hille_Hugenschmidt_253966480_web-300x162.jpg 300w, https:\/\/dievolkswirtschaft.ch\/content\/uploads\/2026\/04\/Hille_Hugenschmidt_253966480_web-768x414.jpg 768w, https:\/\/dievolkswirtschaft.ch\/content\/uploads\/2026\/04\/Hille_Hugenschmidt_253966480_web-1536x828.jpg 1536w, https:\/\/dievolkswirtschaft.ch\/content\/uploads\/2026\/04\/Hille_Hugenschmidt_253966480_web-2048x1105.jpg 2048w\" sizes=\"(max-width: 800px) 100vw, 800px\" \/>                                            <\/a>\n                <\/div>\n            <\/div>\n            <div class=\"mxm-post-body\">\n                <div class=\"mxm-post-title\">\n                    <a href=\"https:\/\/dievolkswirtschaft.ch\/de\/2026\/04\/demenz-wer-entscheidet-ueber-das-vermoegen\/\"><h4>Demenz: Wer entscheidet \u00fcber das Verm\u00f6gen?<\/h4><\/a>\n                <\/div>\n                <div class=\"mxm-post-tags\">\n                                        <div class=\"tag-cloud\">\n                        <a href=\"https:\/\/dievolkswirtschaft.ch\/de\/themen\/?cat1=gesellschaft\" class=\"mxm-post-tag related-post-tag\" data-tax=\"post_content_category\" data-term=\"gesellschaft\">Gesellschaft<\/a>                    <\/div>\n                                    <\/div>\n                <div class=\"mxm-post-footer\">\n                    <div class=\"mxm-post-info\">\n                        <div class=\"mxm-post-author\">\n                            <p><a href=\"https:\/\/dievolkswirtschaft.ch\/de\/author\/heinrich-hugenschmidt\/\" class=\"related-p-authors\">Heinrich Hugenschmidt<\/a>, <a href=\"https:\/\/dievolkswirtschaft.ch\/de\/author\/anina-hille\/\" class=\"related-p-authors\">Anina Hille<\/a> | 27.04.26<\/p>\n                        <\/div>\n                    <\/div>\n                    <div class=\"mxm-post-bookmark\" data-id=\"218819\">\n                        <p><img decoding=\"async\" src=\"https:\/\/dievolkswirtschaft.ch\/wp-content\/themes\/maxomedia-starter-child\/assets\/images\/bookmark-default.svg\" alt=\"\"><\/p>\n                    <\/div>\n                <\/div>\n            <\/div>\n        <\/div>\n    <\/div>\n<\/div>                                                \n<style>\n                            @media (max-width: 1199px) {\n                                .themen___ .mxm-posts-grid .mxm-posts-filtered-recommendations {\n                                    grid-column: 1 \/ -1;\n                                }\n                            }\n                        <\/style>\n                        <div class=\"mxm-posts-filtered-recommendations\">\n                            <div class=\"recommendations-wrapper\">\n\n                                <div class=\"row\">\n                                    <div class=\"col\">\n                                        <div class=\"tabs\">\n\n                                            <div class=\"tab\">\n                                                <input type=\"checkbox\" id=\"rd1\" name=\"rd\" checked>\n                                                <label class=\"tab-label\"\n                                                    for=\"rd1\">Meistgelesen heute<\/label>\n                                                <div class=\"tab-content\">\n                                                    <div class=\"mxm-posts-popular\">\n                                                                                                                    <div class=\"popular-item\" data-if=\"216326\">\n                                                                <div class=\"left\">\n                                                                    <div class=\"key\">1<\/div>\n                                                                <\/div>\n                                                                <div class=\"right\">\n                                                                    <div class=\"tags\">\n                                                                        <a href=\"https:\/\/dievolkswirtschaft.ch\/de\/themen\/?cat1=arbeitsmarkt\" class=\"mxm-post-tag\" data-tax=\"post_content_category\" data-term=\"arbeitsmarkt\">Arbeitsmarkt<\/a>                                                                    <\/div>\n                                                                    <div class=\"title\">\n                                                                        <a href=\"https:\/\/dievolkswirtschaft.ch\/de\/2026\/04\/arbeitskraeftemangel-wie-schweizer-unternehmen-ihn-einschaetzen-und-angehen\/\">\n                                                                            <h3>Arbeitskr\u00e4ftemangel: Wie Schweizer Unternehmen ihn einsch\u00e4tzen und angehen<\/h3>\n                                                                        <\/a>\n                                                                    <\/div>\n                                                                    <div class=\"date\">\n                                                                        22.04.2026                                                                    <\/div>\n                                                                <\/div>\n                                                            <\/div>\n                                                                                                                    <div class=\"popular-item\" data-if=\"218819\">\n                                                                <div class=\"left\">\n                                                                    <div class=\"key\">2<\/div>\n                                                                <\/div>\n                                                                <div class=\"right\">\n                                                                    <div class=\"tags\">\n                                                                        <a href=\"https:\/\/dievolkswirtschaft.ch\/de\/themen\/?cat1=gesellschaft\" class=\"mxm-post-tag\" data-tax=\"post_content_category\" data-term=\"gesellschaft\">Gesellschaft<\/a>                                                                    <\/div>\n                                                                    <div class=\"title\">\n                                                                        <a href=\"https:\/\/dievolkswirtschaft.ch\/de\/2026\/04\/demenz-wer-entscheidet-ueber-das-vermoegen\/\">\n                                                                            <h3>Demenz: Wer entscheidet \u00fcber das Verm\u00f6gen?<\/h3>\n                                                                        <\/a>\n                                                                    <\/div>\n                                                                    <div class=\"date\">\n                                                                        27.04.2026                                                                    <\/div>\n                                                                <\/div>\n                                                            <\/div>\n                                                                                                                    <div class=\"popular-item\" data-if=\"219347\">\n                                                                <div class=\"left\">\n                                                                    <div class=\"key\">3<\/div>\n                                                                <\/div>\n                                                                <div class=\"right\">\n                                                                    <div class=\"tags\">\n                                                                        <a href=\"https:\/\/dievolkswirtschaft.ch\/de\/themen\/?cat1=arbeitsmarkt\" class=\"mxm-post-tag\" data-tax=\"post_content_category\" data-term=\"arbeitsmarkt\">Arbeitsmarkt<\/a>                                                                    <\/div>\n                                                                    <div class=\"title\">\n                                                                        <a href=\"https:\/\/dievolkswirtschaft.ch\/de\/2026\/04\/luecken-im-digitalen-wissen-bei-stellensuchenden-wer-braucht-unterstuetzung\/\">\n                                                                            <h3>L\u00fccken im digitalen Wissen bei Stellensuchenden: Wer braucht Unterst\u00fctzung?<\/h3>\n                                                                        <\/a>\n                                                                    <\/div>\n                                                                    <div class=\"date\">\n                                                                        23.04.2026                                                                    <\/div>\n                                                                <\/div>\n                                                            <\/div>\n                                                                                                            <\/div>\n                                                <\/div>\n                                            <\/div>\n\n                                            <div class=\"tab\">\n                                                <input type=\"checkbox\" id=\"rd2\" name=\"rd\">\n                                                <label class=\"tab-label\"\n                                                    for=\"rd2\">Neuste Artikel<\/label>\n                                                <div class=\"tab-content\">\n                                                    <div class=\"mxm-posts-popular\">\n                                                                                                                    <div class=\"popular-item\" data-if=\"218769\">\n                                                                <div class=\"left\">\n                                                                    <div class=\"key\">1<\/div>\n                                                                <\/div>\n                                                                <div class=\"right\">\n                                                                    <div class=\"tags\">\n                                                                        <a href=\"https:\/\/dievolkswirtschaft.ch\/de\/themen\/?cat1=uebrige-wirtschaftspolitik\" class=\"mxm-post-tag\" data-tax=\"post_content_category\" data-term=\"uebrige-wirtschaftspolitik\">Wirtschaftspolitik<\/a>                                                                    <\/div>\n                                                                    <div class=\"title\">\n                                                                        <a href=\"https:\/\/dievolkswirtschaft.ch\/de\/2026\/04\/co2-abgaben-effizient-aber-ungerecht\/\">\n                                                                            <h3>CO<sub>2<\/sub>-Abgaben: Effizient, aber ungerecht?<\/h3>\n                                                                        <\/a>\n                                                                    <\/div>\n                                                                    <div class=\"date\">\n                                                                        28.04.2026                                                                    <\/div>\n                                                                <\/div>\n                                                            <\/div>\n                                                                                                                    <div class=\"popular-item\" data-if=\"218819\">\n                                                                <div class=\"left\">\n                                                                    <div class=\"key\">2<\/div>\n                                                                <\/div>\n                                                                <div class=\"right\">\n                                                                    <div class=\"tags\">\n                                                                        <a href=\"https:\/\/dievolkswirtschaft.ch\/de\/themen\/?cat1=gesellschaft\" class=\"mxm-post-tag\" data-tax=\"post_content_category\" data-term=\"gesellschaft\">Gesellschaft<\/a>                                                                    <\/div>\n                                                                    <div class=\"title\">\n                                                                        <a href=\"https:\/\/dievolkswirtschaft.ch\/de\/2026\/04\/demenz-wer-entscheidet-ueber-das-vermoegen\/\">\n                                                                            <h3>Demenz: Wer entscheidet \u00fcber das Verm\u00f6gen?<\/h3>\n                                                                        <\/a>\n                                                                    <\/div>\n                                                                    <div class=\"date\">\n                                                                        27.04.2026                                                                    <\/div>\n                                                                <\/div>\n                                                            <\/div>\n                                                                                                                    <div class=\"popular-item\" data-if=\"219347\">\n                                                                <div class=\"left\">\n                                                                    <div class=\"key\">3<\/div>\n                                                                <\/div>\n                                                                <div class=\"right\">\n                                                                    <div class=\"tags\">\n                                                                        <a href=\"https:\/\/dievolkswirtschaft.ch\/de\/themen\/?cat1=arbeitsmarkt\" class=\"mxm-post-tag\" data-tax=\"post_content_category\" data-term=\"arbeitsmarkt\">Arbeitsmarkt<\/a>                                                                    <\/div>\n                                                                    <div class=\"title\">\n                                                                        <a href=\"https:\/\/dievolkswirtschaft.ch\/de\/2026\/04\/luecken-im-digitalen-wissen-bei-stellensuchenden-wer-braucht-unterstuetzung\/\">\n                                                                            <h3>L\u00fccken im digitalen Wissen bei Stellensuchenden: Wer braucht Unterst\u00fctzung?<\/h3>\n                                                                        <\/a>\n                                                                    <\/div>\n                                                                    <div class=\"date\">\n                                                                        23.04.2026                                                                    <\/div>\n                                                                <\/div>\n                                                            <\/div>\n                                                                                                            <\/div>\n\n                                                    <a class=\"more-articles\"\n                                                        href=\"\/de\/alle-beitraege\">MEHR NEUE ARTIKEL<\/a>\n                                                <\/div>\n                                            <\/div>\n\n                                        <\/div>\n                                    <\/div>\n                                <\/div>\n                            <\/div>\n                        <\/div>\n                    <\/div>\n                <\/div>\n            <\/div>\n        <\/div>\n        \t\t<\/div>\n\t\t\t\t<\/div>\n\t\t\t\t<div class=\"elementor-element elementor-element-b28680e elementor-widget elementor-widget-mxm-home-dynamicposts\" data-id=\"b28680e\" data-element_type=\"widget\" data-widget_type=\"mxm-home-dynamicposts.default\">\n\t\t\t\t<div class=\"elementor-widget-container\">\n\t\t\t\n\t\t<div class=\"mxm-posts-filtered-container __recommendations\">\n                            <div class=\"mxm-posts-filtered-wrapper mxm-posts-first-line\">\n                    <div class=\"mxm-posts-filtered-body\">\n                        <div class=\"mxm-posts-grid with-recommendations\">\n                            \n                                <div class=\"mxm-post-container\">\n    \n<!-- Array\n(\n    [0] => WP_Term Object\n        (\n            [term_id] => 66\n            [name] => Themen\n            [slug] => themen\n            [term_group] => 0\n            [term_taxonomy_id] => 66\n            [taxonomy] => post__type\n            [description] => \n            [parent] => 0\n            [count] => 3022\n            [filter] => raw\n        )\n\n)\n -->\n        <div class=\"mxm-posts-filtered-title by-tax\">\n        <a href=\"\/de\/themen\"><p class=\"mxm-posts-by-tax-title\">Themen <span class=\"go-to-category\"> > \u00dcbersicht<\/span><\/p><\/a>\n    <\/div>\n        <div class=\"mxm-post-wrapper\">\n        <div class=\"mxm-post-item\">\n            <div class=\"mxm-post-header\">\n                <div class=\"mxm-post-featured\">\n                    <a href=\"https:\/\/dievolkswirtschaft.ch\/de\/2026\/04\/luecken-im-digitalen-wissen-bei-stellensuchenden-wer-braucht-unterstuetzung\/\">\n                                                    <img decoding=\"async\" width=\"800\" height=\"431\" src=\"https:\/\/dievolkswirtschaft.ch\/content\/uploads\/2026\/04\/Wunsch_369797436_web-1024x552.jpg\" class=\"attachment-large size-large wp-post-image\" alt=\"\" srcset=\"https:\/\/dievolkswirtschaft.ch\/content\/uploads\/2026\/04\/Wunsch_369797436_web-1024x552.jpg 1024w, https:\/\/dievolkswirtschaft.ch\/content\/uploads\/2026\/04\/Wunsch_369797436_web-300x162.jpg 300w, https:\/\/dievolkswirtschaft.ch\/content\/uploads\/2026\/04\/Wunsch_369797436_web-768x414.jpg 768w, https:\/\/dievolkswirtschaft.ch\/content\/uploads\/2026\/04\/Wunsch_369797436_web.jpg 1335w\" sizes=\"(max-width: 800px) 100vw, 800px\" \/>                                            <\/a>\n                <\/div>\n            <\/div>\n            <div class=\"mxm-post-body\">\n                <div class=\"mxm-post-title\">\n                    <a href=\"https:\/\/dievolkswirtschaft.ch\/de\/2026\/04\/luecken-im-digitalen-wissen-bei-stellensuchenden-wer-braucht-unterstuetzung\/\"><h4>L\u00fccken im digitalen Wissen bei Stellensuchenden: Wer braucht Unterst\u00fctzung?<\/h4><\/a>\n                <\/div>\n                <div class=\"mxm-post-tags\">\n                                        <div class=\"tag-cloud\">\n                        <a href=\"https:\/\/dievolkswirtschaft.ch\/de\/themen\/?cat1=arbeitsmarkt\" class=\"mxm-post-tag related-post-tag\" data-tax=\"post_content_category\" data-term=\"arbeitsmarkt\">Arbeitsmarkt<\/a>                    <\/div>\n                                    <\/div>\n                <div class=\"mxm-post-footer\">\n                    <div class=\"mxm-post-info\">\n                        <div class=\"mxm-post-author\">\n                            <p><a href=\"https:\/\/dievolkswirtschaft.ch\/de\/author\/prof-dr-conny-wunsch\/\" class=\"related-p-authors\">Conny Wunsch<\/a> | 23.04.26<\/p>\n                        <\/div>\n                    <\/div>\n                    <div class=\"mxm-post-bookmark\" data-id=\"219347\">\n                        <p><img decoding=\"async\" src=\"https:\/\/dievolkswirtschaft.ch\/wp-content\/themes\/maxomedia-starter-child\/assets\/images\/bookmark-default.svg\" alt=\"\"><\/p>\n                    <\/div>\n                <\/div>\n            <\/div>\n        <\/div>\n    <\/div>\n<\/div>                            \n                                <div class=\"mxm-post-container\">\n    \n<!-- Array\n(\n    [0] => WP_Term Object\n        (\n            [term_id] => 69\n            [name] => Schwerpunkte\n            [slug] => schwerpunkte\n            [term_group] => 0\n            [term_taxonomy_id] => 69\n            [taxonomy] => post__type\n            [description] => \n            [parent] => 0\n            [count] => 1274\n            [filter] => raw\n        )\n\n    [1] => WP_Term Object\n        (\n            [term_id] => 66\n            [name] => Themen\n            [slug] => themen\n            [term_group] => 0\n            [term_taxonomy_id] => 66\n            [taxonomy] => post__type\n            [description] => \n            [parent] => 0\n            [count] => 3022\n            [filter] => raw\n        )\n\n)\n -->\n        <div class=\"mxm-posts-filtered-title by-tax\">\n        <a href=\"\/de\/schwerpunkte\"><p class=\"mxm-posts-by-tax-title\">Schwerpunkte <span class=\"go-to-category\"> > \u00dcbersicht<\/span><\/p><\/a>\n    <\/div>\n        <div class=\"mxm-post-wrapper\">\n        <div class=\"mxm-post-item\">\n            <div class=\"mxm-post-header\">\n                <div class=\"mxm-post-featured\">\n                    <a href=\"https:\/\/dievolkswirtschaft.ch\/de\/2026\/04\/wie-gut-kennen-sie-oesterreichs-wirtschaft-und-politik\/\">\n                                                    <img loading=\"lazy\" decoding=\"async\" width=\"800\" height=\"431\" src=\"https:\/\/dievolkswirtschaft.ch\/content\/uploads\/2026\/04\/Schwerpunktquiz_Oesterreich_DE-1024x552.jpg\" class=\"attachment-large size-large wp-post-image\" alt=\"\" srcset=\"https:\/\/dievolkswirtschaft.ch\/content\/uploads\/2026\/04\/Schwerpunktquiz_Oesterreich_DE-1024x552.jpg 1024w, https:\/\/dievolkswirtschaft.ch\/content\/uploads\/2026\/04\/Schwerpunktquiz_Oesterreich_DE-300x162.jpg 300w, https:\/\/dievolkswirtschaft.ch\/content\/uploads\/2026\/04\/Schwerpunktquiz_Oesterreich_DE-768x414.jpg 768w, https:\/\/dievolkswirtschaft.ch\/content\/uploads\/2026\/04\/Schwerpunktquiz_Oesterreich_DE.jpg 1335w\" sizes=\"(max-width: 800px) 100vw, 800px\" \/>                                            <\/a>\n                <\/div>\n            <\/div>\n            <div class=\"mxm-post-body\">\n                <div class=\"mxm-post-title\">\n                    <a href=\"https:\/\/dievolkswirtschaft.ch\/de\/2026\/04\/wie-gut-kennen-sie-oesterreichs-wirtschaft-und-politik\/\"><h4>Wie gut kennen Sie \u00d6sterreichs Wirtschaft und Politik?<\/h4><\/a>\n                <\/div>\n                <div class=\"mxm-post-tags\">\n                                        <div class=\"tag-cloud\">\n                        <a href=\"https:\/\/dievolkswirtschaft.ch\/de\/themen\/?cat1=uebrige-wirtschaftspolitik\" class=\"mxm-post-tag related-post-tag\" data-tax=\"post_content_category\" data-term=\"uebrige-wirtschaftspolitik\">Wirtschaftspolitik<\/a>                    <\/div>\n                                    <\/div>\n                <div class=\"mxm-post-footer\">\n                    <div class=\"mxm-post-info\">\n                        <div class=\"mxm-post-author\">\n                            <p> | 22.04.26<\/p>\n                        <\/div>\n                    <\/div>\n                    <div class=\"mxm-post-bookmark\" data-id=\"219568\">\n                        <p><img decoding=\"async\" src=\"https:\/\/dievolkswirtschaft.ch\/wp-content\/themes\/maxomedia-starter-child\/assets\/images\/bookmark-default.svg\" alt=\"\"><\/p>\n                    <\/div>\n                <\/div>\n            <\/div>\n        <\/div>\n    <\/div>\n<\/div>                            \n                                <div class=\"mxm-post-container\">\n    \n<!-- Array\n(\n    [0] => WP_Term Object\n        (\n            [term_id] => 66\n            [name] => Themen\n            [slug] => themen\n            [term_group] => 0\n            [term_taxonomy_id] => 66\n            [taxonomy] => post__type\n            [description] => \n            [parent] => 0\n            [count] => 3022\n            [filter] => raw\n        )\n\n)\n -->\n        <div class=\"mxm-posts-filtered-title by-tax\">\n        <a href=\"\/de\/themen\"><p class=\"mxm-posts-by-tax-title\">Themen <span class=\"go-to-category\"> > \u00dcbersicht<\/span><\/p><\/a>\n    <\/div>\n        <div class=\"mxm-post-wrapper\">\n        <div class=\"mxm-post-item\">\n            <div class=\"mxm-post-header\">\n                <div class=\"mxm-post-featured\">\n                    <a href=\"https:\/\/dievolkswirtschaft.ch\/de\/2026\/04\/arbeitskraeftemangel-wie-schweizer-unternehmen-ihn-einschaetzen-und-angehen\/\">\n                                                    <img loading=\"lazy\" decoding=\"async\" width=\"800\" height=\"431\" src=\"https:\/\/dievolkswirtschaft.ch\/content\/uploads\/2026\/04\/Abberger_456899608_web-1024x552.jpg\" class=\"attachment-large size-large wp-post-image\" alt=\"\" srcset=\"https:\/\/dievolkswirtschaft.ch\/content\/uploads\/2026\/04\/Abberger_456899608_web-1024x552.jpg 1024w, https:\/\/dievolkswirtschaft.ch\/content\/uploads\/2026\/04\/Abberger_456899608_web-300x162.jpg 300w, https:\/\/dievolkswirtschaft.ch\/content\/uploads\/2026\/04\/Abberger_456899608_web-768x414.jpg 768w, https:\/\/dievolkswirtschaft.ch\/content\/uploads\/2026\/04\/Abberger_456899608_web.jpg 1335w\" sizes=\"(max-width: 800px) 100vw, 800px\" \/>                                            <\/a>\n                <\/div>\n            <\/div>\n            <div class=\"mxm-post-body\">\n                <div class=\"mxm-post-title\">\n                    <a href=\"https:\/\/dievolkswirtschaft.ch\/de\/2026\/04\/arbeitskraeftemangel-wie-schweizer-unternehmen-ihn-einschaetzen-und-angehen\/\"><h4>Arbeitskr\u00e4ftemangel: Wie Schweizer Unternehmen ihn einsch\u00e4tzen und angehen<\/h4><\/a>\n                <\/div>\n                <div class=\"mxm-post-tags\">\n                                        <div class=\"tag-cloud\">\n                        <a href=\"https:\/\/dievolkswirtschaft.ch\/de\/themen\/?cat1=arbeitsmarkt\" class=\"mxm-post-tag related-post-tag\" data-tax=\"post_content_category\" data-term=\"arbeitsmarkt\">Arbeitsmarkt<\/a>                    <\/div>\n                                    <\/div>\n                <div class=\"mxm-post-footer\">\n                    <div class=\"mxm-post-info\">\n                        <div class=\"mxm-post-author\">\n                            <p><a href=\"https:\/\/dievolkswirtschaft.ch\/de\/author\/klaus-abberger\/\" class=\"related-p-authors\">Klaus Abberger<\/a>, <a href=\"https:\/\/dievolkswirtschaft.ch\/de\/author\/nicolas-marti\/\" class=\"related-p-authors\">Nicolas Marti<\/a>, <a href=\"https:\/\/dievolkswirtschaft.ch\/de\/author\/michael-siegenthaler\/\" class=\"related-p-authors\">Michael Siegenthaler<\/a>, <a href=\"https:\/\/dievolkswirtschaft.ch\/de\/author\/stefanie-siegrist\/\" class=\"related-p-authors\">Stefanie Siegrist<\/a> | 22.04.26<\/p>\n                        <\/div>\n                    <\/div>\n                    <div class=\"mxm-post-bookmark\" data-id=\"216326\">\n                        <p><img decoding=\"async\" src=\"https:\/\/dievolkswirtschaft.ch\/wp-content\/themes\/maxomedia-starter-child\/assets\/images\/bookmark-default.svg\" alt=\"\"><\/p>\n                    <\/div>\n                <\/div>\n            <\/div>\n        <\/div>\n    <\/div>\n<\/div>                                                    <\/div>\n                    <\/div>\n                <\/div>\n            \t\t\t<div class=\"mxm-posts-filtered-wrapper\">\n\t\t\t\t<div class=\"mxm-posts-filtered-body\">\n\t\t\t\t\t<div class=\"mxm-posts-grid with-recommendations\">\n\t\t\t\t\t\t\n\t\t\t\t\t\t\t<div class=\"mxm-post-container\">\n    \n<!-- Array\n(\n    [0] => WP_Term Object\n        (\n            [term_id] => 66\n            [name] => Themen\n            [slug] => themen\n            [term_group] => 0\n            [term_taxonomy_id] => 66\n            [taxonomy] => post__type\n            [description] => \n            [parent] => 0\n            [count] => 3022\n            [filter] => raw\n        )\n\n)\n -->\n        <div class=\"mxm-posts-filtered-title by-tax\">\n        <a href=\"\/de\/themen\"><p class=\"mxm-posts-by-tax-title\">Themen <span class=\"go-to-category\"> > \u00dcbersicht<\/span><\/p><\/a>\n    <\/div>\n        <div class=\"mxm-post-wrapper\">\n        <div class=\"mxm-post-item\">\n            <div class=\"mxm-post-header\">\n                <div class=\"mxm-post-featured\">\n                    <a href=\"https:\/\/dievolkswirtschaft.ch\/de\/2026\/04\/nachhaltige-entwicklung-ist-mehr-als-ein-politisches-schlagwort\/\">\n                                                    <img loading=\"lazy\" decoding=\"async\" width=\"800\" height=\"431\" src=\"https:\/\/dievolkswirtschaft.ch\/content\/uploads\/2026\/04\/Sieber_Gasser_698313404_web-1024x552.jpg\" class=\"attachment-large size-large wp-post-image\" alt=\"\" srcset=\"https:\/\/dievolkswirtschaft.ch\/content\/uploads\/2026\/04\/Sieber_Gasser_698313404_web-1024x552.jpg 1024w, https:\/\/dievolkswirtschaft.ch\/content\/uploads\/2026\/04\/Sieber_Gasser_698313404_web-300x162.jpg 300w, https:\/\/dievolkswirtschaft.ch\/content\/uploads\/2026\/04\/Sieber_Gasser_698313404_web-768x414.jpg 768w, https:\/\/dievolkswirtschaft.ch\/content\/uploads\/2026\/04\/Sieber_Gasser_698313404_web-1536x828.jpg 1536w, https:\/\/dievolkswirtschaft.ch\/content\/uploads\/2026\/04\/Sieber_Gasser_698313404_web-2048x1104.jpg 2048w\" sizes=\"(max-width: 800px) 100vw, 800px\" \/>                                            <\/a>\n                <\/div>\n            <\/div>\n            <div class=\"mxm-post-body\">\n                <div class=\"mxm-post-title\">\n                    <a href=\"https:\/\/dievolkswirtschaft.ch\/de\/2026\/04\/nachhaltige-entwicklung-ist-mehr-als-ein-politisches-schlagwort\/\"><h4>Nachhaltige Entwicklung ist mehr als ein politisches Schlagwort<\/h4><\/a>\n                <\/div>\n                <div class=\"mxm-post-tags\">\n                                        <div class=\"tag-cloud\">\n                        <a href=\"https:\/\/dievolkswirtschaft.ch\/de\/themen\/?cat1=uebrige-wirtschaftspolitik\" class=\"mxm-post-tag related-post-tag\" data-tax=\"post_content_category\" data-term=\"uebrige-wirtschaftspolitik\">Wirtschaftspolitik<\/a>                    <\/div>\n                                    <\/div>\n                <div class=\"mxm-post-footer\">\n                    <div class=\"mxm-post-info\">\n                        <div class=\"mxm-post-author\">\n                            <p><a href=\"https:\/\/dievolkswirtschaft.ch\/de\/author\/charlotte-sieber-gasser\/\" class=\"related-p-authors\">Charlotte Sieber-Gasser<\/a>, <a href=\"https:\/\/dievolkswirtschaft.ch\/de\/author\/rika-koch\/\" class=\"related-p-authors\">Rika Koch<\/a> | 21.04.26<\/p>\n                        <\/div>\n                    <\/div>\n                    <div class=\"mxm-post-bookmark\" data-id=\"218745\">\n                        <p><img decoding=\"async\" src=\"https:\/\/dievolkswirtschaft.ch\/wp-content\/themes\/maxomedia-starter-child\/assets\/images\/bookmark-default.svg\" alt=\"\"><\/p>\n                    <\/div>\n                <\/div>\n            <\/div>\n        <\/div>\n    <\/div>\n<\/div>\t\t\t\t\t\t\n\t\t\t\t\t\t\t<div class=\"mxm-post-container\">\n    \n<!-- Array\n(\n    [0] => WP_Term Object\n        (\n            [term_id] => 67\n            [name] => Meinungen\n            [slug] => meinungen\n            [term_group] => 0\n            [term_taxonomy_id] => 67\n            [taxonomy] => post__type\n            [description] => \n            [parent] => 0\n            [count] => 563\n            [filter] => raw\n        )\n\n)\n -->\n        <div class=\"mxm-posts-filtered-title by-tax\">\n        <a href=\"\/de\/meinungen\"><p class=\"mxm-posts-by-tax-title\">Meinungen <span class=\"go-to-category\"> > \u00dcbersicht<\/span><\/p><\/a>\n    <\/div>\n        <div class=\"mxm-post-wrapper\">\n        <div class=\"mxm-post-item\">\n            <div class=\"mxm-post-header\">\n                <div class=\"mxm-post-featured\">\n                    <a href=\"https:\/\/dievolkswirtschaft.ch\/de\/2026\/04\/was-bringt-uns-das-freihandelsabkommen-mit-dem-mercosur\/\">\n                                                    <img loading=\"lazy\" decoding=\"async\" width=\"800\" height=\"431\" src=\"https:\/\/dievolkswirtschaft.ch\/content\/uploads\/2026\/04\/Geschwend_650274039_web-1024x552.jpg\" class=\"attachment-large size-large wp-post-image\" alt=\"\" srcset=\"https:\/\/dievolkswirtschaft.ch\/content\/uploads\/2026\/04\/Geschwend_650274039_web-1024x552.jpg 1024w, https:\/\/dievolkswirtschaft.ch\/content\/uploads\/2026\/04\/Geschwend_650274039_web-300x162.jpg 300w, https:\/\/dievolkswirtschaft.ch\/content\/uploads\/2026\/04\/Geschwend_650274039_web-768x414.jpg 768w, https:\/\/dievolkswirtschaft.ch\/content\/uploads\/2026\/04\/Geschwend_650274039_web-1536x828.jpg 1536w, https:\/\/dievolkswirtschaft.ch\/content\/uploads\/2026\/04\/Geschwend_650274039_web-2048x1105.jpg 2048w\" sizes=\"(max-width: 800px) 100vw, 800px\" \/>                                            <\/a>\n                <\/div>\n            <\/div>\n            <div class=\"mxm-post-body\">\n                <div class=\"mxm-post-title\">\n                    <a href=\"https:\/\/dievolkswirtschaft.ch\/de\/2026\/04\/was-bringt-uns-das-freihandelsabkommen-mit-dem-mercosur\/\"><h4>Was bringt uns das Freihandelsabkommen mit dem Mercosur?<\/h4><\/a>\n                <\/div>\n                <div class=\"mxm-post-tags\">\n                                        <div class=\"tag-cloud\">\n                        <a href=\"https:\/\/dievolkswirtschaft.ch\/de\/themen\/?cat1=uebrige-wirtschaftspolitik\" class=\"mxm-post-tag related-post-tag\" data-tax=\"post_content_category\" data-term=\"uebrige-wirtschaftspolitik\">Wirtschaftspolitik<\/a>                    <\/div>\n                                    <\/div>\n                <div class=\"mxm-post-footer\">\n                    <div class=\"mxm-post-info\">\n                        <div class=\"mxm-post-author\">\n                            <p>Nachgefragt bei Roger Gschwend, Staatssekretariat f\u00fcr Wirtschaft (Seco) | 16.04.26<\/p>\n                        <\/div>\n                    <\/div>\n                    <div class=\"mxm-post-bookmark\" data-id=\"219041\">\n                        <p><img decoding=\"async\" src=\"https:\/\/dievolkswirtschaft.ch\/wp-content\/themes\/maxomedia-starter-child\/assets\/images\/bookmark-default.svg\" alt=\"\"><\/p>\n                    <\/div>\n                <\/div>\n            <\/div>\n        <\/div>\n    <\/div>\n<\/div>\t\t\t\t\t\t\n\t\t\t\t\t\t\t<div class=\"mxm-post-container\">\n    \n<!-- Array\n(\n    [0] => WP_Term Object\n        (\n            [term_id] => 69\n            [name] => Schwerpunkte\n            [slug] => schwerpunkte\n            [term_group] => 0\n            [term_taxonomy_id] => 69\n            [taxonomy] => post__type\n            [description] => \n            [parent] => 0\n            [count] => 1274\n            [filter] => raw\n        )\n\n    [1] => WP_Term Object\n        (\n            [term_id] => 66\n            [name] => Themen\n            [slug] => themen\n            [term_group] => 0\n            [term_taxonomy_id] => 66\n            [taxonomy] => post__type\n            [description] => \n            [parent] => 0\n            [count] => 3022\n            [filter] => raw\n        )\n\n)\n -->\n        <div class=\"mxm-posts-filtered-title by-tax\">\n        <a href=\"\/de\/schwerpunkte\"><p class=\"mxm-posts-by-tax-title\">Schwerpunkte <span class=\"go-to-category\"> > \u00dcbersicht<\/span><\/p><\/a>\n    <\/div>\n        <div class=\"mxm-post-wrapper\">\n        <div class=\"mxm-post-item\">\n            <div class=\"mxm-post-header\">\n                <div class=\"mxm-post-featured\">\n                    <a href=\"https:\/\/dievolkswirtschaft.ch\/de\/2026\/04\/oesterreich-muss-sparen\/\">\n                                                    <img loading=\"lazy\" decoding=\"async\" width=\"800\" height=\"431\" src=\"https:\/\/dievolkswirtschaft.ch\/content\/uploads\/2026\/04\/Schratzenstaller_309460810_web-1024x552.jpg\" class=\"attachment-large size-large wp-post-image\" alt=\"\" srcset=\"https:\/\/dievolkswirtschaft.ch\/content\/uploads\/2026\/04\/Schratzenstaller_309460810_web-1024x552.jpg 1024w, https:\/\/dievolkswirtschaft.ch\/content\/uploads\/2026\/04\/Schratzenstaller_309460810_web-300x162.jpg 300w, https:\/\/dievolkswirtschaft.ch\/content\/uploads\/2026\/04\/Schratzenstaller_309460810_web-768x414.jpg 768w, https:\/\/dievolkswirtschaft.ch\/content\/uploads\/2026\/04\/Schratzenstaller_309460810_web.jpg 1335w\" sizes=\"(max-width: 800px) 100vw, 800px\" \/>                                            <\/a>\n                <\/div>\n            <\/div>\n            <div class=\"mxm-post-body\">\n                <div class=\"mxm-post-title\">\n                    <a href=\"https:\/\/dievolkswirtschaft.ch\/de\/2026\/04\/oesterreich-muss-sparen\/\"><h4>\u00d6sterreich muss sparen<\/h4><\/a>\n                <\/div>\n                <div class=\"mxm-post-tags\">\n                                        <div class=\"tag-cloud\">\n                        <a href=\"https:\/\/dievolkswirtschaft.ch\/de\/themen\/?cat1=finanzen-steuern\" class=\"mxm-post-tag related-post-tag\" data-tax=\"post_content_category\" data-term=\"finanzen-steuern\">Finanzen \/ Steuern<\/a>                    <\/div>\n                                    <\/div>\n                <div class=\"mxm-post-footer\">\n                    <div class=\"mxm-post-info\">\n                        <div class=\"mxm-post-author\">\n                            <p><a href=\"https:\/\/dievolkswirtschaft.ch\/de\/author\/margit-schratzenstaller\/\" class=\"related-p-authors\">Margit Schratzenstaller<\/a> | 13.04.26<\/p>\n                        <\/div>\n                    <\/div>\n                    <div class=\"mxm-post-bookmark\" data-id=\"219021\">\n                        <p><img decoding=\"async\" src=\"https:\/\/dievolkswirtschaft.ch\/wp-content\/themes\/maxomedia-starter-child\/assets\/images\/bookmark-default.svg\" alt=\"\"><\/p>\n                    <\/div>\n                <\/div>\n            <\/div>\n        <\/div>\n    <\/div>\n<\/div>\t\t\t\t\t\t\t\t\t\t\t<\/div>\n\t\t\t\t<\/div>\n\t\t\t<\/div>\n\t\t<\/div>\n\n\n\t\t\t\t<\/div>\n\t\t\t\t<\/div>\n\t\t\t\t<div class=\"elementor-element elementor-element-462738e elementor-widget elementor-widget-mxm-mxmhomeservices\" data-id=\"462738e\" data-element_type=\"widget\" data-widget_type=\"mxm-mxmhomeservices.default\">\n\t\t\t\t<div class=\"elementor-widget-container\">\n\t\t\t<div class=\"mxm-services-container\"><div class=\"mxm-services-title\"><p>Services<\/p><\/div><div class=\"mxm-services\">\n        <div class=\"mxm-service elementor-repeater-item\" style=\"background: #999999\">   \n        <div class=\"mxm-service-wrapper \">\n                                    \n<!-- slider -->\n                <div class=\"hs-authors-slider\">\n                    <div class=\"hs-authors\">\n                                                    <a class=\"hs-author-link\" href=\"https:\/\/dievolkswirtschaft.ch\/de\/author\/matthias-leuthard\/\">\n                                <div class=\"author-wrapper\" data-url=\"https:\/\/dievolkswirtschaft.ch\/de\/author\/matthias-leuthard\/\">\n                                    <img decoding=\"async\" src=\"https:\/\/dievolkswirtschaft.ch\/content\/uploads\/2026\/03\/Leuthard_Matthias_web.jpg\" alt=\"Matthias Leuthard\"\/>\n                                    <p>Matthias Leuthard<\/p>\n                                <\/div>\n                            <\/a>\n                                                    <a class=\"hs-author-link\" href=\"https:\/\/dievolkswirtschaft.ch\/de\/author\/heinrich-hugenschmidt\/\">\n                                <div class=\"author-wrapper\" data-url=\"https:\/\/dievolkswirtschaft.ch\/de\/author\/heinrich-hugenschmidt\/\">\n                                    <img decoding=\"async\" src=\"https:\/\/dievolkswirtschaft.ch\/content\/uploads\/2026\/04\/Hugenschmidt_Heinrich_neu.jpg\" alt=\"Heinrich Hugenschmidt\"\/>\n                                    <p>Heinrich Hugenschmidt<\/p>\n                                <\/div>\n                            <\/a>\n                                                    <a class=\"hs-author-link\" href=\"https:\/\/dievolkswirtschaft.ch\/de\/author\/anina-hille\/\">\n                                <div class=\"author-wrapper\" data-url=\"https:\/\/dievolkswirtschaft.ch\/de\/author\/anina-hille\/\">\n                                    <img decoding=\"async\" src=\"https:\/\/dievolkswirtschaft.ch\/content\/uploads\/2026\/03\/Hille_Anina.jpg\" alt=\"Anina Hille\"\/>\n                                    <p>Anina Hille<\/p>\n                                <\/div>\n                            <\/a>\n                                                    <a class=\"hs-author-link\" href=\"https:\/\/dievolkswirtschaft.ch\/de\/author\/prof-dr-conny-wunsch\/\">\n                                <div class=\"author-wrapper\" data-url=\"https:\/\/dievolkswirtschaft.ch\/de\/author\/prof-dr-conny-wunsch\/\">\n                                    <img decoding=\"async\" src=\"https:\/\/dievolkswirtschaft.ch\/content\/uploads\/2025\/01\/Wunsch_Conny_nachgefragt.jpg\" alt=\"Conny Wunsch\"\/>\n                                    <p>Conny Wunsch<\/p>\n                                <\/div>\n                            <\/a>\n                                                    <a class=\"hs-author-link\" href=\"https:\/\/dievolkswirtschaft.ch\/de\/author\/\">\n                                <div class=\"author-wrapper\" data-url=\"https:\/\/dievolkswirtschaft.ch\/de\/author\/\">\n                                    <img decoding=\"async\" src=\"https:\/\/dievolkswirtschaft.ch\/wp-content\/themes\/maxomedia-starter-child\/assets\/images\/default.png\" alt=\"Fatlume Mislimi\"\/>\n                                    <p>Fatlume Mislimi<\/p>\n                                <\/div>\n                            <\/a>\n                                                    <a class=\"hs-author-link\" href=\"https:\/\/dievolkswirtschaft.ch\/de\/author\/klaus-abberger\/\">\n                                <div class=\"author-wrapper\" data-url=\"https:\/\/dievolkswirtschaft.ch\/de\/author\/klaus-abberger\/\">\n                                    <img decoding=\"async\" src=\"https:\/\/dievolkswirtschaft.ch\/content\/uploads\/legacy\/authors\/Abberger_Klaus.jpg\" alt=\"Klaus Abberger\"\/>\n                                    <p>Klaus Abberger<\/p>\n                                <\/div>\n                            <\/a>\n                                                    <a class=\"hs-author-link\" href=\"https:\/\/dievolkswirtschaft.ch\/de\/author\/nicolas-marti\/\">\n                                <div class=\"author-wrapper\" data-url=\"https:\/\/dievolkswirtschaft.ch\/de\/author\/nicolas-marti\/\">\n                                    <img decoding=\"async\" src=\"https:\/\/dievolkswirtschaft.ch\/content\/uploads\/2025\/12\/Marti_Nicolas.jpg\" alt=\"Nicolas Marti\"\/>\n                                    <p>Nicolas Marti<\/p>\n                                <\/div>\n                            <\/a>\n                                                    <a class=\"hs-author-link\" href=\"https:\/\/dievolkswirtschaft.ch\/de\/author\/michael-siegenthaler\/\">\n                                <div class=\"author-wrapper\" data-url=\"https:\/\/dievolkswirtschaft.ch\/de\/author\/michael-siegenthaler\/\">\n                                    <img decoding=\"async\" src=\"https:\/\/dievolkswirtschaft.ch\/content\/uploads\/2024\/10\/Siegenthaler_Michael.jpg\" alt=\"Michael Siegenthaler\"\/>\n                                    <p>Michael Siegenthaler<\/p>\n                                <\/div>\n                            <\/a>\n                                                    <a class=\"hs-author-link\" href=\"https:\/\/dievolkswirtschaft.ch\/de\/author\/stefanie-siegrist\/\">\n                                <div class=\"author-wrapper\" data-url=\"https:\/\/dievolkswirtschaft.ch\/de\/author\/stefanie-siegrist\/\">\n                                    <img decoding=\"async\" src=\"https:\/\/dievolkswirtschaft.ch\/content\/uploads\/2022\/06\/Siegrist_Stefanie.jpg\" alt=\"Stefanie Siegrist\"\/>\n                                    <p>Stefanie Siegrist<\/p>\n                                <\/div>\n                            <\/a>\n                                                    <a class=\"hs-author-link\" href=\"https:\/\/dievolkswirtschaft.ch\/de\/author\/charlotte-sieber-gasser\/\">\n                                <div class=\"author-wrapper\" data-url=\"https:\/\/dievolkswirtschaft.ch\/de\/author\/charlotte-sieber-gasser\/\">\n                                    <img decoding=\"async\" src=\"https:\/\/dievolkswirtschaft.ch\/content\/uploads\/2025\/05\/Sieber-Gasser_Charlotte.jpg\" alt=\"Charlotte Sieber-Gasser\"\/>\n                                    <p>Charlotte Sieber-Gasser<\/p>\n                                <\/div>\n                            <\/a>\n                                                    <a class=\"hs-author-link\" href=\"https:\/\/dievolkswirtschaft.ch\/de\/author\/rika-koch\/\">\n                                <div class=\"author-wrapper\" data-url=\"https:\/\/dievolkswirtschaft.ch\/de\/author\/rika-koch\/\">\n                                    <img decoding=\"async\" src=\"https:\/\/dievolkswirtschaft.ch\/content\/uploads\/2026\/03\/Koch_Rika_web.jpg\" alt=\"Rika Koch\"\/>\n                                    <p>Rika Koch<\/p>\n                                <\/div>\n                            <\/a>\n                                                    <a class=\"hs-author-link\" href=\"https:\/\/dievolkswirtschaft.ch\/de\/author\/roger-gschwend\/\">\n                                <div class=\"author-wrapper\" data-url=\"https:\/\/dievolkswirtschaft.ch\/de\/author\/roger-gschwend\/\">\n                                    <img decoding=\"async\" src=\"https:\/\/dievolkswirtschaft.ch\/content\/uploads\/2023\/06\/Gschwend_Roger.jpg\" alt=\"Roger Gschwend\"\/>\n                                    <p>Roger Gschwend<\/p>\n                                <\/div>\n                            <\/a>\n                                                    <a class=\"hs-author-link\" href=\"https:\/\/dievolkswirtschaft.ch\/de\/author\/robert-stehrer\/\">\n                                <div class=\"author-wrapper\" data-url=\"https:\/\/dievolkswirtschaft.ch\/de\/author\/robert-stehrer\/\">\n                                    <img decoding=\"async\" src=\"https:\/\/dievolkswirtschaft.ch\/content\/uploads\/2026\/03\/Stehrer_Robert.jpg\" alt=\"Robert Stehrer\"\/>\n                                    <p>Robert Stehrer<\/p>\n                                <\/div>\n                            <\/a>\n                                                    <a class=\"hs-author-link\" href=\"https:\/\/dievolkswirtschaft.ch\/de\/author\/vincent-pochon\/\">\n                                <div class=\"author-wrapper\" data-url=\"https:\/\/dievolkswirtschaft.ch\/de\/author\/vincent-pochon\/\">\n                                    <img decoding=\"async\" src=\"https:\/\/dievolkswirtschaft.ch\/content\/uploads\/2026\/03\/Pochon_Vincent_web.jpg\" alt=\"Vincent Pochon\"\/>\n                                    <p>Vincent Pochon<\/p>\n                                <\/div>\n                            <\/a>\n                                                    <a class=\"hs-author-link\" href=\"https:\/\/dievolkswirtschaft.ch\/de\/author\/philipp-wegmueller\/\">\n                                <div class=\"author-wrapper\" data-url=\"https:\/\/dievolkswirtschaft.ch\/de\/author\/philipp-wegmueller\/\">\n                                    <img decoding=\"async\" src=\"https:\/\/dievolkswirtschaft.ch\/content\/uploads\/2022\/09\/Wegmueller_Philipp.jpg\" alt=\"Philipp Wegm\u00fcller\"\/>\n                                    <p>Philipp Wegm\u00fcller<\/p>\n                                <\/div>\n                            <\/a>\n                                                    <a class=\"hs-author-link\" href=\"https:\/\/dievolkswirtschaft.ch\/de\/author\/margit-schratzenstaller\/\">\n                                <div class=\"author-wrapper\" data-url=\"https:\/\/dievolkswirtschaft.ch\/de\/author\/margit-schratzenstaller\/\">\n                                    <img decoding=\"async\" src=\"https:\/\/dievolkswirtschaft.ch\/content\/uploads\/2026\/03\/Schratzenstaller_Margit.jpg\" alt=\"Margit Schratzenstaller\"\/>\n                                    <p>Margit Schratzenstaller<\/p>\n                                <\/div>\n                            <\/a>\n                                            <\/div>\n                <\/div>\n                            <div class=\"title\">\n                            <a target=\"\" href=\"https:\/\/dievolkswirtschaft.ch\/de\/autorinnen-und-autoren\/\">                            <h3 class=\"elementor-repeater-item\" style=\"color: #ffffff\">Autorinnen und Autoren<\/h3>\n                            <\/a>\n                    <\/div>\n        <p class=\"service-content elementor-repeater-item\" style=\"color: #ffffff\"><\/p>\n                <\/div> \n    <\/div>\n    \n    <a target=\"\" href=\"https:\/\/dievolkswirtschaft.ch\/de\/abo\/\">    <div class=\"mxm-service elementor-repeater-item\" style=\"background: #999999\">   \n        <div class=\"mxm-service-wrapper \">\n                                                        <div><img loading=\"lazy\" decoding=\"async\" width=\"405\" height=\"300\" src=\"https:\/\/dievolkswirtschaft.ch\/content\/uploads\/2022\/02\/Group-5264.png\" class=\"attachment-high size-high wp-post-image\" alt=\"Abo\" srcset=\"https:\/\/dievolkswirtschaft.ch\/content\/uploads\/2022\/02\/Group-5264.png 405w, https:\/\/dievolkswirtschaft.ch\/content\/uploads\/2022\/02\/Group-5264-300x222.png 300w\" sizes=\"(max-width: 405px) 100vw, 405px\" \/><\/div>\n                                            <div class=\"title\">\n                            <h3 class=\"elementor-repeater-item\" style=\"color: #ffffff\">Abo<\/h3>\n                    <\/div>\n        <p class=\"service-content elementor-repeater-item\" style=\"color: #ffffff\">Kostenloses Digitalabo <\/p>\n                <\/div> \n    <\/div>\n    <\/a>\n    <a target=\"\" href=\"https:\/\/dievolkswirtschaft.ch\/de\/die-app\/\">    <div class=\"mxm-service elementor-repeater-item\" style=\"background: #999999\">   \n        <div class=\"mxm-service-wrapper \">\n                                                        <div><img loading=\"lazy\" decoding=\"async\" width=\"560\" height=\"380\" src=\"https:\/\/dievolkswirtschaft.ch\/content\/uploads\/2022\/03\/DV_app_image.jpg\" class=\"attachment-high size-high wp-post-image\" alt=\"APP\" srcset=\"https:\/\/dievolkswirtschaft.ch\/content\/uploads\/2022\/03\/DV_app_image.jpg 560w, https:\/\/dievolkswirtschaft.ch\/content\/uploads\/2022\/03\/DV_app_image-300x204.jpg 300w\" sizes=\"(max-width: 560px) 100vw, 560px\" \/><\/div>\n                                            <div class=\"title\">\n                            <h3 class=\"elementor-repeater-item\" style=\"color: #ffffff\">Die App<\/h3>\n                    <\/div>\n        <p class=\"service-content elementor-repeater-item\" style=\"color: #ffffff\">Kostenlos herunterladen<\/p>\n                <\/div> \n    <\/div>\n    <\/a>\n    <a target=\"\" href=\"https:\/\/dievolkswirtschaft.ch\/de\/vorschau\/\">    <div class=\"mxm-service elementor-repeater-item\" style=\"background: #999999\">   \n        <div class=\"mxm-service-wrapper \">\n                                                        <div><img loading=\"lazy\" decoding=\"async\" width=\"709\" height=\"520\" src=\"https:\/\/dievolkswirtschaft.ch\/content\/uploads\/2026\/04\/Frau-mit-Stromkugel_Vorschau_60x44-300dpi.jpg\" class=\"attachment-high size-high wp-post-image\" alt=\"\" srcset=\"https:\/\/dievolkswirtschaft.ch\/content\/uploads\/2026\/04\/Frau-mit-Stromkugel_Vorschau_60x44-300dpi.jpg 709w, https:\/\/dievolkswirtschaft.ch\/content\/uploads\/2026\/04\/Frau-mit-Stromkugel_Vorschau_60x44-300dpi-300x220.jpg 300w\" sizes=\"(max-width: 709px) 100vw, 709px\" \/><\/div>\n                                            <div class=\"title\">\n                            <h3 class=\"elementor-repeater-item\" style=\"color: #ffffff\">Vorschau<\/h3>\n                    <\/div>\n        <p class=\"service-content elementor-repeater-item\" style=\"color: #ffffff\">Unsere n\u00e4chsten Schwerpunkte<\/p>\n                <\/div> \n    <\/div>\n    <\/a>\n    <a target=\"\" href=\"https:\/\/dievolkswirtschaft.ch\/de\/archiv\/\">    <div class=\"mxm-service elementor-repeater-item\" style=\"background: #999999\">   \n        <div class=\"mxm-service-wrapper \">\n                                                        <div><img loading=\"lazy\" decoding=\"async\" width=\"1500\" height=\"832\" src=\"https:\/\/dievolkswirtschaft.ch\/content\/uploads\/2026\/03\/DV-Slider_Cover_03-26_de.jpg\" class=\"attachment-high size-high wp-post-image\" alt=\"\" srcset=\"https:\/\/dievolkswirtschaft.ch\/content\/uploads\/2026\/03\/DV-Slider_Cover_03-26_de.jpg 1500w, https:\/\/dievolkswirtschaft.ch\/content\/uploads\/2026\/03\/DV-Slider_Cover_03-26_de-300x166.jpg 300w, https:\/\/dievolkswirtschaft.ch\/content\/uploads\/2026\/03\/DV-Slider_Cover_03-26_de-1024x568.jpg 1024w, https:\/\/dievolkswirtschaft.ch\/content\/uploads\/2026\/03\/DV-Slider_Cover_03-26_de-768x426.jpg 768w\" sizes=\"(max-width: 1500px) 100vw, 1500px\" \/><\/div>\n                                            <div class=\"title\">\n                            <h3 class=\"elementor-repeater-item\" style=\"color: #ffffff\">Druckausgaben<\/h3>\n                    <\/div>\n        <p class=\"service-content elementor-repeater-item\" style=\"color: #ffffff\">Kostenlos herunterladen<\/p>\n                <\/div> \n    <\/div>\n    <\/a>\n    <a target=\"\" href=\"https:\/\/dievolkswirtschaft.ch\/serien\/konjunkturtendenzen\/\">    <div class=\"mxm-service elementor-repeater-item\" style=\"background: #999999\">   \n        <div class=\"mxm-service-wrapper \">\n                                                        <div><img loading=\"lazy\" decoding=\"async\" width=\"2350\" height=\"1264\" src=\"https:\/\/dievolkswirtschaft.ch\/content\/uploads\/2024\/03\/Bild_Konjunktur2.jpg\" class=\"attachment-high size-high wp-post-image\" alt=\"\" srcset=\"https:\/\/dievolkswirtschaft.ch\/content\/uploads\/2024\/03\/Bild_Konjunktur2.jpg 2350w, https:\/\/dievolkswirtschaft.ch\/content\/uploads\/2024\/03\/Bild_Konjunktur2-300x161.jpg 300w, https:\/\/dievolkswirtschaft.ch\/content\/uploads\/2024\/03\/Bild_Konjunktur2-1024x551.jpg 1024w, https:\/\/dievolkswirtschaft.ch\/content\/uploads\/2024\/03\/Bild_Konjunktur2-768x413.jpg 768w, https:\/\/dievolkswirtschaft.ch\/content\/uploads\/2024\/03\/Bild_Konjunktur2-1536x826.jpg 1536w, https:\/\/dievolkswirtschaft.ch\/content\/uploads\/2024\/03\/Bild_Konjunktur2-2048x1102.jpg 2048w\" sizes=\"(max-width: 2350px) 100vw, 2350px\" \/><\/div>\n                                            <div class=\"title\">\n                            <h3 class=\"elementor-repeater-item\" style=\"color: #ffffff\">Konjunktur&shy;tendenzen<\/h3>\n                    <\/div>\n        <p class=\"service-content elementor-repeater-item\" style=\"color: #ffffff\">Wirtschaftsprognosen des Seco<\/p>\n                <\/div> \n    <\/div>\n    <\/a><\/div><\/div>\t\t<\/div>\n\t\t\t\t<\/div>\n\t\t\t\t\t<\/div>\n\t\t<\/div>\n\t\t\t\t\t<\/div>\n\t\t<\/section>\n\t\t\t\t<\/div>","protected":false},"excerpt":{"rendered":"<p>DigitalGeldGeschichteWirtschaftspolitik Steht Bargeld vor der digitalen Renais&shy;sance? Bargeld kommuniziert genau das Notwendige und nicht mehr. L\u00e4sst sich diese Eigenschaft retten in eine Zeit der gef\u00e4hrdeten Geheimsph\u00e4re und des digitalen Geldwesens? Urs Birchler &nbsp;| 15.05.23 GeldWissenschaftWirtschaftspolitik Wer bezahlt denn heute noch bar? Am Kiosk, in der B\u00e4ckerei und im Caf\u00e9: In der Schweiz erfolgt jede dritte [&hellip;]<\/p>","protected":false},"author":3,"featured_media":166496,"parent":0,"menu_order":0,"comment_status":"closed","ping_status":"closed","template":"","meta":{"_acf_changed":false,"om_disable_all_campaigns":false,"ep_exclude_from_search":false,"footnotes":""},"acf":[],"_links":{"self":[{"href":"https:\/\/dievolkswirtschaft.ch\/de\/wp-json\/wp\/v2\/pages\/52"}],"collection":[{"href":"https:\/\/dievolkswirtschaft.ch\/de\/wp-json\/wp\/v2\/pages"}],"about":[{"href":"https:\/\/dievolkswirtschaft.ch\/de\/wp-json\/wp\/v2\/types\/page"}],"author":[{"embeddable":true,"href":"https:\/\/dievolkswirtschaft.ch\/de\/wp-json\/wp\/v2\/users\/3"}],"replies":[{"embeddable":true,"href":"https:\/\/dievolkswirtschaft.ch\/de\/wp-json\/wp\/v2\/comments?post=52"}],"version-history":[{"count":109,"href":"https:\/\/dievolkswirtschaft.ch\/de\/wp-json\/wp\/v2\/pages\/52\/revisions"}],"predecessor-version":[{"id":184311,"href":"https:\/\/dievolkswirtschaft.ch\/de\/wp-json\/wp\/v2\/pages\/52\/revisions\/184311"}],"wp:featuredmedia":[{"embeddable":true,"href":"https:\/\/dievolkswirtschaft.ch\/de\/wp-json\/wp\/v2\/media\/166496"}],"wp:attachment":[{"href":"https:\/\/dievolkswirtschaft.ch\/de\/wp-json\/wp\/v2\/media?parent=52"}],"curies":[{"name":"wp","href":"https:\/\/api.w.org\/{rel}","templated":true}]}}