{"id":52,"date":"2021-11-02T10:45:50","date_gmt":"2021-11-02T10:45:50","guid":{"rendered":"https:\/\/dievolkswirtschaft.ch\/?page_id=52"},"modified":"2023-05-22T14:17:52","modified_gmt":"2023-05-22T12:17:52","slug":"home","status":"publish","type":"page","link":"https:\/\/dievolkswirtschaft.ch\/de\/","title":{"rendered":"Home"},"content":{"rendered":"\t\t<div data-elementor-type=\"wp-page\" data-elementor-id=\"52\" class=\"elementor elementor-52\" data-elementor-post-type=\"page\">\n\t\t\t\t\t\t<section class=\"elementor-section elementor-top-section elementor-element elementor-element-7a76adf elementor-section-full_width elementor-section-height-default elementor-section-height-default\" data-id=\"7a76adf\" data-element_type=\"section\">\n\t\t\t\t\t\t<div class=\"elementor-container elementor-column-gap-default\">\n\t\t\t\t\t<div class=\"elementor-column elementor-col-100 elementor-top-column elementor-element elementor-element-c6d2ef4\" data-id=\"c6d2ef4\" data-element_type=\"column\">\n\t\t\t<div class=\"elementor-widget-wrap elementor-element-populated\">\n\t\t\t\t\t\t<div class=\"elementor-element elementor-element-5b763fd elementor-widget elementor-widget-mxm-mxmhomeslider\" data-id=\"5b763fd\" data-element_type=\"widget\" data-widget_type=\"mxm-mxmhomeslider.default\">\n\t\t\t\t<div class=\"elementor-widget-container\">\n\t\t\t        \n<!--\n        Array\n(\n    [0] => Array\n        (\n            [id] => 222619\n            [type] => post\n        )\n\n    [1] => Array\n        (\n            [id] => 222614\n            [type] => post\n        )\n\n    [2] => Array\n        (\n            [id] => 222600\n            [type] => post\n        )\n\n    [3] => Array\n        (\n            [id] => 222845\n            [type] => post\n        )\n\n    [4] => Array\n        (\n            [id] => 222441\n            [type] => post\n        )\n\n)\n        -->\n        <div class=\"mxm-home-slider\">\n            <div class=\"mxm-home-slider-wrapper\">\n                <div class=\"slide\">\n    <div class=\"slider-wrapper\">\n        <div class=\"mxm-post-thumbnail\">\n            <a href=\"https:\/\/dievolkswirtschaft.ch\/de\/2026\/08\/agenda-2030-eine-gemischte-bilanz\/\"><img fetchpriority=\"high\" decoding=\"async\" width=\"800\" height=\"431\" src=\"https:\/\/dievolkswirtschaft.ch\/content\/uploads\/2026\/08\/Dubas_392912842_web-1024x552.jpg\" class=\"attachment-large size-large wp-post-image\" alt=\"\" srcset=\"https:\/\/dievolkswirtschaft.ch\/content\/uploads\/2026\/08\/Dubas_392912842_web-1024x552.jpg 1024w, https:\/\/dievolkswirtschaft.ch\/content\/uploads\/2026\/08\/Dubas_392912842_web-300x162.jpg 300w, https:\/\/dievolkswirtschaft.ch\/content\/uploads\/2026\/08\/Dubas_392912842_web-768x414.jpg 768w, https:\/\/dievolkswirtschaft.ch\/content\/uploads\/2026\/08\/Dubas_392912842_web.jpg 1335w\" sizes=\"(max-width: 800px) 100vw, 800px\" \/><\/a>\n        <\/div>\n        <div class=\"mxm-post-content\">\n            <div class=\"mxm-post-tags\">\n                <a class=\"mxm-post-tag\" data-tax=\"post_content_subject\" data-term=\"gleichstellung\">Gleichstellung<\/a><a class=\"mxm-post-tag\" data-tax=\"post_content_subject\" data-term=\"klima\">Klima<\/a><a class=\"mxm-post-tag\" data-tax=\"post_content_subject\" data-term=\"rohstoffe\">Rohstoffe<\/a><a class=\"mxm-post-tag\" data-tax=\"post_content_subject\" data-term=\"umweltpolitik\">Umwelt<\/a><a class=\"mxm-post-tag\" data-tax=\"post_content_category\" data-term=\"international\">International<\/a>            <\/div>\n            <div class=\"mxm-post-title\">\n                <a href=\"https:\/\/dievolkswirtschaft.ch\/de\/2026\/08\/agenda-2030-eine-gemischte-bilanz\/\">\n                    <h3>Agenda 2030: Eine gemischte Bilanz <\/h3>\n                <\/a>\n            <\/div>\n\n            <div class=\"mxm-post-excerpt\">\n                <p>2019 am UNO-Hauptquartier in New York: #2030isNOW. Die  Schweiz hat Fortschritte gemacht, wird aber nicht alle Nachhaltigkeitsziele erreichen.<\/p>\n            <\/div>\n\n            <div class=\"mxm-post-footer\">\n                <div class=\"mxm-post-info\">\n                    <div class=\"mxm-post-author\">\n                        <div class=\"mxm-authors\">\n                            <a href=\"https:\/\/dievolkswirtschaft.ch\/de\/author\/daniel-dubas\/\" class=\"related-p-authors\">Daniel Dubas<\/a>, <a href=\"https:\/\/dievolkswirtschaft.ch\/de\/author\/markus-reubi\/\" class=\"related-p-authors\">Markus Reubi<\/a>                        <\/div>\n                        <div class=\"mxm-post-date\">\n                            <span class=\"v-line\">&nbsp;|<\/span>\n                            <p> 31.08.26<\/p>\n                        <\/div>\n                    <\/div>\n                    <div class=\"mxm-post-bookmark\" data-id=\"\">\n                        <p><img decoding=\"async\" src=\"https:\/\/dievolkswirtschaft.ch\/wp-content\/themes\/maxomedia-starter-child\/assets\/images\/bookmark-default.svg\" alt=\"\"><\/p>\n                    <\/div>\n                <\/div>\n            <\/div>\n        <\/div>\n    <\/div>\n<\/div><div class=\"slide\">\n    <div class=\"slider-wrapper\">\n        <div class=\"mxm-post-thumbnail\">\n            <a href=\"https:\/\/dievolkswirtschaft.ch\/de\/2026\/09\/die-lange-geschichte-der-nachhaltigkeit\/\"><img decoding=\"async\" width=\"800\" height=\"431\" src=\"https:\/\/dievolkswirtschaft.ch\/content\/uploads\/2026\/09\/Bader-Breu_561349640_web-1024x552.jpg\" class=\"attachment-large size-large wp-post-image\" alt=\"\" srcset=\"https:\/\/dievolkswirtschaft.ch\/content\/uploads\/2026\/09\/Bader-Breu_561349640_web-1024x552.jpg 1024w, https:\/\/dievolkswirtschaft.ch\/content\/uploads\/2026\/09\/Bader-Breu_561349640_web-300x162.jpg 300w, https:\/\/dievolkswirtschaft.ch\/content\/uploads\/2026\/09\/Bader-Breu_561349640_web-768x414.jpg 768w, https:\/\/dievolkswirtschaft.ch\/content\/uploads\/2026\/09\/Bader-Breu_561349640_web.jpg 1335w\" sizes=\"(max-width: 800px) 100vw, 800px\" \/><\/a>\n        <\/div>\n        <div class=\"mxm-post-content\">\n            <div class=\"mxm-post-tags\">\n                <a class=\"mxm-post-tag\" data-tax=\"post_content_subject\" data-term=\"geschichte-2\">Geschichte<\/a><a class=\"mxm-post-tag\" data-tax=\"post_content_subject\" data-term=\"klima\">Klima<\/a><a class=\"mxm-post-tag\" data-tax=\"post_content_subject\" data-term=\"umweltpolitik\">Umwelt<\/a><a class=\"mxm-post-tag\" data-tax=\"post_content_category\" data-term=\"international\">International<\/a>            <\/div>\n            <div class=\"mxm-post-title\">\n                <a href=\"https:\/\/dievolkswirtschaft.ch\/de\/2026\/09\/die-lange-geschichte-der-nachhaltigkeit\/\">\n                    <h3>Die lange Geschichte der Nachhaltigkeit <\/h3>\n                <\/a>\n            <\/div>\n\n            <div class=\"mxm-post-excerpt\">\n                <p>Wie wirtschaften wir, ohne die eigenen Lebensgrundlagen zu zerst\u00f6ren? Die Frage besch\u00e4ftigt uns seit 300 Jahren. Die Geschichte zeigt, wie sich die Antworten ver\u00e4ndert haben und weshalb heute auch Institutionen wie die Schuldenbremse im Zentrum stehen.<\/p>\n            <\/div>\n\n            <div class=\"mxm-post-footer\">\n                <div class=\"mxm-post-info\">\n                    <div class=\"mxm-post-author\">\n                        <div class=\"mxm-authors\">\n                            <a href=\"https:\/\/dievolkswirtschaft.ch\/de\/author\/christoph-bader\/\" class=\"related-p-authors\">Christoph Bader<\/a>, <a href=\"https:\/\/dievolkswirtschaft.ch\/de\/author\/thomas-breu\/\" class=\"related-p-authors\">Thomas Breu<\/a>                        <\/div>\n                        <div class=\"mxm-post-date\">\n                            <span class=\"v-line\">&nbsp;|<\/span>\n                            <p> 01.09.26<\/p>\n                        <\/div>\n                    <\/div>\n                    <div class=\"mxm-post-bookmark\" data-id=\"\">\n                        <p><img decoding=\"async\" src=\"https:\/\/dievolkswirtschaft.ch\/wp-content\/themes\/maxomedia-starter-child\/assets\/images\/bookmark-default.svg\" alt=\"\"><\/p>\n                    <\/div>\n                <\/div>\n            <\/div>\n        <\/div>\n    <\/div>\n<\/div><div class=\"slide\">\n    <div class=\"slider-wrapper\">\n        <div class=\"mxm-post-thumbnail\">\n            <a href=\"https:\/\/dievolkswirtschaft.ch\/de\/2026\/09\/ein-kompass-fuer-alle\/\"><img decoding=\"async\" width=\"800\" height=\"431\" src=\"https:\/\/dievolkswirtschaft.ch\/content\/uploads\/2026\/09\/Guenther_310207969_web-1024x552.jpg\" class=\"attachment-large size-large wp-post-image\" alt=\"\" srcset=\"https:\/\/dievolkswirtschaft.ch\/content\/uploads\/2026\/09\/Guenther_310207969_web-1024x552.jpg 1024w, https:\/\/dievolkswirtschaft.ch\/content\/uploads\/2026\/09\/Guenther_310207969_web-300x162.jpg 300w, https:\/\/dievolkswirtschaft.ch\/content\/uploads\/2026\/09\/Guenther_310207969_web-768x414.jpg 768w, https:\/\/dievolkswirtschaft.ch\/content\/uploads\/2026\/09\/Guenther_310207969_web.jpg 1335w\" sizes=\"(max-width: 800px) 100vw, 800px\" \/><\/a>\n        <\/div>\n        <div class=\"mxm-post-content\">\n            <div class=\"mxm-post-tags\">\n                <a class=\"mxm-post-tag\" data-tax=\"post_content_subject\" data-term=\"bildung\">Bildung<\/a><a class=\"mxm-post-tag\" data-tax=\"post_content_subject\" data-term=\"umweltpolitik\">Umwelt<\/a><a class=\"mxm-post-tag\" data-tax=\"post_content_category\" data-term=\"international\">International<\/a>            <\/div>\n            <div class=\"mxm-post-title\">\n                <a href=\"https:\/\/dievolkswirtschaft.ch\/de\/2026\/09\/ein-kompass-fuer-alle\/\">\n                    <h3>Ein Kompass f\u00fcr alle <\/h3>\n                <\/a>\n            <\/div>\n\n            <div class=\"mxm-post-excerpt\">\n                <p>Die Agenda 2030 war ein historischer Meilenstein. Zehn Jahre nach ihrer Verabschiedung steht sie unter Druck. Doch gerade in einer polarisierten Welt braucht es gemeinsame Ziele und alle L\u00e4nder, um sie zu erreichen \u2013 aus humanit\u00e4ren und wirtschaftlichen Gr\u00fcnden.<\/p>\n            <\/div>\n\n            <div class=\"mxm-post-footer\">\n                <div class=\"mxm-post-info\">\n                    <div class=\"mxm-post-author\">\n                        <div class=\"mxm-authors\">\n                            <a href=\"https:\/\/dievolkswirtschaft.ch\/de\/author\/isabel-guenther\/\" class=\"related-p-authors\">Isabel G\u00fcnther<\/a>                        <\/div>\n                        <div class=\"mxm-post-date\">\n                            <span class=\"v-line\">&nbsp;|<\/span>\n                            <p> 04.09.26<\/p>\n                        <\/div>\n                    <\/div>\n                    <div class=\"mxm-post-bookmark\" data-id=\"\">\n                        <p><img decoding=\"async\" src=\"https:\/\/dievolkswirtschaft.ch\/wp-content\/themes\/maxomedia-starter-child\/assets\/images\/bookmark-default.svg\" alt=\"\"><\/p>\n                    <\/div>\n                <\/div>\n            <\/div>\n        <\/div>\n    <\/div>\n<\/div><div class=\"slide\">\n    <div class=\"slider-wrapper\">\n        <div class=\"mxm-post-thumbnail\">\n            <a href=\"https:\/\/dievolkswirtschaft.ch\/de\/2026\/09\/wie-wichtig-sind-praktische-faehigkeiten-beim-berufseinstieg\/\"><img loading=\"lazy\" decoding=\"async\" width=\"800\" height=\"431\" src=\"https:\/\/dievolkswirtschaft.ch\/content\/uploads\/2026\/09\/Wolter_zam_20230907_wettkampftag2_web-1024x552.jpg\" class=\"attachment-large size-large wp-post-image\" alt=\"\" srcset=\"https:\/\/dievolkswirtschaft.ch\/content\/uploads\/2026\/09\/Wolter_zam_20230907_wettkampftag2_web-1024x552.jpg 1024w, https:\/\/dievolkswirtschaft.ch\/content\/uploads\/2026\/09\/Wolter_zam_20230907_wettkampftag2_web-300x162.jpg 300w, https:\/\/dievolkswirtschaft.ch\/content\/uploads\/2026\/09\/Wolter_zam_20230907_wettkampftag2_web-768x414.jpg 768w, https:\/\/dievolkswirtschaft.ch\/content\/uploads\/2026\/09\/Wolter_zam_20230907_wettkampftag2_web.jpg 1335w\" sizes=\"(max-width: 800px) 100vw, 800px\" \/><\/a>\n        <\/div>\n        <div class=\"mxm-post-content\">\n            <div class=\"mxm-post-tags\">\n                <a class=\"mxm-post-tag\" data-tax=\"post_content_subject\" data-term=\"arbeit\">Arbeit<\/a><a class=\"mxm-post-tag\" data-tax=\"post_content_subject\" data-term=\"bildung\">Bildung<\/a><a class=\"mxm-post-tag\" data-tax=\"post_content_category\" data-term=\"uebrige-wirtschaftspolitik\">Wirtschaftspolitik<\/a>            <\/div>\n            <div class=\"mxm-post-title\">\n                <a href=\"https:\/\/dievolkswirtschaft.ch\/de\/2026\/09\/wie-wichtig-sind-praktische-faehigkeiten-beim-berufseinstieg\/\">\n                    <h3>Wie wichtig sind praktische F\u00e4higkeiten beim Berufseinstieg? <\/h3>\n                <\/a>\n            <\/div>\n\n            <div class=\"mxm-post-excerpt\">\n                <p><\/p>\n            <\/div>\n\n            <div class=\"mxm-post-footer\">\n                <div class=\"mxm-post-info\">\n                    <div class=\"mxm-post-author\">\n                        <div class=\"mxm-authors\">\n                            Nachgefragt bei Stefan C. Wolter, Universit\u00e4t Bern                        <\/div>\n                        <div class=\"mxm-post-date\">\n                            <span class=\"v-line\">&nbsp;|<\/span>\n                            <p> 02.09.26<\/p>\n                        <\/div>\n                    <\/div>\n                    <div class=\"mxm-post-bookmark\" data-id=\"\">\n                        <p><img decoding=\"async\" src=\"https:\/\/dievolkswirtschaft.ch\/wp-content\/themes\/maxomedia-starter-child\/assets\/images\/bookmark-default.svg\" alt=\"\"><\/p>\n                    <\/div>\n                <\/div>\n            <\/div>\n        <\/div>\n    <\/div>\n<\/div><div class=\"slide\">\n    <div class=\"slider-wrapper\">\n        <div class=\"mxm-post-thumbnail\">\n            <a href=\"https:\/\/dievolkswirtschaft.ch\/de\/2026\/09\/was-ist-an-der-nachhaltigkeit-oekonomisch-mehr-als-man-denkt\/\"><img loading=\"lazy\" decoding=\"async\" width=\"800\" height=\"431\" src=\"https:\/\/dievolkswirtschaft.ch\/content\/uploads\/2026\/09\/Winkler_428838411_web-1024x552.jpg\" class=\"attachment-large size-large wp-post-image\" alt=\"\" srcset=\"https:\/\/dievolkswirtschaft.ch\/content\/uploads\/2026\/09\/Winkler_428838411_web-1024x552.jpg 1024w, https:\/\/dievolkswirtschaft.ch\/content\/uploads\/2026\/09\/Winkler_428838411_web-300x162.jpg 300w, https:\/\/dievolkswirtschaft.ch\/content\/uploads\/2026\/09\/Winkler_428838411_web-768x414.jpg 768w, https:\/\/dievolkswirtschaft.ch\/content\/uploads\/2026\/09\/Winkler_428838411_web.jpg 1335w\" sizes=\"(max-width: 800px) 100vw, 800px\" \/><\/a>\n        <\/div>\n        <div class=\"mxm-post-content\">\n            <div class=\"mxm-post-tags\">\n                <a class=\"mxm-post-tag\" data-tax=\"post_content_subject\" data-term=\"klima\">Klima<\/a><a class=\"mxm-post-tag\" data-tax=\"post_content_subject\" data-term=\"rohstoffe\">Rohstoffe<\/a><a class=\"mxm-post-tag\" data-tax=\"post_content_subject\" data-term=\"umweltpolitik\">Umwelt<\/a><a class=\"mxm-post-tag\" data-tax=\"post_content_category\" data-term=\"international\">International<\/a>            <\/div>\n            <div class=\"mxm-post-title\">\n                <a href=\"https:\/\/dievolkswirtschaft.ch\/de\/2026\/09\/was-ist-an-der-nachhaltigkeit-oekonomisch-mehr-als-man-denkt\/\">\n                    <h3>Was ist an der Nachhaltigkeit \u00f6konomisch? Mehr, als man denkt <\/h3>\n                <\/a>\n            <\/div>\n\n            <div class=\"mxm-post-excerpt\">\n                <p>Nachhaltigkeit wird oft als Gegenpol zur Wirtschaft verstanden. Aus \u00f6konomischer Sicht geht es jedoch um zwei Fragen: Wie nutzen wir knappe Ressourcen effizient? Und wie verteilen wir die damit verbundenen Kosten und Nutzen?<\/p>\n            <\/div>\n\n            <div class=\"mxm-post-footer\">\n                <div class=\"mxm-post-info\">\n                    <div class=\"mxm-post-author\">\n                        <div class=\"mxm-authors\">\n                            <a href=\"https:\/\/dievolkswirtschaft.ch\/de\/author\/ralph-winkler\/\" class=\"related-p-authors\">Ralph Winkler<\/a>                        <\/div>\n                        <div class=\"mxm-post-date\">\n                            <span class=\"v-line\">&nbsp;|<\/span>\n                            <p> 03.09.26<\/p>\n                        <\/div>\n                    <\/div>\n                    <div class=\"mxm-post-bookmark\" data-id=\"\">\n                        <p><img decoding=\"async\" src=\"https:\/\/dievolkswirtschaft.ch\/wp-content\/themes\/maxomedia-starter-child\/assets\/images\/bookmark-default.svg\" alt=\"\"><\/p>\n                    <\/div>\n                <\/div>\n            <\/div>\n        <\/div>\n    <\/div>\n<\/div>            <\/div>\n        <\/div>\n        \t\t<\/div>\n\t\t\t\t<\/div>\n\t\t\t\t\t<\/div>\n\t\t<\/div>\n\t\t\t\t\t<\/div>\n\t\t<\/section>\n\t\t\t\t<section class=\"elementor-section elementor-top-section elementor-element elementor-element-477c242 elementor-section-boxed elementor-section-height-default elementor-section-height-default\" data-id=\"477c242\" data-element_type=\"section\">\n\t\t\t\t\t\t<div class=\"elementor-container elementor-column-gap-default\">\n\t\t\t\t\t<div class=\"elementor-column elementor-col-100 elementor-top-column elementor-element elementor-element-aa02038\" data-id=\"aa02038\" data-element_type=\"column\">\n\t\t\t<div class=\"elementor-widget-wrap elementor-element-populated\">\n\t\t\t\t\t\t<div class=\"elementor-element elementor-element-967bf26 elementor-widget elementor-widget-mxm-home-schwerpunkte\" data-id=\"967bf26\" data-element_type=\"widget\" data-widget_type=\"mxm-home-schwerpunkte.default\">\n\t\t\t\t<div class=\"elementor-widget-container\">\n\t\t\t\n        <div class=\"mxm-posts-filtered-container\">\n            <div class=\"mxm-posts-filtered-wrapper\">\n\n                <div class=\"mxm-posts-filtered-title by-tax\">\n                    <a href=\"\/de\/schwerpunkte\"> <p class=\"mxm-posts-by-tax-title\">Schwerpunkt <span class=\"go-to-category\"> > \u00dcbersicht<\/span><\/p><\/a>\n                <\/div>\n                <div class=\"mxm-posts-filtered-body\">\n                    <div class=\"mxm-posts-grid\">\n\t\t\t\t\t\t\n\t\t\t\t\t\t\t<div class=\"mxm-post-container\">\n    <div class=\"mxm-post-wrapper\">\n        <div class=\"mxm-post-item mxm-post-schwerpunkte\">\n            <div class=\"mxm-post-header\">\n                <div class=\"mxm-post-featured\">\n                    <a class=\"static\" href=\"https:\/\/dievolkswirtschaft.ch\/de\/schwerpunkte\/laesst-sich-alles-versichern\/\">\n                        <img decoding=\"async\" src=\"https:\/\/dievolkswirtschaft.ch\/content\/uploads\/2026\/07\/Versicherungen_Hippo_1300x720-1024x567.jpg\" alt=\"L\u00e4sst sich alles versichern?\">\n                    <\/a>\n                                            <a href=\"https:\/\/dievolkswirtschaft.ch\/de\/schwerpunkte\/laesst-sich-alles-versichern\/\" class=\"animated img-wrapper\">\n                            <img decoding=\"async\" src=\"https:\/\/dievolkswirtschaft.ch\/content\/uploads\/2026\/07\/Versicherungen_Hippo_Video.gif\" alt=\"L\u00e4sst sich alles versichern?\" \/>\n                        <\/a>\n                                    <\/div>\n            <\/div>\n            <div class=\"mxm-post-body\">\n                <div class=\"mxm-post-title\">\n                    <a href=\"https:\/\/dievolkswirtschaft.ch\/de\/schwerpunkte\/laesst-sich-alles-versichern\/\"><h4>L\u00e4sst sich alles versichern?<\/h4><\/a>\n                <\/div>\n                <div class=\"mxm-post-tags\">\n                    <a href=\"https:\/\/dievolkswirtschaft.ch\/de\/schwerpunkt\" class=\"mxm-post-tag related-post-tag\" data-tax=\"post_content_category\">Schwerpunkt<\/a>                <\/div>\n                <div class=\"mxm-post-footer\">\n                    <div class=\"mxm-post-info\">\n                        <div class=\"mxm-post-author\">\n                            <p>14.07.26<\/p>\n                        <\/div>\n                    <\/div>\n                <\/div>\n            <\/div>\n        <\/div>\n    <\/div>\n<\/div>\t\t\t\t\t\t\n\t\t\t\t\t\t\t<div class=\"mxm-post-container\">\n    <div class=\"mxm-post-wrapper\">\n        <div class=\"mxm-post-item mxm-post-schwerpunkte\">\n            <div class=\"mxm-post-header\">\n                <div class=\"mxm-post-featured\">\n                    <a class=\"static\" href=\"https:\/\/dievolkswirtschaft.ch\/de\/schwerpunkte\/regulieren-uebertreiben-wir-es\/\">\n                        <img decoding=\"async\" src=\"https:\/\/dievolkswirtschaft.ch\/content\/uploads\/2026\/06\/Regulieren\u0393CoUebertreiben-wir-es_Fallschirm_1300x720-1024x567.jpg\" alt=\"Regulieren: \u00dcbertreiben wir es?\">\n                    <\/a>\n                                            <a href=\"https:\/\/dievolkswirtschaft.ch\/de\/schwerpunkte\/regulieren-uebertreiben-wir-es\/\" class=\"animated img-wrapper\">\n                            <img decoding=\"async\" src=\"https:\/\/dievolkswirtschaft.ch\/content\/uploads\/2026\/06\/GIF-4-MB-magnific_die-kamera-fahrt-auf-den-_tfRbgyImZJ-ezgif.com-video-to-gif-converter-5.gif\" alt=\"Regulieren: \u00dcbertreiben wir es?\" \/>\n                        <\/a>\n                                    <\/div>\n            <\/div>\n            <div class=\"mxm-post-body\">\n                <div class=\"mxm-post-title\">\n                    <a href=\"https:\/\/dievolkswirtschaft.ch\/de\/schwerpunkte\/regulieren-uebertreiben-wir-es\/\"><h4>Regulieren: \u00dcbertreiben wir es?<\/h4><\/a>\n                <\/div>\n                <div class=\"mxm-post-tags\">\n                    <a href=\"https:\/\/dievolkswirtschaft.ch\/de\/schwerpunkt\" class=\"mxm-post-tag related-post-tag\" data-tax=\"post_content_category\">Schwerpunkt<\/a>                <\/div>\n                <div class=\"mxm-post-footer\">\n                    <div class=\"mxm-post-info\">\n                        <div class=\"mxm-post-author\">\n                            <p>09.06.26<\/p>\n                        <\/div>\n                    <\/div>\n                <\/div>\n            <\/div>\n        <\/div>\n    <\/div>\n<\/div>\t\t\t\t\t\t\n\t\t\t\t\t\t\t<div class=\"mxm-post-container\">\n    <div class=\"mxm-post-wrapper\">\n        <div class=\"mxm-post-item mxm-post-schwerpunkte\">\n            <div class=\"mxm-post-header\">\n                <div class=\"mxm-post-featured\">\n                    <a class=\"static\" href=\"https:\/\/dievolkswirtschaft.ch\/de\/schwerpunkte\/unter-strom\/\">\n                        <img decoding=\"async\" src=\"https:\/\/dievolkswirtschaft.ch\/content\/uploads\/2026\/05\/Frau-mit-Stromkugel_1300x720-1024x567.jpg\" alt=\"Unter Strom\">\n                    <\/a>\n                                            <a href=\"https:\/\/dievolkswirtschaft.ch\/de\/schwerpunkte\/unter-strom\/\" class=\"animated img-wrapper\">\n                            <img decoding=\"async\" src=\"https:\/\/dievolkswirtschaft.ch\/content\/uploads\/2026\/05\/Frau-mit-Stromkugel_Video_Loop.gif\" alt=\"Unter Strom\" \/>\n                        <\/a>\n                                    <\/div>\n            <\/div>\n            <div class=\"mxm-post-body\">\n                <div class=\"mxm-post-title\">\n                    <a href=\"https:\/\/dievolkswirtschaft.ch\/de\/schwerpunkte\/unter-strom\/\"><h4>Unter Strom<\/h4><\/a>\n                <\/div>\n                <div class=\"mxm-post-tags\">\n                    <a href=\"https:\/\/dievolkswirtschaft.ch\/de\/schwerpunkt\" class=\"mxm-post-tag related-post-tag\" data-tax=\"post_content_category\">Schwerpunkt<\/a>                <\/div>\n                <div class=\"mxm-post-footer\">\n                    <div class=\"mxm-post-info\">\n                        <div class=\"mxm-post-author\">\n                            <p>12.05.26<\/p>\n                        <\/div>\n                    <\/div>\n                <\/div>\n            <\/div>\n        <\/div>\n    <\/div>\n<\/div>\t\t\t\t\t\t                    <\/div>\n                <\/div>\n            <\/div>\n        <\/div>\n\n\n\t\t\t\t<\/div>\n\t\t\t\t<\/div>\n\t\t\t\t<div class=\"elementor-element elementor-element-acfd8cc elementor-widget elementor-widget-mxm-home-themen\" data-id=\"acfd8cc\" data-element_type=\"widget\" data-widget_type=\"mxm-home-themen.default\">\n\t\t\t\t<div class=\"elementor-widget-container\">\n\t\t\t\n        <div class=\"mxm-posts-filtered-container themen___\">\n            <div class=\"mxm-posts-filtered-wrapper\">\n\n                <div class=\"mxm-posts-filtered-body mxm-posts-filtered\">\n                    <div class=\"mxm-posts-grid\">\n                        \n                            <div class=\"mxm-posts-filtered-title by-tax\">\n                                <a href=\"\/de\/schwerpunkte\">\n                                    <p class=\"mxm-posts-by-tax-title\">Schwerpunkte<span class=\"go-to-category\"> >\n                                            \u00dcbersicht<\/span><\/p>\n                                <\/a>\n                            <\/div>\n\n                            <div class=\"mxm-post-container\">\n    \n<!--  -->\n        <div class=\"mxm-post-wrapper\">\n        <div class=\"mxm-post-item\">\n            <div class=\"mxm-post-header\">\n                <div class=\"mxm-post-featured\">\n                    <a href=\"https:\/\/dievolkswirtschaft.ch\/de\/2026\/09\/ein-kompass-fuer-alle\/\">\n                                                    <img decoding=\"async\" width=\"800\" height=\"431\" src=\"https:\/\/dievolkswirtschaft.ch\/content\/uploads\/2026\/09\/Guenther_310207969_web-1024x552.jpg\" class=\"attachment-large size-large wp-post-image\" alt=\"\" srcset=\"https:\/\/dievolkswirtschaft.ch\/content\/uploads\/2026\/09\/Guenther_310207969_web-1024x552.jpg 1024w, https:\/\/dievolkswirtschaft.ch\/content\/uploads\/2026\/09\/Guenther_310207969_web-300x162.jpg 300w, https:\/\/dievolkswirtschaft.ch\/content\/uploads\/2026\/09\/Guenther_310207969_web-768x414.jpg 768w, https:\/\/dievolkswirtschaft.ch\/content\/uploads\/2026\/09\/Guenther_310207969_web.jpg 1335w\" sizes=\"(max-width: 800px) 100vw, 800px\" \/>                                            <\/a>\n                <\/div>\n            <\/div>\n            <div class=\"mxm-post-body\">\n                <div class=\"mxm-post-title\">\n                    <a href=\"https:\/\/dievolkswirtschaft.ch\/de\/2026\/09\/ein-kompass-fuer-alle\/\"><h4>Ein Kompass f\u00fcr alle<\/h4><\/a>\n                <\/div>\n                <div class=\"mxm-post-tags\">\n                                        <div class=\"tag-cloud\">\n                        <a href=\"https:\/\/dievolkswirtschaft.ch\/de\/themen\/?cat1=international\" class=\"mxm-post-tag related-post-tag\" data-tax=\"post_content_category\" data-term=\"international\">International<\/a>                    <\/div>\n                                    <\/div>\n                <div class=\"mxm-post-footer\">\n                    <div class=\"mxm-post-info\">\n                        <div class=\"mxm-post-author\">\n                            <p><a href=\"https:\/\/dievolkswirtschaft.ch\/de\/author\/isabel-guenther\/\" class=\"related-p-authors\">Isabel G\u00fcnther<\/a> | 04.09.26<\/p>\n                        <\/div>\n                    <\/div>\n                    <div class=\"mxm-post-bookmark\" data-id=\"222600\">\n                        <p><img decoding=\"async\" src=\"https:\/\/dievolkswirtschaft.ch\/wp-content\/themes\/maxomedia-starter-child\/assets\/images\/bookmark-default.svg\" alt=\"\"><\/p>\n                    <\/div>\n                <\/div>\n            <\/div>\n        <\/div>\n    <\/div>\n<\/div>                        \n                            <div class=\"mxm-posts-filtered-title by-tax\">\n                                <a href=\"\/de\/schwerpunkte\">\n                                    <p class=\"mxm-posts-by-tax-title\">Schwerpunkte<span class=\"go-to-category\"> >\n                                            \u00dcbersicht<\/span><\/p>\n                                <\/a>\n                            <\/div>\n\n                            <div class=\"mxm-post-container\">\n    \n<!--  -->\n        <div class=\"mxm-post-wrapper\">\n        <div class=\"mxm-post-item\">\n            <div class=\"mxm-post-header\">\n                <div class=\"mxm-post-featured\">\n                    <a href=\"https:\/\/dievolkswirtschaft.ch\/de\/2026\/09\/was-ist-an-der-nachhaltigkeit-oekonomisch-mehr-als-man-denkt\/\">\n                                                    <img loading=\"lazy\" decoding=\"async\" width=\"800\" height=\"431\" src=\"https:\/\/dievolkswirtschaft.ch\/content\/uploads\/2026\/09\/Winkler_428838411_web-1024x552.jpg\" class=\"attachment-large size-large wp-post-image\" alt=\"\" srcset=\"https:\/\/dievolkswirtschaft.ch\/content\/uploads\/2026\/09\/Winkler_428838411_web-1024x552.jpg 1024w, https:\/\/dievolkswirtschaft.ch\/content\/uploads\/2026\/09\/Winkler_428838411_web-300x162.jpg 300w, https:\/\/dievolkswirtschaft.ch\/content\/uploads\/2026\/09\/Winkler_428838411_web-768x414.jpg 768w, https:\/\/dievolkswirtschaft.ch\/content\/uploads\/2026\/09\/Winkler_428838411_web.jpg 1335w\" sizes=\"(max-width: 800px) 100vw, 800px\" \/>                                            <\/a>\n                <\/div>\n            <\/div>\n            <div class=\"mxm-post-body\">\n                <div class=\"mxm-post-title\">\n                    <a href=\"https:\/\/dievolkswirtschaft.ch\/de\/2026\/09\/was-ist-an-der-nachhaltigkeit-oekonomisch-mehr-als-man-denkt\/\"><h4>Was ist an der Nachhaltigkeit \u00f6konomisch? Mehr, als man denkt<\/h4><\/a>\n                <\/div>\n                <div class=\"mxm-post-tags\">\n                                        <div class=\"tag-cloud\">\n                        <a href=\"https:\/\/dievolkswirtschaft.ch\/de\/themen\/?cat1=international\" class=\"mxm-post-tag related-post-tag\" data-tax=\"post_content_category\" data-term=\"international\">International<\/a>                    <\/div>\n                                    <\/div>\n                <div class=\"mxm-post-footer\">\n                    <div class=\"mxm-post-info\">\n                        <div class=\"mxm-post-author\">\n                            <p><a href=\"https:\/\/dievolkswirtschaft.ch\/de\/author\/ralph-winkler\/\" class=\"related-p-authors\">Ralph Winkler<\/a> | 03.09.26<\/p>\n                        <\/div>\n                    <\/div>\n                    <div class=\"mxm-post-bookmark\" data-id=\"222441\">\n                        <p><img decoding=\"async\" src=\"https:\/\/dievolkswirtschaft.ch\/wp-content\/themes\/maxomedia-starter-child\/assets\/images\/bookmark-default.svg\" alt=\"\"><\/p>\n                    <\/div>\n                <\/div>\n            <\/div>\n        <\/div>\n    <\/div>\n<\/div>                                                \n<style>\n                            @media (max-width: 1199px) {\n                                .themen___ .mxm-posts-grid .mxm-posts-filtered-recommendations {\n                                    grid-column: 1 \/ -1;\n                                }\n                            }\n                        <\/style>\n                        <div class=\"mxm-posts-filtered-recommendations\">\n                            <div class=\"recommendations-wrapper\">\n\n                                <div class=\"row\">\n                                    <div class=\"col\">\n                                        <div class=\"tabs\">\n\n                                            <div class=\"tab\">\n                                                <input type=\"checkbox\" id=\"rd1\" name=\"rd\" checked>\n                                                <label class=\"tab-label\"\n                                                    for=\"rd1\">Meistgelesen heute<\/label>\n                                                <div class=\"tab-content\">\n                                                    <div class=\"mxm-posts-popular\">\n                                                                                                                    <div class=\"popular-item\" data-if=\"222600\">\n                                                                <div class=\"left\">\n                                                                    <div class=\"key\">1<\/div>\n                                                                <\/div>\n                                                                <div class=\"right\">\n                                                                    <div class=\"tags\">\n                                                                        <a href=\"https:\/\/dievolkswirtschaft.ch\/de\/themen\/?cat1=international\" class=\"mxm-post-tag\" data-tax=\"post_content_category\" data-term=\"international\">International<\/a>                                                                    <\/div>\n                                                                    <div class=\"title\">\n                                                                        <a href=\"https:\/\/dievolkswirtschaft.ch\/de\/2026\/09\/ein-kompass-fuer-alle\/\">\n                                                                            <h3>Ein Kompass f\u00fcr alle<\/h3>\n                                                                        <\/a>\n                                                                    <\/div>\n                                                                    <div class=\"date\">\n                                                                        04.09.2026                                                                    <\/div>\n                                                                <\/div>\n                                                            <\/div>\n                                                                                                                    <div class=\"popular-item\" data-if=\"222217\">\n                                                                <div class=\"left\">\n                                                                    <div class=\"key\">2<\/div>\n                                                                <\/div>\n                                                                <div class=\"right\">\n                                                                    <div class=\"tags\">\n                                                                        <a href=\"https:\/\/dievolkswirtschaft.ch\/de\/themen\/?cat1=uebrige-wirtschaftspolitik\" class=\"mxm-post-tag\" data-tax=\"post_content_category\" data-term=\"uebrige-wirtschaftspolitik\">Wirtschaftspolitik<\/a>                                                                    <\/div>\n                                                                    <div class=\"title\">\n                                                                        <a href=\"https:\/\/dievolkswirtschaft.ch\/de\/2026\/08\/warum-muetter-weniger-verdienen-als-vaeter\/\">\n                                                                            <h3>Warum M\u00fctter weniger verdienen als V\u00e4ter<\/h3>\n                                                                        <\/a>\n                                                                    <\/div>\n                                                                    <div class=\"date\">\n                                                                        27.08.2026                                                                    <\/div>\n                                                                <\/div>\n                                                            <\/div>\n                                                                                                                    <div class=\"popular-item\" data-if=\"222441\">\n                                                                <div class=\"left\">\n                                                                    <div class=\"key\">3<\/div>\n                                                                <\/div>\n                                                                <div class=\"right\">\n                                                                    <div class=\"tags\">\n                                                                        <a href=\"https:\/\/dievolkswirtschaft.ch\/de\/themen\/?cat1=international\" class=\"mxm-post-tag\" data-tax=\"post_content_category\" data-term=\"international\">International<\/a>                                                                    <\/div>\n                                                                    <div class=\"title\">\n                                                                        <a href=\"https:\/\/dievolkswirtschaft.ch\/de\/2026\/09\/was-ist-an-der-nachhaltigkeit-oekonomisch-mehr-als-man-denkt\/\">\n                                                                            <h3>Was ist an der Nachhaltigkeit \u00f6konomisch? Mehr, als man denkt<\/h3>\n                                                                        <\/a>\n                                                                    <\/div>\n                                                                    <div class=\"date\">\n                                                                        03.09.2026                                                                    <\/div>\n                                                                <\/div>\n                                                            <\/div>\n                                                                                                            <\/div>\n                                                <\/div>\n                                            <\/div>\n\n                                            <div class=\"tab\">\n                                                <input type=\"checkbox\" id=\"rd2\" name=\"rd\">\n                                                <label class=\"tab-label\"\n                                                    for=\"rd2\">Neuste Artikel<\/label>\n                                                <div class=\"tab-content\">\n                                                    <div class=\"mxm-posts-popular\">\n                                                                                                                    <div class=\"popular-item\" data-if=\"222600\">\n                                                                <div class=\"left\">\n                                                                    <div class=\"key\">1<\/div>\n                                                                <\/div>\n                                                                <div class=\"right\">\n                                                                    <div class=\"tags\">\n                                                                        <a href=\"https:\/\/dievolkswirtschaft.ch\/de\/themen\/?cat1=international\" class=\"mxm-post-tag\" data-tax=\"post_content_category\" data-term=\"international\">International<\/a>                                                                    <\/div>\n                                                                    <div class=\"title\">\n                                                                        <a href=\"https:\/\/dievolkswirtschaft.ch\/de\/2026\/09\/ein-kompass-fuer-alle\/\">\n                                                                            <h3>Ein Kompass f\u00fcr alle<\/h3>\n                                                                        <\/a>\n                                                                    <\/div>\n                                                                    <div class=\"date\">\n                                                                        04.09.2026                                                                    <\/div>\n                                                                <\/div>\n                                                            <\/div>\n                                                                                                                    <div class=\"popular-item\" data-if=\"222441\">\n                                                                <div class=\"left\">\n                                                                    <div class=\"key\">2<\/div>\n                                                                <\/div>\n                                                                <div class=\"right\">\n                                                                    <div class=\"tags\">\n                                                                        <a href=\"https:\/\/dievolkswirtschaft.ch\/de\/themen\/?cat1=international\" class=\"mxm-post-tag\" data-tax=\"post_content_category\" data-term=\"international\">International<\/a>                                                                    <\/div>\n                                                                    <div class=\"title\">\n                                                                        <a href=\"https:\/\/dievolkswirtschaft.ch\/de\/2026\/09\/was-ist-an-der-nachhaltigkeit-oekonomisch-mehr-als-man-denkt\/\">\n                                                                            <h3>Was ist an der Nachhaltigkeit \u00f6konomisch? Mehr, als man denkt<\/h3>\n                                                                        <\/a>\n                                                                    <\/div>\n                                                                    <div class=\"date\">\n                                                                        03.09.2026                                                                    <\/div>\n                                                                <\/div>\n                                                            <\/div>\n                                                                                                                    <div class=\"popular-item\" data-if=\"222845\">\n                                                                <div class=\"left\">\n                                                                    <div class=\"key\">3<\/div>\n                                                                <\/div>\n                                                                <div class=\"right\">\n                                                                    <div class=\"tags\">\n                                                                        <a href=\"https:\/\/dievolkswirtschaft.ch\/de\/themen\/?cat1=uebrige-wirtschaftspolitik\" class=\"mxm-post-tag\" data-tax=\"post_content_category\" data-term=\"uebrige-wirtschaftspolitik\">Wirtschaftspolitik<\/a>                                                                    <\/div>\n                                                                    <div class=\"title\">\n                                                                        <a href=\"https:\/\/dievolkswirtschaft.ch\/de\/2026\/09\/wie-wichtig-sind-praktische-faehigkeiten-beim-berufseinstieg\/\">\n                                                                            <h3>Wie wichtig sind praktische F\u00e4higkeiten beim Berufseinstieg?<\/h3>\n                                                                        <\/a>\n                                                                    <\/div>\n                                                                    <div class=\"date\">\n                                                                        02.09.2026                                                                    <\/div>\n                                                                <\/div>\n                                                            <\/div>\n                                                                                                            <\/div>\n\n                                                    <a class=\"more-articles\"\n                                                        href=\"\/de\/alle-beitraege\">MEHR NEUE ARTIKEL<\/a>\n                                                <\/div>\n                                            <\/div>\n\n                                        <\/div>\n                                    <\/div>\n                                <\/div>\n                            <\/div>\n                        <\/div>\n                    <\/div>\n                <\/div>\n            <\/div>\n        <\/div>\n        \t\t<\/div>\n\t\t\t\t<\/div>\n\t\t\t\t<div class=\"elementor-element elementor-element-b28680e elementor-widget elementor-widget-mxm-home-dynamicposts\" data-id=\"b28680e\" data-element_type=\"widget\" data-widget_type=\"mxm-home-dynamicposts.default\">\n\t\t\t\t<div class=\"elementor-widget-container\">\n\t\t\t\n\t\t<div class=\"mxm-posts-filtered-container __recommendations\">\n                            <div class=\"mxm-posts-filtered-wrapper mxm-posts-first-line\">\n                    <div class=\"mxm-posts-filtered-body\">\n                        <div class=\"mxm-posts-grid with-recommendations\">\n                            \n                                <div class=\"mxm-post-container\">\n    \n<!-- Array\n(\n    [0] => WP_Term Object\n        (\n            [term_id] => 67\n            [name] => Meinungen\n            [slug] => meinungen\n            [term_group] => 0\n            [term_taxonomy_id] => 67\n            [taxonomy] => post__type\n            [description] => \n            [parent] => 0\n            [count] => 576\n            [filter] => raw\n        )\n\n)\n -->\n        <div class=\"mxm-posts-filtered-title by-tax\">\n        <a href=\"\/de\/meinungen\"><p class=\"mxm-posts-by-tax-title\">Meinungen <span class=\"go-to-category\"> > \u00dcbersicht<\/span><\/p><\/a>\n    <\/div>\n        <div class=\"mxm-post-wrapper\">\n        <div class=\"mxm-post-item\">\n            <div class=\"mxm-post-header\">\n                <div class=\"mxm-post-featured\">\n                    <a href=\"https:\/\/dievolkswirtschaft.ch\/de\/2026\/09\/wie-wichtig-sind-praktische-faehigkeiten-beim-berufseinstieg\/\">\n                                                    <img loading=\"lazy\" decoding=\"async\" width=\"800\" height=\"431\" src=\"https:\/\/dievolkswirtschaft.ch\/content\/uploads\/2026\/09\/Wolter_zam_20230907_wettkampftag2_web-1024x552.jpg\" class=\"attachment-large size-large wp-post-image\" alt=\"\" srcset=\"https:\/\/dievolkswirtschaft.ch\/content\/uploads\/2026\/09\/Wolter_zam_20230907_wettkampftag2_web-1024x552.jpg 1024w, https:\/\/dievolkswirtschaft.ch\/content\/uploads\/2026\/09\/Wolter_zam_20230907_wettkampftag2_web-300x162.jpg 300w, https:\/\/dievolkswirtschaft.ch\/content\/uploads\/2026\/09\/Wolter_zam_20230907_wettkampftag2_web-768x414.jpg 768w, https:\/\/dievolkswirtschaft.ch\/content\/uploads\/2026\/09\/Wolter_zam_20230907_wettkampftag2_web.jpg 1335w\" sizes=\"(max-width: 800px) 100vw, 800px\" \/>                                            <\/a>\n                <\/div>\n            <\/div>\n            <div class=\"mxm-post-body\">\n                <div class=\"mxm-post-title\">\n                    <a href=\"https:\/\/dievolkswirtschaft.ch\/de\/2026\/09\/wie-wichtig-sind-praktische-faehigkeiten-beim-berufseinstieg\/\"><h4>Wie wichtig sind praktische F\u00e4higkeiten beim Berufseinstieg?<\/h4><\/a>\n                <\/div>\n                <div class=\"mxm-post-tags\">\n                                        <div class=\"tag-cloud\">\n                        <a href=\"https:\/\/dievolkswirtschaft.ch\/de\/themen\/?cat1=uebrige-wirtschaftspolitik\" class=\"mxm-post-tag related-post-tag\" data-tax=\"post_content_category\" data-term=\"uebrige-wirtschaftspolitik\">Wirtschaftspolitik<\/a>                    <\/div>\n                                    <\/div>\n                <div class=\"mxm-post-footer\">\n                    <div class=\"mxm-post-info\">\n                        <div class=\"mxm-post-author\">\n                            <p>Nachgefragt bei Stefan C. Wolter, Universit\u00e4t Bern | 02.09.26<\/p>\n                        <\/div>\n                    <\/div>\n                    <div class=\"mxm-post-bookmark\" data-id=\"222845\">\n                        <p><img decoding=\"async\" src=\"https:\/\/dievolkswirtschaft.ch\/wp-content\/themes\/maxomedia-starter-child\/assets\/images\/bookmark-default.svg\" alt=\"\"><\/p>\n                    <\/div>\n                <\/div>\n            <\/div>\n        <\/div>\n    <\/div>\n<\/div>                            \n                                <div class=\"mxm-post-container\">\n    \n<!-- Array\n(\n    [0] => WP_Term Object\n        (\n            [term_id] => 69\n            [name] => Schwerpunkte\n            [slug] => schwerpunkte\n            [term_group] => 0\n            [term_taxonomy_id] => 69\n            [taxonomy] => post__type\n            [description] => \n            [parent] => 0\n            [count] => 1308\n            [filter] => raw\n        )\n\n    [1] => WP_Term Object\n        (\n            [term_id] => 66\n            [name] => Themen\n            [slug] => themen\n            [term_group] => 0\n            [term_taxonomy_id] => 66\n            [taxonomy] => post__type\n            [description] => \n            [parent] => 0\n            [count] => 3062\n            [filter] => raw\n        )\n\n)\n -->\n        <div class=\"mxm-posts-filtered-title by-tax\">\n        <a href=\"\/de\/schwerpunkte\"><p class=\"mxm-posts-by-tax-title\">Schwerpunkte <span class=\"go-to-category\"> > \u00dcbersicht<\/span><\/p><\/a>\n    <\/div>\n        <div class=\"mxm-post-wrapper\">\n        <div class=\"mxm-post-item\">\n            <div class=\"mxm-post-header\">\n                <div class=\"mxm-post-featured\">\n                    <a href=\"https:\/\/dievolkswirtschaft.ch\/de\/2026\/09\/die-lange-geschichte-der-nachhaltigkeit\/\">\n                                                    <img decoding=\"async\" width=\"800\" height=\"431\" src=\"https:\/\/dievolkswirtschaft.ch\/content\/uploads\/2026\/09\/Bader-Breu_561349640_web-1024x552.jpg\" class=\"attachment-large size-large wp-post-image\" alt=\"\" srcset=\"https:\/\/dievolkswirtschaft.ch\/content\/uploads\/2026\/09\/Bader-Breu_561349640_web-1024x552.jpg 1024w, https:\/\/dievolkswirtschaft.ch\/content\/uploads\/2026\/09\/Bader-Breu_561349640_web-300x162.jpg 300w, https:\/\/dievolkswirtschaft.ch\/content\/uploads\/2026\/09\/Bader-Breu_561349640_web-768x414.jpg 768w, https:\/\/dievolkswirtschaft.ch\/content\/uploads\/2026\/09\/Bader-Breu_561349640_web.jpg 1335w\" sizes=\"(max-width: 800px) 100vw, 800px\" \/>                                            <\/a>\n                <\/div>\n            <\/div>\n            <div class=\"mxm-post-body\">\n                <div class=\"mxm-post-title\">\n                    <a href=\"https:\/\/dievolkswirtschaft.ch\/de\/2026\/09\/die-lange-geschichte-der-nachhaltigkeit\/\"><h4>Die lange Geschichte der Nachhaltigkeit<\/h4><\/a>\n                <\/div>\n                <div class=\"mxm-post-tags\">\n                                        <div class=\"tag-cloud\">\n                        <a href=\"https:\/\/dievolkswirtschaft.ch\/de\/themen\/?cat1=international\" class=\"mxm-post-tag related-post-tag\" data-tax=\"post_content_category\" data-term=\"international\">International<\/a>                    <\/div>\n                                    <\/div>\n                <div class=\"mxm-post-footer\">\n                    <div class=\"mxm-post-info\">\n                        <div class=\"mxm-post-author\">\n                            <p><a href=\"https:\/\/dievolkswirtschaft.ch\/de\/author\/christoph-bader\/\" class=\"related-p-authors\">Christoph Bader<\/a>, <a href=\"https:\/\/dievolkswirtschaft.ch\/de\/author\/thomas-breu\/\" class=\"related-p-authors\">Thomas Breu<\/a> | 01.09.26<\/p>\n                        <\/div>\n                    <\/div>\n                    <div class=\"mxm-post-bookmark\" data-id=\"222614\">\n                        <p><img decoding=\"async\" src=\"https:\/\/dievolkswirtschaft.ch\/wp-content\/themes\/maxomedia-starter-child\/assets\/images\/bookmark-default.svg\" alt=\"\"><\/p>\n                    <\/div>\n                <\/div>\n            <\/div>\n        <\/div>\n    <\/div>\n<\/div>                            \n                                <div class=\"mxm-post-container\">\n    \n<!-- Array\n(\n    [0] => WP_Term Object\n        (\n            [term_id] => 69\n            [name] => Schwerpunkte\n            [slug] => schwerpunkte\n            [term_group] => 0\n            [term_taxonomy_id] => 69\n            [taxonomy] => post__type\n            [description] => \n            [parent] => 0\n            [count] => 1308\n            [filter] => raw\n        )\n\n    [1] => WP_Term Object\n        (\n            [term_id] => 66\n            [name] => Themen\n            [slug] => themen\n            [term_group] => 0\n            [term_taxonomy_id] => 66\n            [taxonomy] => post__type\n            [description] => \n            [parent] => 0\n            [count] => 3062\n            [filter] => raw\n        )\n\n)\n -->\n        <div class=\"mxm-posts-filtered-title by-tax\">\n        <a href=\"\/de\/schwerpunkte\"><p class=\"mxm-posts-by-tax-title\">Schwerpunkte <span class=\"go-to-category\"> > \u00dcbersicht<\/span><\/p><\/a>\n    <\/div>\n        <div class=\"mxm-post-wrapper\">\n        <div class=\"mxm-post-item\">\n            <div class=\"mxm-post-header\">\n                <div class=\"mxm-post-featured\">\n                    <a href=\"https:\/\/dievolkswirtschaft.ch\/de\/2026\/08\/agenda-2030-eine-gemischte-bilanz\/\">\n                                                    <img fetchpriority=\"high\" decoding=\"async\" width=\"800\" height=\"431\" src=\"https:\/\/dievolkswirtschaft.ch\/content\/uploads\/2026\/08\/Dubas_392912842_web-1024x552.jpg\" class=\"attachment-large size-large wp-post-image\" alt=\"\" srcset=\"https:\/\/dievolkswirtschaft.ch\/content\/uploads\/2026\/08\/Dubas_392912842_web-1024x552.jpg 1024w, https:\/\/dievolkswirtschaft.ch\/content\/uploads\/2026\/08\/Dubas_392912842_web-300x162.jpg 300w, https:\/\/dievolkswirtschaft.ch\/content\/uploads\/2026\/08\/Dubas_392912842_web-768x414.jpg 768w, https:\/\/dievolkswirtschaft.ch\/content\/uploads\/2026\/08\/Dubas_392912842_web.jpg 1335w\" sizes=\"(max-width: 800px) 100vw, 800px\" \/>                                            <\/a>\n                <\/div>\n            <\/div>\n            <div class=\"mxm-post-body\">\n                <div class=\"mxm-post-title\">\n                    <a href=\"https:\/\/dievolkswirtschaft.ch\/de\/2026\/08\/agenda-2030-eine-gemischte-bilanz\/\"><h4>Agenda 2030: Eine gemischte Bilanz<\/h4><\/a>\n                <\/div>\n                <div class=\"mxm-post-tags\">\n                                        <div class=\"tag-cloud\">\n                        <a href=\"https:\/\/dievolkswirtschaft.ch\/de\/themen\/?cat1=international\" class=\"mxm-post-tag related-post-tag\" data-tax=\"post_content_category\" data-term=\"international\">International<\/a>                    <\/div>\n                                    <\/div>\n                <div class=\"mxm-post-footer\">\n                    <div class=\"mxm-post-info\">\n                        <div class=\"mxm-post-author\">\n                            <p><a href=\"https:\/\/dievolkswirtschaft.ch\/de\/author\/daniel-dubas\/\" class=\"related-p-authors\">Daniel Dubas<\/a>, <a href=\"https:\/\/dievolkswirtschaft.ch\/de\/author\/markus-reubi\/\" class=\"related-p-authors\">Markus Reubi<\/a> | 31.08.26<\/p>\n                        <\/div>\n                    <\/div>\n                    <div class=\"mxm-post-bookmark\" data-id=\"222619\">\n                        <p><img decoding=\"async\" src=\"https:\/\/dievolkswirtschaft.ch\/wp-content\/themes\/maxomedia-starter-child\/assets\/images\/bookmark-default.svg\" alt=\"\"><\/p>\n                    <\/div>\n                <\/div>\n            <\/div>\n        <\/div>\n    <\/div>\n<\/div>                                                    <\/div>\n                    <\/div>\n                <\/div>\n            \t\t\t<div class=\"mxm-posts-filtered-wrapper\">\n\t\t\t\t<div class=\"mxm-posts-filtered-body\">\n\t\t\t\t\t<div class=\"mxm-posts-grid with-recommendations\">\n\t\t\t\t\t\t\n\t\t\t\t\t\t\t<div class=\"mxm-post-container\">\n    \n<!-- Array\n(\n    [0] => WP_Term Object\n        (\n            [term_id] => 66\n            [name] => Themen\n            [slug] => themen\n            [term_group] => 0\n            [term_taxonomy_id] => 66\n            [taxonomy] => post__type\n            [description] => \n            [parent] => 0\n            [count] => 3062\n            [filter] => raw\n        )\n\n)\n -->\n        <div class=\"mxm-posts-filtered-title by-tax\">\n        <a href=\"\/de\/themen\"><p class=\"mxm-posts-by-tax-title\">Themen <span class=\"go-to-category\"> > \u00dcbersicht<\/span><\/p><\/a>\n    <\/div>\n        <div class=\"mxm-post-wrapper\">\n        <div class=\"mxm-post-item\">\n            <div class=\"mxm-post-header\">\n                <div class=\"mxm-post-featured\">\n                    <a href=\"https:\/\/dievolkswirtschaft.ch\/de\/2026\/08\/versicherungen-regulierung-muss-verhaeltnismaessig-und-wirksam-sein\/\">\n                                                    <img loading=\"lazy\" decoding=\"async\" width=\"800\" height=\"431\" src=\"https:\/\/dievolkswirtschaft.ch\/content\/uploads\/2026\/08\/Eling_707747306_web-1024x552.jpg\" class=\"attachment-large size-large wp-post-image\" alt=\"\" srcset=\"https:\/\/dievolkswirtschaft.ch\/content\/uploads\/2026\/08\/Eling_707747306_web-1024x552.jpg 1024w, https:\/\/dievolkswirtschaft.ch\/content\/uploads\/2026\/08\/Eling_707747306_web-300x162.jpg 300w, https:\/\/dievolkswirtschaft.ch\/content\/uploads\/2026\/08\/Eling_707747306_web-768x414.jpg 768w, https:\/\/dievolkswirtschaft.ch\/content\/uploads\/2026\/08\/Eling_707747306_web.jpg 1335w\" sizes=\"(max-width: 800px) 100vw, 800px\" \/>                                            <\/a>\n                <\/div>\n            <\/div>\n            <div class=\"mxm-post-body\">\n                <div class=\"mxm-post-title\">\n                    <a href=\"https:\/\/dievolkswirtschaft.ch\/de\/2026\/08\/versicherungen-regulierung-muss-verhaeltnismaessig-und-wirksam-sein\/\"><h4>Versicherungen: Regulierung muss verh\u00e4ltnism\u00e4ssig und wirksam sein<\/h4><\/a>\n                <\/div>\n                <div class=\"mxm-post-tags\">\n                                        <div class=\"tag-cloud\">\n                        <a href=\"https:\/\/dievolkswirtschaft.ch\/de\/themen\/?cat1=uebrige-wirtschaftspolitik\" class=\"mxm-post-tag related-post-tag\" data-tax=\"post_content_category\" data-term=\"uebrige-wirtschaftspolitik\">Wirtschaftspolitik<\/a>                    <\/div>\n                                    <\/div>\n                <div class=\"mxm-post-footer\">\n                    <div class=\"mxm-post-info\">\n                        <div class=\"mxm-post-author\">\n                            <p><a href=\"https:\/\/dievolkswirtschaft.ch\/de\/author\/martin-eling\/\" class=\"related-p-authors\">Martin Eling<\/a> | 28.08.26<\/p>\n                        <\/div>\n                    <\/div>\n                    <div class=\"mxm-post-bookmark\" data-id=\"222222\">\n                        <p><img decoding=\"async\" src=\"https:\/\/dievolkswirtschaft.ch\/wp-content\/themes\/maxomedia-starter-child\/assets\/images\/bookmark-default.svg\" alt=\"\"><\/p>\n                    <\/div>\n                <\/div>\n            <\/div>\n        <\/div>\n    <\/div>\n<\/div>\t\t\t\t\t\t\n\t\t\t\t\t\t\t<div class=\"mxm-post-container\">\n    \n<!-- Array\n(\n    [0] => WP_Term Object\n        (\n            [term_id] => 69\n            [name] => Schwerpunkte\n            [slug] => schwerpunkte\n            [term_group] => 0\n            [term_taxonomy_id] => 69\n            [taxonomy] => post__type\n            [description] => \n            [parent] => 0\n            [count] => 1308\n            [filter] => raw\n        )\n\n    [1] => WP_Term Object\n        (\n            [term_id] => 66\n            [name] => Themen\n            [slug] => themen\n            [term_group] => 0\n            [term_taxonomy_id] => 66\n            [taxonomy] => post__type\n            [description] => \n            [parent] => 0\n            [count] => 3062\n            [filter] => raw\n        )\n\n)\n -->\n        <div class=\"mxm-posts-filtered-title by-tax\">\n        <a href=\"\/de\/schwerpunkte\"><p class=\"mxm-posts-by-tax-title\">Schwerpunkte <span class=\"go-to-category\"> > \u00dcbersicht<\/span><\/p><\/a>\n    <\/div>\n        <div class=\"mxm-post-wrapper\">\n        <div class=\"mxm-post-item\">\n            <div class=\"mxm-post-header\">\n                <div class=\"mxm-post-featured\">\n                    <a href=\"https:\/\/dievolkswirtschaft.ch\/de\/2026\/08\/nachhaltige-entwicklung-schweiz-weltweit-auf-rang-22\/\">\n                                                    <img loading=\"lazy\" decoding=\"async\" width=\"800\" height=\"431\" src=\"https:\/\/dievolkswirtschaft.ch\/content\/uploads\/2026\/09\/Lafortune_433827194_web-1024x552.jpg\" class=\"attachment-large size-large wp-post-image\" alt=\"\" srcset=\"https:\/\/dievolkswirtschaft.ch\/content\/uploads\/2026\/09\/Lafortune_433827194_web-1024x552.jpg 1024w, https:\/\/dievolkswirtschaft.ch\/content\/uploads\/2026\/09\/Lafortune_433827194_web-300x162.jpg 300w, https:\/\/dievolkswirtschaft.ch\/content\/uploads\/2026\/09\/Lafortune_433827194_web-768x414.jpg 768w, https:\/\/dievolkswirtschaft.ch\/content\/uploads\/2026\/09\/Lafortune_433827194_web.jpg 1335w\" sizes=\"(max-width: 800px) 100vw, 800px\" \/>                                            <\/a>\n                <\/div>\n            <\/div>\n            <div class=\"mxm-post-body\">\n                <div class=\"mxm-post-title\">\n                    <a href=\"https:\/\/dievolkswirtschaft.ch\/de\/2026\/08\/nachhaltige-entwicklung-schweiz-weltweit-auf-rang-22\/\"><h4>Nachhaltige Entwicklung: Schweiz weltweit auf Rang 22<\/h4><\/a>\n                <\/div>\n                <div class=\"mxm-post-tags\">\n                                        <div class=\"tag-cloud\">\n                        <a href=\"https:\/\/dievolkswirtschaft.ch\/de\/themen\/?cat1=international\" class=\"mxm-post-tag related-post-tag\" data-tax=\"post_content_category\" data-term=\"international\">International<\/a>                    <\/div>\n                                    <\/div>\n                <div class=\"mxm-post-footer\">\n                    <div class=\"mxm-post-info\">\n                        <div class=\"mxm-post-author\">\n                            <p><a href=\"https:\/\/dievolkswirtschaft.ch\/de\/author\/guillaume-lafortune\/\" class=\"related-p-authors\">Guillaume Lafortune<\/a> | 28.08.26<\/p>\n                        <\/div>\n                    <\/div>\n                    <div class=\"mxm-post-bookmark\" data-id=\"222206\">\n                        <p><img decoding=\"async\" src=\"https:\/\/dievolkswirtschaft.ch\/wp-content\/themes\/maxomedia-starter-child\/assets\/images\/bookmark-default.svg\" alt=\"\"><\/p>\n                    <\/div>\n                <\/div>\n            <\/div>\n        <\/div>\n    <\/div>\n<\/div>\t\t\t\t\t\t\n\t\t\t\t\t\t\t<div class=\"mxm-post-container\">\n    \n<!-- Array\n(\n    [0] => WP_Term Object\n        (\n            [term_id] => 66\n            [name] => Themen\n            [slug] => themen\n            [term_group] => 0\n            [term_taxonomy_id] => 66\n            [taxonomy] => post__type\n            [description] => \n            [parent] => 0\n            [count] => 3062\n            [filter] => raw\n        )\n\n)\n -->\n        <div class=\"mxm-posts-filtered-title by-tax\">\n        <a href=\"\/de\/themen\"><p class=\"mxm-posts-by-tax-title\">Themen <span class=\"go-to-category\"> > \u00dcbersicht<\/span><\/p><\/a>\n    <\/div>\n        <div class=\"mxm-post-wrapper\">\n        <div class=\"mxm-post-item\">\n            <div class=\"mxm-post-header\">\n                <div class=\"mxm-post-featured\">\n                    <a href=\"https:\/\/dievolkswirtschaft.ch\/de\/2026\/08\/warum-muetter-weniger-verdienen-als-vaeter\/\">\n                                                    <img loading=\"lazy\" decoding=\"async\" width=\"800\" height=\"431\" src=\"https:\/\/dievolkswirtschaft.ch\/content\/uploads\/2026\/08\/Bamert_288003984_web-1-1024x552.jpg\" class=\"attachment-large size-large wp-post-image\" alt=\"\" srcset=\"https:\/\/dievolkswirtschaft.ch\/content\/uploads\/2026\/08\/Bamert_288003984_web-1-1024x552.jpg 1024w, https:\/\/dievolkswirtschaft.ch\/content\/uploads\/2026\/08\/Bamert_288003984_web-1-300x162.jpg 300w, https:\/\/dievolkswirtschaft.ch\/content\/uploads\/2026\/08\/Bamert_288003984_web-1-768x414.jpg 768w, https:\/\/dievolkswirtschaft.ch\/content\/uploads\/2026\/08\/Bamert_288003984_web-1.jpg 1335w\" sizes=\"(max-width: 800px) 100vw, 800px\" \/>                                            <\/a>\n                <\/div>\n            <\/div>\n            <div class=\"mxm-post-body\">\n                <div class=\"mxm-post-title\">\n                    <a href=\"https:\/\/dievolkswirtschaft.ch\/de\/2026\/08\/warum-muetter-weniger-verdienen-als-vaeter\/\"><h4>Warum M\u00fctter weniger verdienen als V\u00e4ter<\/h4><\/a>\n                <\/div>\n                <div class=\"mxm-post-tags\">\n                                        <div class=\"tag-cloud\">\n                        <a href=\"https:\/\/dievolkswirtschaft.ch\/de\/themen\/?cat1=uebrige-wirtschaftspolitik\" class=\"mxm-post-tag related-post-tag\" data-tax=\"post_content_category\" data-term=\"uebrige-wirtschaftspolitik\">Wirtschaftspolitik<\/a>                    <\/div>\n                                    <\/div>\n                <div class=\"mxm-post-footer\">\n                    <div class=\"mxm-post-info\">\n                        <div class=\"mxm-post-author\">\n                            <p><a href=\"https:\/\/dievolkswirtschaft.ch\/de\/author\/justus-bamert\/\" class=\"related-p-authors\">Justus Bamert<\/a> | 27.08.26<\/p>\n                        <\/div>\n                    <\/div>\n                    <div class=\"mxm-post-bookmark\" data-id=\"222217\">\n                        <p><img decoding=\"async\" src=\"https:\/\/dievolkswirtschaft.ch\/wp-content\/themes\/maxomedia-starter-child\/assets\/images\/bookmark-default.svg\" alt=\"\"><\/p>\n                    <\/div>\n                <\/div>\n            <\/div>\n        <\/div>\n    <\/div>\n<\/div>\t\t\t\t\t\t\t\t\t\t\t<\/div>\n\t\t\t\t<\/div>\n\t\t\t<\/div>\n\t\t<\/div>\n\n\n\t\t\t\t<\/div>\n\t\t\t\t<\/div>\n\t\t\t\t<div class=\"elementor-element elementor-element-462738e elementor-widget elementor-widget-mxm-mxmhomeservices\" data-id=\"462738e\" data-element_type=\"widget\" data-widget_type=\"mxm-mxmhomeservices.default\">\n\t\t\t\t<div class=\"elementor-widget-container\">\n\t\t\t<div class=\"mxm-services-container\"><div class=\"mxm-services-title\"><p>Services<\/p><\/div><div class=\"mxm-services\">\n        <div class=\"mxm-service elementor-repeater-item\" style=\"background: #999999\">   \n        <div class=\"mxm-service-wrapper \">\n                                    \n<!-- slider -->\n                <div class=\"hs-authors-slider\">\n                    <div class=\"hs-authors\">\n                                                    <a class=\"hs-author-link\" href=\"https:\/\/dievolkswirtschaft.ch\/de\/author\/isabel-guenther\/\">\n                                <div class=\"author-wrapper\" data-url=\"https:\/\/dievolkswirtschaft.ch\/de\/author\/isabel-guenther\/\">\n                                    <img decoding=\"async\" src=\"https:\/\/dievolkswirtschaft.ch\/content\/uploads\/2026\/08\/Guenther_Isabelle_web.jpg\" alt=\"Isabel G\u00fcnther\"\/>\n                                    <p>Isabel G\u00fcnther<\/p>\n                                <\/div>\n                            <\/a>\n                                                    <a class=\"hs-author-link\" href=\"https:\/\/dievolkswirtschaft.ch\/de\/author\/ralph-winkler\/\">\n                                <div class=\"author-wrapper\" data-url=\"https:\/\/dievolkswirtschaft.ch\/de\/author\/ralph-winkler\/\">\n                                    <img decoding=\"async\" src=\"https:\/\/dievolkswirtschaft.ch\/content\/uploads\/2023\/09\/Winkler_Ralph.jpg\" alt=\"Ralph Winkler\"\/>\n                                    <p>Ralph Winkler<\/p>\n                                <\/div>\n                            <\/a>\n                                                    <a class=\"hs-author-link\" href=\"https:\/\/dievolkswirtschaft.ch\/de\/author\/stefan-c-wolter\/\">\n                                <div class=\"author-wrapper\" data-url=\"https:\/\/dievolkswirtschaft.ch\/de\/author\/stefan-c-wolter\/\">\n                                    <img decoding=\"async\" src=\"https:\/\/dievolkswirtschaft.ch\/content\/uploads\/2026\/08\/Wolter_Stefan_nachgefragt.jpg\" alt=\"Stefan C. Wolter\"\/>\n                                    <p>Stefan C. Wolter<\/p>\n                                <\/div>\n                            <\/a>\n                                                    <a class=\"hs-author-link\" href=\"https:\/\/dievolkswirtschaft.ch\/de\/author\/christoph-bader\/\">\n                                <div class=\"author-wrapper\" data-url=\"https:\/\/dievolkswirtschaft.ch\/de\/author\/christoph-bader\/\">\n                                    <img decoding=\"async\" src=\"https:\/\/dievolkswirtschaft.ch\/content\/uploads\/2026\/08\/Bader_Christoph_web.jpg\" alt=\"Christoph Bader\"\/>\n                                    <p>Christoph Bader<\/p>\n                                <\/div>\n                            <\/a>\n                                                    <a class=\"hs-author-link\" href=\"https:\/\/dievolkswirtschaft.ch\/de\/author\/thomas-breu\/\">\n                                <div class=\"author-wrapper\" data-url=\"https:\/\/dievolkswirtschaft.ch\/de\/author\/thomas-breu\/\">\n                                    <img decoding=\"async\" src=\"https:\/\/dievolkswirtschaft.ch\/content\/uploads\/2026\/08\/Breu_Thomas_2026_web.jpg\" alt=\"Thomas Breu\"\/>\n                                    <p>Thomas Breu<\/p>\n                                <\/div>\n                            <\/a>\n                                                    <a class=\"hs-author-link\" href=\"https:\/\/dievolkswirtschaft.ch\/de\/author\/daniel-dubas\/\">\n                                <div class=\"author-wrapper\" data-url=\"https:\/\/dievolkswirtschaft.ch\/de\/author\/daniel-dubas\/\">\n                                    <img decoding=\"async\" src=\"https:\/\/dievolkswirtschaft.ch\/content\/uploads\/2024\/06\/Dubas_Daniel.jpg\" alt=\"Daniel Dubas\"\/>\n                                    <p>Daniel Dubas<\/p>\n                                <\/div>\n                            <\/a>\n                                                    <a class=\"hs-author-link\" href=\"https:\/\/dievolkswirtschaft.ch\/de\/author\/markus-reubi\/\">\n                                <div class=\"author-wrapper\" data-url=\"https:\/\/dievolkswirtschaft.ch\/de\/author\/markus-reubi\/\">\n                                    <img decoding=\"async\" src=\"https:\/\/dievolkswirtschaft.ch\/content\/uploads\/2026\/08\/Reubi_Markus_V2.jpg\" alt=\"Markus Reubi\"\/>\n                                    <p>Markus Reubi<\/p>\n                                <\/div>\n                            <\/a>\n                                                    <a class=\"hs-author-link\" href=\"https:\/\/dievolkswirtschaft.ch\/de\/author\/martin-eling\/\">\n                                <div class=\"author-wrapper\" data-url=\"https:\/\/dievolkswirtschaft.ch\/de\/author\/martin-eling\/\">\n                                    <img decoding=\"async\" src=\"https:\/\/dievolkswirtschaft.ch\/content\/uploads\/2026\/06\/Eling_Martin_web.jpg\" alt=\"Martin Eling\"\/>\n                                    <p>Martin Eling<\/p>\n                                <\/div>\n                            <\/a>\n                                                    <a class=\"hs-author-link\" href=\"https:\/\/dievolkswirtschaft.ch\/de\/author\/guillaume-lafortune\/\">\n                                <div class=\"author-wrapper\" data-url=\"https:\/\/dievolkswirtschaft.ch\/de\/author\/guillaume-lafortune\/\">\n                                    <img decoding=\"async\" src=\"https:\/\/dievolkswirtschaft.ch\/content\/uploads\/2026\/07\/Lafortune_Guillaume_2_web.jpg\" alt=\"Guillaume Lafortune\"\/>\n                                    <p>Guillaume Lafortune<\/p>\n                                <\/div>\n                            <\/a>\n                                                    <a class=\"hs-author-link\" href=\"https:\/\/dievolkswirtschaft.ch\/de\/author\/justus-bamert\/\">\n                                <div class=\"author-wrapper\" data-url=\"https:\/\/dievolkswirtschaft.ch\/de\/author\/justus-bamert\/\">\n                                    <img decoding=\"async\" src=\"https:\/\/dievolkswirtschaft.ch\/content\/uploads\/2026\/07\/Bamert_Justus_V2.jpg\" alt=\"Justus Bamert\"\/>\n                                    <p>Justus Bamert<\/p>\n                                <\/div>\n                            <\/a>\n                                                    <a class=\"hs-author-link\" href=\"https:\/\/dievolkswirtschaft.ch\/de\/author\/dr-guido-barsuglia\/\">\n                                <div class=\"author-wrapper\" data-url=\"https:\/\/dievolkswirtschaft.ch\/de\/author\/dr-guido-barsuglia\/\">\n                                    <img decoding=\"async\" src=\"https:\/\/dievolkswirtschaft.ch\/content\/uploads\/2022\/11\/Barsuglia_Guido.jpg\" alt=\"Guido Barsuglia\"\/>\n                                    <p>Guido Barsuglia<\/p>\n                                <\/div>\n                            <\/a>\n                                                    <a class=\"hs-author-link\" href=\"https:\/\/dievolkswirtschaft.ch\/de\/author\/octavio-fernandez-amador\/\">\n                                <div class=\"author-wrapper\" data-url=\"https:\/\/dievolkswirtschaft.ch\/de\/author\/octavio-fernandez-amador\/\">\n                                    <img decoding=\"async\" src=\"https:\/\/dievolkswirtschaft.ch\/content\/uploads\/2026\/06\/Fernandez-Amador_Octavio_web.jpg\" alt=\"Octavio Fern\u00e1ndez-Amador\"\/>\n                                    <p>Octavio Fern\u00e1ndez-Amador<\/p>\n                                <\/div>\n                            <\/a>\n                                                    <a class=\"hs-author-link\" href=\"https:\/\/dievolkswirtschaft.ch\/de\/author\/doris-a-oberdabernig\/\">\n                                <div class=\"author-wrapper\" data-url=\"https:\/\/dievolkswirtschaft.ch\/de\/author\/doris-a-oberdabernig\/\">\n                                    <img decoding=\"async\" src=\"https:\/\/dievolkswirtschaft.ch\/content\/uploads\/2026\/06\/Oberdabernig_Doris_A_web.jpg\" alt=\"Doris A. Oberdabernig\"\/>\n                                    <p>Doris A. Oberdabernig<\/p>\n                                <\/div>\n                            <\/a>\n                                                    <a class=\"hs-author-link\" href=\"https:\/\/dievolkswirtschaft.ch\/de\/author\/patrick-tomberger\/\">\n                                <div class=\"author-wrapper\" data-url=\"https:\/\/dievolkswirtschaft.ch\/de\/author\/patrick-tomberger\/\">\n                                    <img decoding=\"async\" src=\"https:\/\/dievolkswirtschaft.ch\/content\/uploads\/2026\/06\/Tomberger_Patrick_web.jpg\" alt=\"Patrick Tomberger\"\/>\n                                    <p>Patrick Tomberger<\/p>\n                                <\/div>\n                            <\/a>\n                                            <\/div>\n                <\/div>\n                            <div class=\"title\">\n                            <a target=\"\" href=\"https:\/\/dievolkswirtschaft.ch\/de\/autorinnen-und-autoren\/\">                            <h3 class=\"elementor-repeater-item\" style=\"color: #ffffff\">Autorinnen und Autoren<\/h3>\n                            <\/a>\n                    <\/div>\n        <p class=\"service-content elementor-repeater-item\" style=\"color: #ffffff\"><\/p>\n                <\/div> \n    <\/div>\n    \n    <a target=\"\" href=\"https:\/\/dievolkswirtschaft.ch\/de\/abo\/\">    <div class=\"mxm-service elementor-repeater-item\" style=\"background: #999999\">   \n        <div class=\"mxm-service-wrapper \">\n                                                        <div><img loading=\"lazy\" decoding=\"async\" width=\"405\" height=\"300\" src=\"https:\/\/dievolkswirtschaft.ch\/content\/uploads\/2022\/02\/Group-5264.png\" class=\"attachment-high size-high wp-post-image\" alt=\"Abo\" srcset=\"https:\/\/dievolkswirtschaft.ch\/content\/uploads\/2022\/02\/Group-5264.png 405w, https:\/\/dievolkswirtschaft.ch\/content\/uploads\/2022\/02\/Group-5264-300x222.png 300w\" sizes=\"(max-width: 405px) 100vw, 405px\" \/><\/div>\n                                            <div class=\"title\">\n                            <h3 class=\"elementor-repeater-item\" style=\"color: #ffffff\">Abo<\/h3>\n                    <\/div>\n        <p class=\"service-content elementor-repeater-item\" style=\"color: #ffffff\">Kostenloses Digitalabo <\/p>\n                <\/div> \n    <\/div>\n    <\/a>\n    <a target=\"\" href=\"https:\/\/dievolkswirtschaft.ch\/de\/die-app\/\">    <div class=\"mxm-service elementor-repeater-item\" style=\"background: #999999\">   \n        <div class=\"mxm-service-wrapper \">\n                                                        <div><img loading=\"lazy\" decoding=\"async\" width=\"560\" height=\"380\" src=\"https:\/\/dievolkswirtschaft.ch\/content\/uploads\/2022\/03\/DV_app_image.jpg\" class=\"attachment-high size-high wp-post-image\" alt=\"APP\" srcset=\"https:\/\/dievolkswirtschaft.ch\/content\/uploads\/2022\/03\/DV_app_image.jpg 560w, https:\/\/dievolkswirtschaft.ch\/content\/uploads\/2022\/03\/DV_app_image-300x204.jpg 300w\" sizes=\"(max-width: 560px) 100vw, 560px\" \/><\/div>\n                                            <div class=\"title\">\n                            <h3 class=\"elementor-repeater-item\" style=\"color: #ffffff\">Die App<\/h3>\n                    <\/div>\n        <p class=\"service-content elementor-repeater-item\" style=\"color: #ffffff\">Kostenlos herunterladen<\/p>\n                <\/div> \n    <\/div>\n    <\/a>\n    <a target=\"\" href=\"https:\/\/dievolkswirtschaft.ch\/de\/vorschau\/\">    <div class=\"mxm-service elementor-repeater-item\" style=\"background: #999999\">   \n        <div class=\"mxm-service-wrapper \">\n                                                        <div><img loading=\"lazy\" decoding=\"async\" width=\"709\" height=\"520\" src=\"https:\/\/dievolkswirtschaft.ch\/content\/uploads\/2022\/02\/60x44-300dpi_gross.jpg\" class=\"attachment-high size-high wp-post-image\" alt=\"\" srcset=\"https:\/\/dievolkswirtschaft.ch\/content\/uploads\/2022\/02\/60x44-300dpi_gross.jpg 709w, https:\/\/dievolkswirtschaft.ch\/content\/uploads\/2022\/02\/60x44-300dpi_gross-300x220.jpg 300w\" sizes=\"(max-width: 709px) 100vw, 709px\" \/><\/div>\n                                            <div class=\"title\">\n                            <h3 class=\"elementor-repeater-item\" style=\"color: #ffffff\">Vorschau<\/h3>\n                    <\/div>\n        <p class=\"service-content elementor-repeater-item\" style=\"color: #ffffff\">Unsere n\u00e4chsten Schwerpunkte<\/p>\n                <\/div> \n    <\/div>\n    <\/a>\n    <a target=\"\" href=\"https:\/\/dievolkswirtschaft.ch\/de\/archiv\/\">    <div class=\"mxm-service elementor-repeater-item\" style=\"background: #999999\">   \n        <div class=\"mxm-service-wrapper \">\n                                                        <div><img loading=\"lazy\" decoding=\"async\" width=\"1500\" height=\"832\" src=\"https:\/\/dievolkswirtschaft.ch\/content\/uploads\/2026\/06\/DV-Slider_Cover_06-26_de.jpg\" class=\"attachment-high size-high wp-post-image\" alt=\"\" srcset=\"https:\/\/dievolkswirtschaft.ch\/content\/uploads\/2026\/06\/DV-Slider_Cover_06-26_de.jpg 1500w, https:\/\/dievolkswirtschaft.ch\/content\/uploads\/2026\/06\/DV-Slider_Cover_06-26_de-300x166.jpg 300w, https:\/\/dievolkswirtschaft.ch\/content\/uploads\/2026\/06\/DV-Slider_Cover_06-26_de-1024x568.jpg 1024w, https:\/\/dievolkswirtschaft.ch\/content\/uploads\/2026\/06\/DV-Slider_Cover_06-26_de-768x426.jpg 768w\" sizes=\"(max-width: 1500px) 100vw, 1500px\" \/><\/div>\n                                            <div class=\"title\">\n                            <h3 class=\"elementor-repeater-item\" style=\"color: #ffffff\">Druckausgaben<\/h3>\n                    <\/div>\n        <p class=\"service-content elementor-repeater-item\" style=\"color: #ffffff\">Kostenlos herunterladen<\/p>\n                <\/div> \n    <\/div>\n    <\/a>\n    <a target=\"\" href=\"https:\/\/dievolkswirtschaft.ch\/serien\/konjunkturtendenzen\/\">    <div class=\"mxm-service elementor-repeater-item\" style=\"background: #999999\">   \n        <div class=\"mxm-service-wrapper \">\n                                                        <div><img loading=\"lazy\" decoding=\"async\" width=\"2350\" height=\"1264\" src=\"https:\/\/dievolkswirtschaft.ch\/content\/uploads\/2024\/03\/Bild_Konjunktur2.jpg\" class=\"attachment-high size-high wp-post-image\" alt=\"\" srcset=\"https:\/\/dievolkswirtschaft.ch\/content\/uploads\/2024\/03\/Bild_Konjunktur2.jpg 2350w, https:\/\/dievolkswirtschaft.ch\/content\/uploads\/2024\/03\/Bild_Konjunktur2-300x161.jpg 300w, https:\/\/dievolkswirtschaft.ch\/content\/uploads\/2024\/03\/Bild_Konjunktur2-1024x551.jpg 1024w, https:\/\/dievolkswirtschaft.ch\/content\/uploads\/2024\/03\/Bild_Konjunktur2-768x413.jpg 768w, https:\/\/dievolkswirtschaft.ch\/content\/uploads\/2024\/03\/Bild_Konjunktur2-1536x826.jpg 1536w, https:\/\/dievolkswirtschaft.ch\/content\/uploads\/2024\/03\/Bild_Konjunktur2-2048x1102.jpg 2048w\" sizes=\"(max-width: 2350px) 100vw, 2350px\" \/><\/div>\n                                            <div class=\"title\">\n                            <h3 class=\"elementor-repeater-item\" style=\"color: #ffffff\">Konjunktur&shy;tendenzen<\/h3>\n                    <\/div>\n        <p class=\"service-content elementor-repeater-item\" style=\"color: #ffffff\">Wirtschaftsprognosen des Seco<\/p>\n                <\/div> \n    <\/div>\n    <\/a><\/div><\/div>\t\t<\/div>\n\t\t\t\t<\/div>\n\t\t\t\t\t<\/div>\n\t\t<\/div>\n\t\t\t\t\t<\/div>\n\t\t<\/section>\n\t\t\t\t<\/div>","protected":false},"excerpt":{"rendered":"<p>DigitalGeldGeschichteWirtschaftspolitik Steht Bargeld vor der digitalen Renais&shy;sance? Bargeld kommuniziert genau das Notwendige und nicht mehr. L\u00e4sst sich diese Eigenschaft retten in eine Zeit der gef\u00e4hrdeten Geheimsph\u00e4re und des digitalen Geldwesens? Urs Birchler &nbsp;| 15.05.23 GeldWissenschaftWirtschaftspolitik Wer bezahlt denn heute noch bar? Am Kiosk, in der B\u00e4ckerei und im Caf\u00e9: In der Schweiz erfolgt jede dritte [&hellip;]<\/p>","protected":false},"author":3,"featured_media":166496,"parent":0,"menu_order":0,"comment_status":"closed","ping_status":"closed","template":"","meta":{"_acf_changed":false,"om_disable_all_campaigns":false,"ep_exclude_from_search":false,"footnotes":""},"acf":[],"_links":{"self":[{"href":"https:\/\/dievolkswirtschaft.ch\/de\/wp-json\/wp\/v2\/pages\/52"}],"collection":[{"href":"https:\/\/dievolkswirtschaft.ch\/de\/wp-json\/wp\/v2\/pages"}],"about":[{"href":"https:\/\/dievolkswirtschaft.ch\/de\/wp-json\/wp\/v2\/types\/page"}],"author":[{"embeddable":true,"href":"https:\/\/dievolkswirtschaft.ch\/de\/wp-json\/wp\/v2\/users\/3"}],"replies":[{"embeddable":true,"href":"https:\/\/dievolkswirtschaft.ch\/de\/wp-json\/wp\/v2\/comments?post=52"}],"version-history":[{"count":109,"href":"https:\/\/dievolkswirtschaft.ch\/de\/wp-json\/wp\/v2\/pages\/52\/revisions"}],"predecessor-version":[{"id":184311,"href":"https:\/\/dievolkswirtschaft.ch\/de\/wp-json\/wp\/v2\/pages\/52\/revisions\/184311"}],"wp:featuredmedia":[{"embeddable":true,"href":"https:\/\/dievolkswirtschaft.ch\/de\/wp-json\/wp\/v2\/media\/166496"}],"wp:attachment":[{"href":"https:\/\/dievolkswirtschaft.ch\/de\/wp-json\/wp\/v2\/media?parent=52"}],"curies":[{"name":"wp","href":"https:\/\/api.w.org\/{rel}","templated":true}]}}