{"id":4791,"date":"2022-01-14T08:20:59","date_gmt":"2022-01-14T07:20:59","guid":{"rendered":"https:\/\/dievolkswirtschaft.ch\/sujets\/"},"modified":"2022-03-03T00:00:12","modified_gmt":"2022-03-02T23:00:12","slug":"thematiques","status":"publish","type":"page","link":"https:\/\/dievolkswirtschaft.ch\/fr\/thematiques\/","title":{"rendered":"Th\u00e9matiques"},"content":{"rendered":"\t\t<div data-elementor-type=\"wp-page\" data-elementor-id=\"4791\" class=\"elementor elementor-4791 elementor-1017\" data-elementor-post-type=\"page\">\n\t\t\t\t\t\t<section class=\"elementor-section elementor-top-section elementor-element elementor-element-66754c7a elementor-section-full_width elementor-section-height-default elementor-section-height-default\" data-id=\"66754c7a\" data-element_type=\"section\">\n\t\t\t\t\t\t<div class=\"elementor-container elementor-column-gap-default\">\n\t\t\t\t\t<div class=\"elementor-column elementor-col-100 elementor-top-column elementor-element elementor-element-5d49484b\" data-id=\"5d49484b\" data-element_type=\"column\">\n\t\t\t<div class=\"elementor-widget-wrap elementor-element-populated\">\n\t\t\t\t\t\t<div class=\"elementor-element elementor-element-4802b800 elementor-widget elementor-widget-mxm-breadcrumb\" data-id=\"4802b800\" data-element_type=\"widget\" data-widget_type=\"mxm-breadcrumb.default\">\n\t\t\t\t<div class=\"elementor-widget-container\">\n\t\t\t<ul id=\"ah-breadcrumb\" class=\"ah-breadcrumb\"><li><a href=\"https:\/\/dievolkswirtschaft.ch\/fr\/\">ACCUEIL<\/a><\/li><li class=\"separator\"><i class=\"fas fa-chevron-right\"><\/i><\/li><\/ul>\t\t<\/div>\n\t\t\t\t<\/div>\n\t\t\t\t\t<\/div>\n\t\t<\/div>\n\t\t\t\t\t<\/div>\n\t\t<\/section>\n\t\t\t\t<section class=\"elementor-section elementor-top-section elementor-element elementor-element-927a37e elementor-section-boxed elementor-section-height-default elementor-section-height-default\" data-id=\"927a37e\" data-element_type=\"section\">\n\t\t\t\t\t\t<div class=\"elementor-container elementor-column-gap-default\">\n\t\t\t\t\t<div class=\"elementor-column elementor-col-100 elementor-top-column elementor-element elementor-element-57b713a\" data-id=\"57b713a\" data-element_type=\"column\">\n\t\t\t<div class=\"elementor-widget-wrap elementor-element-populated\">\n\t\t\t\t\t\t<div class=\"elementor-element elementor-element-bf643af elementor-widget elementor-widget-mxm-postsfilter\" data-id=\"bf643af\" data-element_type=\"widget\" data-widget_type=\"mxm-postsfilter.default\">\n\t\t\t\t<div class=\"elementor-widget-container\">\n\t\t\t\n        <div class=\"mxm-posts-filtered-container\">\n            <div class=\"mxm-posts-filtered-wrapper\">\n                <div class=\"mxm-posts-filtered-title\">\n                    <h1> Th\u00e9matiques<\/h1>\n\n                    <div class=\"intro-text\">\n                                       <\/div>\n                <\/div>\n                <div class=\"mxm-posts-filtered-header\">\n                    <div class=\"mxm-posts-filtered-header-wrapper\">\n                        <div class=\"mxm-posts-filter\">\n                            <select class=\"post-content-category-filter\" id=\"post_content_category\" name=\"post_content_category\">\n                                <option value=\"all\" selected>Tous les th\u00e8mes<\/option>\n                                                                    <option value=\"conjoncture-croissance\" >Conjoncture \/ Croissance<\/option>\n                                                                    <option value=\"finance-fiscalite\" >Finance \/ Fiscalit\u00e9<\/option>\n                                                                    <option value=\"international-fr\" >International<\/option>\n                                                                    <option value=\"marche-du-travail\" >March\u00e9 du travail<\/option>\n                                                                    <option value=\"marches-financiers\" >March\u00e9s financiers<\/option>\n                                                                    <option value=\"politiques-economiques\" >Politique \u00e9conomique<\/option>\n                                                                    <option value=\"politique-sociale\" >Politique sociale<\/option>\n                                                                    <option value=\"societe\" >Societ\u00e9<\/option>\n                                                            <\/select>\n                        <\/div>\n                        <div class=\"mxm-posts-filter\">\n                            <select class=\"post-content-subject-filter\" id=\"post_content_subject\" name=\"post_content_subject\">\n                                <option value=\"all\" selected>Tous les tags<\/option>\n                                                                    <option value=\"agriculture\" >Agriculture<\/option>\n                                                                    <option value=\"assurances-sociales\" >Assurances sociales<\/option>\n                                                                    <option value=\"banques\" >Banques<\/option>\n                                                                    <option value=\"cantons\" >Cantons<\/option>\n                                                                    <option value=\"climat\" >Climat<\/option>\n                                                                    <option value=\"commerce\" >Commerce<\/option>\n                                                                    <option value=\"concurrence\" >Concurrence<\/option>\n                                                                    <option value=\"conjoncture\" >Conjoncture<\/option>\n                                                                    <option value=\"demographie\" >D\u00e9mographie<\/option>\n                                                                    <option value=\"droit\" >Droit<\/option>\n                                                                    <option value=\"egalite-des-chances\" >\u00c9galit\u00e9<\/option>\n                                                                    <option value=\"energie\" >\u00c9nergie<\/option>\n                                                                    <option value=\"entreprise\" >Entreprise<\/option>\n                                                                    <option value=\"environnement\" >Environnement<\/option>\n                                                                    <option value=\"fiscalite\" >Fiscalit\u00e9<\/option>\n                                                                    <option value=\"formation\" >Formation<\/option>\n                                                                    <option value=\"geschichte\" >Histoire<\/option>\n                                                                    <option value=\"immobilier\" >Immobilier<\/option>\n                                                                    <option value=\"industrie-fr\" >Industrie<\/option>\n                                                                    <option value=\"intelligence-artificielle\" >Intelligence artificielle<\/option>\n                                                                    <option value=\"international-fr\" >International<\/option>\n                                                                    <option value=\"matieres-premieres\" >Mati\u00e8res premi\u00e8res<\/option>\n                                                                    <option value=\"migration-fr\" >Migration<\/option>\n                                                                    <option value=\"mobilite\" >Mobilit\u00e9<\/option>\n                                                                    <option value=\"monnaie\" >Monnaie<\/option>\n                                                                    <option value=\"numerique\" >Num\u00e9rique<\/option>\n                                                                    <option value=\"place-economique\" >Place \u00e9conomique<\/option>\n                                                                    <option value=\"prix-nobel\" >Prix Nobel<\/option>\n                                                                    <option value=\"recherche-et-innovation\" >Recherche et innovation<\/option>\n                                                                    <option value=\"sante\" >Sant\u00e9<\/option>\n                                                                    <option value=\"science\" >Science<\/option>\n                                                                    <option value=\"technologie-fr\" >Technologie<\/option>\n                                                                    <option value=\"tourisme\" >Tourisme<\/option>\n                                                                    <option value=\"travail\" >Travail<\/option>\n                                                                    <option value=\"ue\" >Union europ\u00e9enne<\/option>\n                                                            <\/select>\n                        <\/div>\n                        <div class=\"mxm-posts-filter\"><\/div>\n\n                        <input type=\"hidden\" id=\"posts_per_page\" value=\"12\">\n                        <input type=\"hidden\" id=\"orderby\" value=\"date\">\n                        <input type=\"hidden\" id=\"order\" value=\"12\">\n                        <input type=\"hidden\" id=\"tags\" value=\"post_content_subject\">\n                        <input type=\"hidden\" id=\"paged\" value=\"1\">\n                        <input type=\"hidden\" id=\"total\" value=\"255\">\n                        <input type=\"hidden\" id=\"page_default\" value=\"themen\">\n                        <input type=\"hidden\" id=\"tax1\" value=\"post_content_category\">\n                        <input type=\"hidden\" id=\"tax2\" value=\"post_content_subject\">\n                        <input type=\"hidden\" id=\"tax3\" value=\"post_content_subject\">\n                    <\/div>\n                <\/div>\n\n                <div class=\"mxm-posts-filtered-body\">\n                    <div class=\"mxm-posts-grid\">\n                        \n                            <div class=\"mxm-post-container\">\n    \n<!--  -->\n        <div class=\"mxm-post-wrapper\">\n        <div class=\"mxm-post-item\">\n            <div class=\"mxm-post-header\">\n                <div class=\"mxm-post-featured\">\n                    <a href=\"https:\/\/dievolkswirtschaft.ch\/fr\/2026\/09\/lagenda-2030-une-boussole-universelle\/\">\n                                                    <img fetchpriority=\"high\" decoding=\"async\" width=\"800\" height=\"431\" src=\"https:\/\/dievolkswirtschaft.ch\/content\/uploads\/2026\/09\/Guenther_310207969_web-1024x552.jpg\" class=\"attachment-large size-large wp-post-image\" alt=\"\" srcset=\"https:\/\/dievolkswirtschaft.ch\/content\/uploads\/2026\/09\/Guenther_310207969_web-1024x552.jpg 1024w, https:\/\/dievolkswirtschaft.ch\/content\/uploads\/2026\/09\/Guenther_310207969_web-300x162.jpg 300w, https:\/\/dievolkswirtschaft.ch\/content\/uploads\/2026\/09\/Guenther_310207969_web-768x414.jpg 768w, https:\/\/dievolkswirtschaft.ch\/content\/uploads\/2026\/09\/Guenther_310207969_web.jpg 1335w\" sizes=\"(max-width: 800px) 100vw, 800px\" \/>                                            <\/a>\n                <\/div>\n            <\/div>\n            <div class=\"mxm-post-body\">\n                <div class=\"mxm-post-title\">\n                    <a href=\"https:\/\/dievolkswirtschaft.ch\/fr\/2026\/09\/lagenda-2030-une-boussole-universelle\/\"><h4>L\u2019Agenda 2030, une boussole universelle<\/h4><\/a>\n                <\/div>\n                <div class=\"mxm-post-tags\">\n                                        <div class=\"tag-cloud\">\n                        <a href=\"https:\/\/dievolkswirtschaft.ch\/fr\/thematiques\/?cat1=international-fr\" class=\"mxm-post-tag related-post-tag\" data-tax=\"post_content_category\" data-term=\"international-fr\">International<\/a>                    <\/div>\n                                    <\/div>\n                <div class=\"mxm-post-footer\">\n                    <div class=\"mxm-post-info\">\n                        <div class=\"mxm-post-author\">\n                            <p><a href=\"https:\/\/dievolkswirtschaft.ch\/fr\/author\/isabel-guenther\/\" class=\"related-p-authors\">Isabel G\u00fcnther<\/a> | 04.09.26<\/p>\n                        <\/div>\n                    <\/div>\n                    <div class=\"mxm-post-bookmark\" data-id=\"222603\">\n                        <p><img decoding=\"async\" src=\"https:\/\/dievolkswirtschaft.ch\/wp-content\/themes\/maxomedia-starter-child\/assets\/images\/bookmark-default.svg\" alt=\"\"><\/p>\n                    <\/div>\n                <\/div>\n            <\/div>\n        <\/div>\n    <\/div>\n<\/div>                        \n                            <div class=\"mxm-post-container\">\n    \n<!--  -->\n        <div class=\"mxm-post-wrapper\">\n        <div class=\"mxm-post-item\">\n            <div class=\"mxm-post-header\">\n                <div class=\"mxm-post-featured\">\n                    <a href=\"https:\/\/dievolkswirtschaft.ch\/fr\/2026\/09\/la-part-de-leconomie-dans-le-developpement-durable-plus-importante-quil-ny-parait\/\">\n                                                    <img decoding=\"async\" width=\"800\" height=\"431\" src=\"https:\/\/dievolkswirtschaft.ch\/content\/uploads\/2026\/09\/Winkler_428838411_web-1024x552.jpg\" class=\"attachment-large size-large wp-post-image\" alt=\"\" srcset=\"https:\/\/dievolkswirtschaft.ch\/content\/uploads\/2026\/09\/Winkler_428838411_web-1024x552.jpg 1024w, https:\/\/dievolkswirtschaft.ch\/content\/uploads\/2026\/09\/Winkler_428838411_web-300x162.jpg 300w, https:\/\/dievolkswirtschaft.ch\/content\/uploads\/2026\/09\/Winkler_428838411_web-768x414.jpg 768w, https:\/\/dievolkswirtschaft.ch\/content\/uploads\/2026\/09\/Winkler_428838411_web.jpg 1335w\" sizes=\"(max-width: 800px) 100vw, 800px\" \/>                                            <\/a>\n                <\/div>\n            <\/div>\n            <div class=\"mxm-post-body\">\n                <div class=\"mxm-post-title\">\n                    <a href=\"https:\/\/dievolkswirtschaft.ch\/fr\/2026\/09\/la-part-de-leconomie-dans-le-developpement-durable-plus-importante-quil-ny-parait\/\"><h4>La part de l\u2019\u00e9conomie dans le d\u00e9veloppement durable, plus importante qu\u2019il n\u2019y para\u00eet<\/h4><\/a>\n                <\/div>\n                <div class=\"mxm-post-tags\">\n                                        <div class=\"tag-cloud\">\n                        <a href=\"https:\/\/dievolkswirtschaft.ch\/fr\/thematiques\/?cat1=international-fr\" class=\"mxm-post-tag related-post-tag\" data-tax=\"post_content_category\" data-term=\"international-fr\">International<\/a>                    <\/div>\n                                    <\/div>\n                <div class=\"mxm-post-footer\">\n                    <div class=\"mxm-post-info\">\n                        <div class=\"mxm-post-author\">\n                            <p><a href=\"https:\/\/dievolkswirtschaft.ch\/fr\/author\/ralph-winkler\/\" class=\"related-p-authors\">Ralph Winkler<\/a> | 03.09.26<\/p>\n                        <\/div>\n                    <\/div>\n                    <div class=\"mxm-post-bookmark\" data-id=\"222444\">\n                        <p><img decoding=\"async\" src=\"https:\/\/dievolkswirtschaft.ch\/wp-content\/themes\/maxomedia-starter-child\/assets\/images\/bookmark-default.svg\" alt=\"\"><\/p>\n                    <\/div>\n                <\/div>\n            <\/div>\n        <\/div>\n    <\/div>\n<\/div>                        \n                            <div class=\"mxm-post-container\">\n    \n<!--  -->\n        <div class=\"mxm-post-wrapper\">\n        <div class=\"mxm-post-item\">\n            <div class=\"mxm-post-header\">\n                <div class=\"mxm-post-featured\">\n                    <a href=\"https:\/\/dievolkswirtschaft.ch\/fr\/2026\/09\/le-developpement-durable-un-sujet-qui-ne-date-pas-dhier\/\">\n                                                    <img decoding=\"async\" width=\"800\" height=\"431\" src=\"https:\/\/dievolkswirtschaft.ch\/content\/uploads\/2026\/09\/Bader-Breu_561349640_web-1024x552.jpg\" class=\"attachment-large size-large wp-post-image\" alt=\"\" srcset=\"https:\/\/dievolkswirtschaft.ch\/content\/uploads\/2026\/09\/Bader-Breu_561349640_web-1024x552.jpg 1024w, https:\/\/dievolkswirtschaft.ch\/content\/uploads\/2026\/09\/Bader-Breu_561349640_web-300x162.jpg 300w, https:\/\/dievolkswirtschaft.ch\/content\/uploads\/2026\/09\/Bader-Breu_561349640_web-768x414.jpg 768w, https:\/\/dievolkswirtschaft.ch\/content\/uploads\/2026\/09\/Bader-Breu_561349640_web.jpg 1335w\" sizes=\"(max-width: 800px) 100vw, 800px\" \/>                                            <\/a>\n                <\/div>\n            <\/div>\n            <div class=\"mxm-post-body\">\n                <div class=\"mxm-post-title\">\n                    <a href=\"https:\/\/dievolkswirtschaft.ch\/fr\/2026\/09\/le-developpement-durable-un-sujet-qui-ne-date-pas-dhier\/\"><h4>Le d\u00e9veloppement durable, un sujet qui ne date pas d\u2019hier<\/h4><\/a>\n                <\/div>\n                <div class=\"mxm-post-tags\">\n                                        <div class=\"tag-cloud\">\n                        <a href=\"https:\/\/dievolkswirtschaft.ch\/fr\/thematiques\/?cat1=international-fr\" class=\"mxm-post-tag related-post-tag\" data-tax=\"post_content_category\" data-term=\"international-fr\">International<\/a>                    <\/div>\n                                    <\/div>\n                <div class=\"mxm-post-footer\">\n                    <div class=\"mxm-post-info\">\n                        <div class=\"mxm-post-author\">\n                            <p><a href=\"https:\/\/dievolkswirtschaft.ch\/fr\/author\/christoph-bader\/\" class=\"related-p-authors\">Christoph Bader<\/a>, <a href=\"https:\/\/dievolkswirtschaft.ch\/fr\/author\/thomas-breu\/\" class=\"related-p-authors\">Thomas Breu<\/a> | 01.09.26<\/p>\n                        <\/div>\n                    <\/div>\n                    <div class=\"mxm-post-bookmark\" data-id=\"222617\">\n                        <p><img decoding=\"async\" src=\"https:\/\/dievolkswirtschaft.ch\/wp-content\/themes\/maxomedia-starter-child\/assets\/images\/bookmark-default.svg\" alt=\"\"><\/p>\n                    <\/div>\n                <\/div>\n            <\/div>\n        <\/div>\n    <\/div>\n<\/div>                        \n                            <div class=\"mxm-post-container\">\n    \n<!--  -->\n        <div class=\"mxm-post-wrapper\">\n        <div class=\"mxm-post-item\">\n            <div class=\"mxm-post-header\">\n                <div class=\"mxm-post-featured\">\n                    <a href=\"https:\/\/dievolkswirtschaft.ch\/fr\/2026\/08\/agenda-2030-un-bilan-mitige\/\">\n                                                    <img loading=\"lazy\" decoding=\"async\" width=\"800\" height=\"431\" src=\"https:\/\/dievolkswirtschaft.ch\/content\/uploads\/2026\/08\/Dubas_392912842_web-1024x552.jpg\" class=\"attachment-large size-large wp-post-image\" alt=\"\" srcset=\"https:\/\/dievolkswirtschaft.ch\/content\/uploads\/2026\/08\/Dubas_392912842_web-1024x552.jpg 1024w, https:\/\/dievolkswirtschaft.ch\/content\/uploads\/2026\/08\/Dubas_392912842_web-300x162.jpg 300w, https:\/\/dievolkswirtschaft.ch\/content\/uploads\/2026\/08\/Dubas_392912842_web-768x414.jpg 768w, https:\/\/dievolkswirtschaft.ch\/content\/uploads\/2026\/08\/Dubas_392912842_web.jpg 1335w\" sizes=\"(max-width: 800px) 100vw, 800px\" \/>                                            <\/a>\n                <\/div>\n            <\/div>\n            <div class=\"mxm-post-body\">\n                <div class=\"mxm-post-title\">\n                    <a href=\"https:\/\/dievolkswirtschaft.ch\/fr\/2026\/08\/agenda-2030-un-bilan-mitige\/\"><h4>Agenda 2030: un bilan mitig\u00e9<\/h4><\/a>\n                <\/div>\n                <div class=\"mxm-post-tags\">\n                                        <div class=\"tag-cloud\">\n                        <a href=\"https:\/\/dievolkswirtschaft.ch\/fr\/thematiques\/?cat1=international-fr\" class=\"mxm-post-tag related-post-tag\" data-tax=\"post_content_category\" data-term=\"international-fr\">International<\/a>                    <\/div>\n                                    <\/div>\n                <div class=\"mxm-post-footer\">\n                    <div class=\"mxm-post-info\">\n                        <div class=\"mxm-post-author\">\n                            <p><a href=\"https:\/\/dievolkswirtschaft.ch\/fr\/author\/daniel-dubas\/\" class=\"related-p-authors\">Daniel Dubas<\/a>, <a href=\"https:\/\/dievolkswirtschaft.ch\/fr\/author\/markus-reubi\/\" class=\"related-p-authors\">Markus Reubi<\/a> | 31.08.26<\/p>\n                        <\/div>\n                    <\/div>\n                    <div class=\"mxm-post-bookmark\" data-id=\"222622\">\n                        <p><img decoding=\"async\" src=\"https:\/\/dievolkswirtschaft.ch\/wp-content\/themes\/maxomedia-starter-child\/assets\/images\/bookmark-default.svg\" alt=\"\"><\/p>\n                    <\/div>\n                <\/div>\n            <\/div>\n        <\/div>\n    <\/div>\n<\/div>                        \n                            <div class=\"mxm-post-container\">\n    \n<!--  -->\n        <div class=\"mxm-post-wrapper\">\n        <div class=\"mxm-post-item\">\n            <div class=\"mxm-post-header\">\n                <div class=\"mxm-post-featured\">\n                    <a href=\"https:\/\/dievolkswirtschaft.ch\/fr\/2026\/08\/developpement-durable-la-suisse-au-22e-rang-mondial\/\">\n                                                    <img loading=\"lazy\" decoding=\"async\" width=\"800\" height=\"431\" src=\"https:\/\/dievolkswirtschaft.ch\/content\/uploads\/2026\/09\/Lafortune_433827194_web-1024x552.jpg\" class=\"attachment-large size-large wp-post-image\" alt=\"\" srcset=\"https:\/\/dievolkswirtschaft.ch\/content\/uploads\/2026\/09\/Lafortune_433827194_web-1024x552.jpg 1024w, https:\/\/dievolkswirtschaft.ch\/content\/uploads\/2026\/09\/Lafortune_433827194_web-300x162.jpg 300w, https:\/\/dievolkswirtschaft.ch\/content\/uploads\/2026\/09\/Lafortune_433827194_web-768x414.jpg 768w, https:\/\/dievolkswirtschaft.ch\/content\/uploads\/2026\/09\/Lafortune_433827194_web.jpg 1335w\" sizes=\"(max-width: 800px) 100vw, 800px\" \/>                                            <\/a>\n                <\/div>\n            <\/div>\n            <div class=\"mxm-post-body\">\n                <div class=\"mxm-post-title\">\n                    <a href=\"https:\/\/dievolkswirtschaft.ch\/fr\/2026\/08\/developpement-durable-la-suisse-au-22e-rang-mondial\/\"><h4>D\u00e9veloppement durable: la Suisse au 22<sup>e<\/sup> rang mondial<\/h4><\/a>\n                <\/div>\n                <div class=\"mxm-post-tags\">\n                                        <div class=\"tag-cloud\">\n                        <a href=\"https:\/\/dievolkswirtschaft.ch\/fr\/thematiques\/?cat1=international-fr\" class=\"mxm-post-tag related-post-tag\" data-tax=\"post_content_category\" data-term=\"international-fr\">International<\/a>                    <\/div>\n                                    <\/div>\n                <div class=\"mxm-post-footer\">\n                    <div class=\"mxm-post-info\">\n                        <div class=\"mxm-post-author\">\n                            <p><a href=\"https:\/\/dievolkswirtschaft.ch\/fr\/author\/guillaume-lafortune\/\" class=\"related-p-authors\">Guillaume Lafortune<\/a> | 28.08.26<\/p>\n                        <\/div>\n                    <\/div>\n                    <div class=\"mxm-post-bookmark\" data-id=\"222210\">\n                        <p><img decoding=\"async\" src=\"https:\/\/dievolkswirtschaft.ch\/wp-content\/themes\/maxomedia-starter-child\/assets\/images\/bookmark-default.svg\" alt=\"\"><\/p>\n                    <\/div>\n                <\/div>\n            <\/div>\n        <\/div>\n    <\/div>\n<\/div>                        \n                            <div class=\"mxm-post-container\">\n    \n<!--  -->\n        <div class=\"mxm-post-wrapper\">\n        <div class=\"mxm-post-item\">\n            <div class=\"mxm-post-header\">\n                <div class=\"mxm-post-featured\">\n                    <a href=\"https:\/\/dievolkswirtschaft.ch\/fr\/2026\/08\/reglementation-des-assurances-lexigence-de-lefficacite-et-de-la-proportionnalite\/\">\n                                                    <img loading=\"lazy\" decoding=\"async\" width=\"800\" height=\"431\" src=\"https:\/\/dievolkswirtschaft.ch\/content\/uploads\/2026\/08\/Eling_707747306_web-1024x552.jpg\" class=\"attachment-large size-large wp-post-image\" alt=\"\" srcset=\"https:\/\/dievolkswirtschaft.ch\/content\/uploads\/2026\/08\/Eling_707747306_web-1024x552.jpg 1024w, https:\/\/dievolkswirtschaft.ch\/content\/uploads\/2026\/08\/Eling_707747306_web-300x162.jpg 300w, https:\/\/dievolkswirtschaft.ch\/content\/uploads\/2026\/08\/Eling_707747306_web-768x414.jpg 768w, https:\/\/dievolkswirtschaft.ch\/content\/uploads\/2026\/08\/Eling_707747306_web.jpg 1335w\" sizes=\"(max-width: 800px) 100vw, 800px\" \/>                                            <\/a>\n                <\/div>\n            <\/div>\n            <div class=\"mxm-post-body\">\n                <div class=\"mxm-post-title\">\n                    <a href=\"https:\/\/dievolkswirtschaft.ch\/fr\/2026\/08\/reglementation-des-assurances-lexigence-de-lefficacite-et-de-la-proportionnalite\/\"><h4>R\u00e9glementation des assurances: l\u2019exigence de l\u2019efficacit\u00e9 et de la proportionnalit\u00e9<\/h4><\/a>\n                <\/div>\n                <div class=\"mxm-post-tags\">\n                                        <div class=\"tag-cloud\">\n                        <a href=\"https:\/\/dievolkswirtschaft.ch\/fr\/thematiques\/?cat1=politiques-economiques\" class=\"mxm-post-tag related-post-tag\" data-tax=\"post_content_category\" data-term=\"politiques-economiques\">Politique \u00e9conomique<\/a>                    <\/div>\n                                    <\/div>\n                <div class=\"mxm-post-footer\">\n                    <div class=\"mxm-post-info\">\n                        <div class=\"mxm-post-author\">\n                            <p><a href=\"https:\/\/dievolkswirtschaft.ch\/fr\/author\/martin-eling\/\" class=\"related-p-authors\">Martin Eling<\/a> | 27.08.26<\/p>\n                        <\/div>\n                    <\/div>\n                    <div class=\"mxm-post-bookmark\" data-id=\"222225\">\n                        <p><img decoding=\"async\" src=\"https:\/\/dievolkswirtschaft.ch\/wp-content\/themes\/maxomedia-starter-child\/assets\/images\/bookmark-default.svg\" alt=\"\"><\/p>\n                    <\/div>\n                <\/div>\n            <\/div>\n        <\/div>\n    <\/div>\n<\/div>                        \n                            <div class=\"mxm-post-container\">\n    \n<!--  -->\n        <div class=\"mxm-post-wrapper\">\n        <div class=\"mxm-post-item\">\n            <div class=\"mxm-post-header\">\n                <div class=\"mxm-post-featured\">\n                    <a href=\"https:\/\/dievolkswirtschaft.ch\/fr\/2026\/08\/pourquoi-les-meres-gagnent-moins-que-les-peres\/\">\n                                                    <img loading=\"lazy\" decoding=\"async\" width=\"800\" height=\"431\" src=\"https:\/\/dievolkswirtschaft.ch\/content\/uploads\/2026\/08\/Bamert_288003984_web-1-1024x552.jpg\" class=\"attachment-large size-large wp-post-image\" alt=\"\" srcset=\"https:\/\/dievolkswirtschaft.ch\/content\/uploads\/2026\/08\/Bamert_288003984_web-1-1024x552.jpg 1024w, https:\/\/dievolkswirtschaft.ch\/content\/uploads\/2026\/08\/Bamert_288003984_web-1-300x162.jpg 300w, https:\/\/dievolkswirtschaft.ch\/content\/uploads\/2026\/08\/Bamert_288003984_web-1-768x414.jpg 768w, https:\/\/dievolkswirtschaft.ch\/content\/uploads\/2026\/08\/Bamert_288003984_web-1.jpg 1335w\" sizes=\"(max-width: 800px) 100vw, 800px\" \/>                                            <\/a>\n                <\/div>\n            <\/div>\n            <div class=\"mxm-post-body\">\n                <div class=\"mxm-post-title\">\n                    <a href=\"https:\/\/dievolkswirtschaft.ch\/fr\/2026\/08\/pourquoi-les-meres-gagnent-moins-que-les-peres\/\"><h4>Pourquoi les m\u00e8res gagnent moins que les p\u00e8res<\/h4><\/a>\n                <\/div>\n                <div class=\"mxm-post-tags\">\n                                        <div class=\"tag-cloud\">\n                        <a href=\"https:\/\/dievolkswirtschaft.ch\/fr\/thematiques\/?cat1=politiques-economiques\" class=\"mxm-post-tag related-post-tag\" data-tax=\"post_content_category\" data-term=\"politiques-economiques\">Politique \u00e9conomique<\/a>                    <\/div>\n                                    <\/div>\n                <div class=\"mxm-post-footer\">\n                    <div class=\"mxm-post-info\">\n                        <div class=\"mxm-post-author\">\n                            <p><a href=\"https:\/\/dievolkswirtschaft.ch\/fr\/author\/justus-bamert\/\" class=\"related-p-authors\">Justus Bamert<\/a> | 27.08.26<\/p>\n                        <\/div>\n                    <\/div>\n                    <div class=\"mxm-post-bookmark\" data-id=\"222220\">\n                        <p><img decoding=\"async\" src=\"https:\/\/dievolkswirtschaft.ch\/wp-content\/themes\/maxomedia-starter-child\/assets\/images\/bookmark-default.svg\" alt=\"\"><\/p>\n                    <\/div>\n                <\/div>\n            <\/div>\n        <\/div>\n    <\/div>\n<\/div>                        \n                            <div class=\"mxm-post-container\">\n    \n<!--  -->\n        <div class=\"mxm-post-wrapper\">\n        <div class=\"mxm-post-item\">\n            <div class=\"mxm-post-header\">\n                <div class=\"mxm-post-featured\">\n                    <a href=\"https:\/\/dievolkswirtschaft.ch\/fr\/2026\/08\/hausse-des-prix-de-lenergie-quels-sont-les-cantons-les-plus-concernes\/\">\n                                                    <img loading=\"lazy\" decoding=\"async\" width=\"800\" height=\"431\" src=\"https:\/\/dievolkswirtschaft.ch\/content\/uploads\/2026\/08\/Fernandez_367760560_web-1024x552.jpg\" class=\"attachment-large size-large wp-post-image\" alt=\"\" srcset=\"https:\/\/dievolkswirtschaft.ch\/content\/uploads\/2026\/08\/Fernandez_367760560_web-1024x552.jpg 1024w, https:\/\/dievolkswirtschaft.ch\/content\/uploads\/2026\/08\/Fernandez_367760560_web-300x162.jpg 300w, https:\/\/dievolkswirtschaft.ch\/content\/uploads\/2026\/08\/Fernandez_367760560_web-768x414.jpg 768w, https:\/\/dievolkswirtschaft.ch\/content\/uploads\/2026\/08\/Fernandez_367760560_web.jpg 1335w\" sizes=\"(max-width: 800px) 100vw, 800px\" \/>                                            <\/a>\n                <\/div>\n            <\/div>\n            <div class=\"mxm-post-body\">\n                <div class=\"mxm-post-title\">\n                    <a href=\"https:\/\/dievolkswirtschaft.ch\/fr\/2026\/08\/hausse-des-prix-de-lenergie-quels-sont-les-cantons-les-plus-concernes\/\"><h4>Hausse des prix de l\u2019\u00e9nergie: quels sont les cantons les plus concern\u00e9s?<\/h4><\/a>\n                <\/div>\n                <div class=\"mxm-post-tags\">\n                                        <div class=\"tag-cloud\">\n                        <a href=\"https:\/\/dievolkswirtschaft.ch\/fr\/thematiques\/?cat1=international-fr\" class=\"mxm-post-tag related-post-tag\" data-tax=\"post_content_category\" data-term=\"international-fr\">International<\/a>                    <\/div>\n                                    <\/div>\n                <div class=\"mxm-post-footer\">\n                    <div class=\"mxm-post-info\">\n                        <div class=\"mxm-post-author\">\n                            <p><a href=\"https:\/\/dievolkswirtschaft.ch\/fr\/author\/octavio-fernandez-amador\/\" class=\"related-p-authors\">Octavio Fern\u00e1ndez-Amador<\/a>, <a href=\"https:\/\/dievolkswirtschaft.ch\/fr\/author\/doris-a-oberdabernig\/\" class=\"related-p-authors\">Doris A. Oberdabernig<\/a>, <a href=\"https:\/\/dievolkswirtschaft.ch\/fr\/author\/patrick-tomberger\/\" class=\"related-p-authors\">Patrick Tomberger<\/a> | 20.08.26<\/p>\n                        <\/div>\n                    <\/div>\n                    <div class=\"mxm-post-bookmark\" data-id=\"221799\">\n                        <p><img decoding=\"async\" src=\"https:\/\/dievolkswirtschaft.ch\/wp-content\/themes\/maxomedia-starter-child\/assets\/images\/bookmark-default.svg\" alt=\"\"><\/p>\n                    <\/div>\n                <\/div>\n            <\/div>\n        <\/div>\n    <\/div>\n<\/div>                        \n                            <div class=\"mxm-post-container\">\n    \n<!--  -->\n        <div class=\"mxm-post-wrapper\">\n        <div class=\"mxm-post-item\">\n            <div class=\"mxm-post-header\">\n                <div class=\"mxm-post-featured\">\n                    <a href=\"https:\/\/dievolkswirtschaft.ch\/fr\/2026\/08\/la-colombie-de-pays-en-developpement-a-partenaire-economique-a-part-entiere\/\">\n                                                    <img loading=\"lazy\" decoding=\"async\" width=\"800\" height=\"431\" src=\"https:\/\/dievolkswirtschaft.ch\/content\/uploads\/2026\/08\/Anselmo-Bietenhader_610381751_web-1024x552.jpg\" class=\"attachment-large size-large wp-post-image\" alt=\"\" srcset=\"https:\/\/dievolkswirtschaft.ch\/content\/uploads\/2026\/08\/Anselmo-Bietenhader_610381751_web-1024x552.jpg 1024w, https:\/\/dievolkswirtschaft.ch\/content\/uploads\/2026\/08\/Anselmo-Bietenhader_610381751_web-300x162.jpg 300w, https:\/\/dievolkswirtschaft.ch\/content\/uploads\/2026\/08\/Anselmo-Bietenhader_610381751_web-768x414.jpg 768w, https:\/\/dievolkswirtschaft.ch\/content\/uploads\/2026\/08\/Anselmo-Bietenhader_610381751_web.jpg 1335w\" sizes=\"(max-width: 800px) 100vw, 800px\" \/>                                            <\/a>\n                <\/div>\n            <\/div>\n            <div class=\"mxm-post-body\">\n                <div class=\"mxm-post-title\">\n                    <a href=\"https:\/\/dievolkswirtschaft.ch\/fr\/2026\/08\/la-colombie-de-pays-en-developpement-a-partenaire-economique-a-part-entiere\/\"><h4>La Colombie, de pays en d\u00e9veloppement \u00e0 partenaire \u00e9conomique \u00e0 part enti\u00e8re<\/h4><\/a>\n                <\/div>\n                <div class=\"mxm-post-tags\">\n                                        <div class=\"tag-cloud\">\n                        <a href=\"https:\/\/dievolkswirtschaft.ch\/fr\/thematiques\/?cat1=international-fr\" class=\"mxm-post-tag related-post-tag\" data-tax=\"post_content_category\" data-term=\"international-fr\">International<\/a>                    <\/div>\n                                    <\/div>\n                <div class=\"mxm-post-footer\">\n                    <div class=\"mxm-post-info\">\n                        <div class=\"mxm-post-author\">\n                            <p><a href=\"https:\/\/dievolkswirtschaft.ch\/fr\/author\/diana-anselmo\/\" class=\"related-p-authors\">Diana Anselmo<\/a>, <a href=\"https:\/\/dievolkswirtschaft.ch\/fr\/author\/martina-bietenhader\/\" class=\"related-p-authors\">Martina Bietenhader<\/a> | 18.08.26<\/p>\n                        <\/div>\n                    <\/div>\n                    <div class=\"mxm-post-bookmark\" data-id=\"222215\">\n                        <p><img decoding=\"async\" src=\"https:\/\/dievolkswirtschaft.ch\/wp-content\/themes\/maxomedia-starter-child\/assets\/images\/bookmark-default.svg\" alt=\"\"><\/p>\n                    <\/div>\n                <\/div>\n            <\/div>\n        <\/div>\n    <\/div>\n<\/div>                        \n                            <div class=\"mxm-post-container\">\n    \n<!--  -->\n        <div class=\"mxm-post-wrapper\">\n        <div class=\"mxm-post-item\">\n            <div class=\"mxm-post-header\">\n                <div class=\"mxm-post-featured\">\n                    <a href=\"https:\/\/dievolkswirtschaft.ch\/fr\/2026\/08\/comment-les-points-de-bascule-peuvent-accelerer-la-decarbonation\/\">\n                                                    <img loading=\"lazy\" decoding=\"async\" width=\"800\" height=\"431\" src=\"https:\/\/dievolkswirtschaft.ch\/content\/uploads\/2026\/08\/Bretschger-Leuthard_351112002_web-1024x552.jpg\" class=\"attachment-large size-large wp-post-image\" alt=\"\" srcset=\"https:\/\/dievolkswirtschaft.ch\/content\/uploads\/2026\/08\/Bretschger-Leuthard_351112002_web-1024x552.jpg 1024w, https:\/\/dievolkswirtschaft.ch\/content\/uploads\/2026\/08\/Bretschger-Leuthard_351112002_web-300x162.jpg 300w, https:\/\/dievolkswirtschaft.ch\/content\/uploads\/2026\/08\/Bretschger-Leuthard_351112002_web-768x414.jpg 768w, https:\/\/dievolkswirtschaft.ch\/content\/uploads\/2026\/08\/Bretschger-Leuthard_351112002_web.jpg 1335w\" sizes=\"(max-width: 800px) 100vw, 800px\" \/>                                            <\/a>\n                <\/div>\n            <\/div>\n            <div class=\"mxm-post-body\">\n                <div class=\"mxm-post-title\">\n                    <a href=\"https:\/\/dievolkswirtschaft.ch\/fr\/2026\/08\/comment-les-points-de-bascule-peuvent-accelerer-la-decarbonation\/\"><h4>Comment les points de bascule peuvent acc\u00e9l\u00e9rer la d\u00e9carbonation<\/h4><\/a>\n                <\/div>\n                <div class=\"mxm-post-tags\">\n                                        <div class=\"tag-cloud\">\n                        <a href=\"https:\/\/dievolkswirtschaft.ch\/fr\/thematiques\/?cat1=politiques-economiques\" class=\"mxm-post-tag related-post-tag\" data-tax=\"post_content_category\" data-term=\"politiques-economiques\">Politique \u00e9conomique<\/a>                    <\/div>\n                                    <\/div>\n                <div class=\"mxm-post-footer\">\n                    <div class=\"mxm-post-info\">\n                        <div class=\"mxm-post-author\">\n                            <p><a href=\"https:\/\/dievolkswirtschaft.ch\/fr\/author\/matthias-leuthard\/\" class=\"related-p-authors\">Matthias Leuthard<\/a>, <a href=\"https:\/\/dievolkswirtschaft.ch\/fr\/author\/prof-dr-lucas-bretschger\/\" class=\"related-p-authors\">Lucas Bretschger<\/a> | 13.08.26<\/p>\n                        <\/div>\n                    <\/div>\n                    <div class=\"mxm-post-bookmark\" data-id=\"222066\">\n                        <p><img decoding=\"async\" src=\"https:\/\/dievolkswirtschaft.ch\/wp-content\/themes\/maxomedia-starter-child\/assets\/images\/bookmark-default.svg\" alt=\"\"><\/p>\n                    <\/div>\n                <\/div>\n            <\/div>\n        <\/div>\n    <\/div>\n<\/div>                        \n                            <div class=\"mxm-post-container\">\n    \n<!--  -->\n        <div class=\"mxm-post-wrapper\">\n        <div class=\"mxm-post-item\">\n            <div class=\"mxm-post-header\">\n                <div class=\"mxm-post-featured\">\n                    <a href=\"https:\/\/dievolkswirtschaft.ch\/fr\/2026\/08\/quel-federalisme-pour-la-suisse\/\">\n                                                    <img loading=\"lazy\" decoding=\"async\" width=\"800\" height=\"431\" src=\"https:\/\/dievolkswirtschaft.ch\/content\/uploads\/2026\/07\/Mathys_368470585_web-1-1024x552.jpg\" class=\"attachment-large size-large wp-post-image\" alt=\"\" srcset=\"https:\/\/dievolkswirtschaft.ch\/content\/uploads\/2026\/07\/Mathys_368470585_web-1-1024x552.jpg 1024w, https:\/\/dievolkswirtschaft.ch\/content\/uploads\/2026\/07\/Mathys_368470585_web-1-300x162.jpg 300w, https:\/\/dievolkswirtschaft.ch\/content\/uploads\/2026\/07\/Mathys_368470585_web-1-768x414.jpg 768w, https:\/\/dievolkswirtschaft.ch\/content\/uploads\/2026\/07\/Mathys_368470585_web-1.jpg 1335w\" sizes=\"(max-width: 800px) 100vw, 800px\" \/>                                            <\/a>\n                <\/div>\n            <\/div>\n            <div class=\"mxm-post-body\">\n                <div class=\"mxm-post-title\">\n                    <a href=\"https:\/\/dievolkswirtschaft.ch\/fr\/2026\/08\/quel-federalisme-pour-la-suisse\/\"><h4>Quel f\u00e9d\u00e9ralisme pour la Suisse?<\/h4><\/a>\n                <\/div>\n                <div class=\"mxm-post-tags\">\n                                        <div class=\"tag-cloud\">\n                        <a href=\"https:\/\/dievolkswirtschaft.ch\/fr\/thematiques\/?cat1=politiques-economiques\" class=\"mxm-post-tag related-post-tag\" data-tax=\"post_content_category\" data-term=\"politiques-economiques\">Politique \u00e9conomique<\/a>                    <\/div>\n                                    <\/div>\n                <div class=\"mxm-post-footer\">\n                    <div class=\"mxm-post-info\">\n                        <div class=\"mxm-post-author\">\n                            <p><a href=\"https:\/\/dievolkswirtschaft.ch\/fr\/author\/laetitia-mathys\/\" class=\"related-p-authors\">Laetitia Mathys<\/a> | 05.08.26<\/p>\n                        <\/div>\n                    <\/div>\n                    <div class=\"mxm-post-bookmark\" data-id=\"221840\">\n                        <p><img decoding=\"async\" src=\"https:\/\/dievolkswirtschaft.ch\/wp-content\/themes\/maxomedia-starter-child\/assets\/images\/bookmark-default.svg\" alt=\"\"><\/p>\n                    <\/div>\n                <\/div>\n            <\/div>\n        <\/div>\n    <\/div>\n<\/div>                        \n                            <div class=\"mxm-post-container\">\n    \n<!--  -->\n        <div class=\"mxm-post-wrapper\">\n        <div class=\"mxm-post-item\">\n            <div class=\"mxm-post-header\">\n                <div class=\"mxm-post-featured\">\n                    <a href=\"https:\/\/dievolkswirtschaft.ch\/fr\/2026\/07\/coopetition-les-domaines-skiables-devraient-cooperer-davantage\/\">\n                                                    <img loading=\"lazy\" decoding=\"async\" width=\"800\" height=\"431\" src=\"https:\/\/dievolkswirtschaft.ch\/content\/uploads\/2026\/07\/Stadler-Capaul_640993190_web-1024x552.jpg\" class=\"attachment-large size-large wp-post-image\" alt=\"\" srcset=\"https:\/\/dievolkswirtschaft.ch\/content\/uploads\/2026\/07\/Stadler-Capaul_640993190_web-1024x552.jpg 1024w, https:\/\/dievolkswirtschaft.ch\/content\/uploads\/2026\/07\/Stadler-Capaul_640993190_web-300x162.jpg 300w, https:\/\/dievolkswirtschaft.ch\/content\/uploads\/2026\/07\/Stadler-Capaul_640993190_web-768x414.jpg 768w, https:\/\/dievolkswirtschaft.ch\/content\/uploads\/2026\/07\/Stadler-Capaul_640993190_web.jpg 1335w\" sizes=\"(max-width: 800px) 100vw, 800px\" \/>                                            <\/a>\n                <\/div>\n            <\/div>\n            <div class=\"mxm-post-body\">\n                <div class=\"mxm-post-title\">\n                    <a href=\"https:\/\/dievolkswirtschaft.ch\/fr\/2026\/07\/coopetition-les-domaines-skiables-devraient-cooperer-davantage\/\"><h4>Coop\u00e9tition: les domaines skiables devraient coop\u00e9rer davantage<\/h4><\/a>\n                <\/div>\n                <div class=\"mxm-post-tags\">\n                                        <div class=\"tag-cloud\">\n                        <a href=\"https:\/\/dievolkswirtschaft.ch\/fr\/thematiques\/?cat1=politiques-economiques\" class=\"mxm-post-tag related-post-tag\" data-tax=\"post_content_category\" data-term=\"politiques-economiques\">Politique \u00e9conomique<\/a>                    <\/div>\n                                    <\/div>\n                <div class=\"mxm-post-footer\">\n                    <div class=\"mxm-post-info\">\n                        <div class=\"mxm-post-author\">\n                            <p><a href=\"https:\/\/dievolkswirtschaft.ch\/fr\/author\/michael-stadler\/\" class=\"related-p-authors\">Michael Stadler<\/a>, <a href=\"https:\/\/dievolkswirtschaft.ch\/fr\/author\/gian-reto-capaul\/\" class=\"related-p-authors\">Gian-Reto Capaul<\/a> | 28.07.26<\/p>\n                        <\/div>\n                    <\/div>\n                    <div class=\"mxm-post-bookmark\" data-id=\"221804\">\n                        <p><img decoding=\"async\" src=\"https:\/\/dievolkswirtschaft.ch\/wp-content\/themes\/maxomedia-starter-child\/assets\/images\/bookmark-default.svg\" alt=\"\"><\/p>\n                    <\/div>\n                <\/div>\n            <\/div>\n        <\/div>\n    <\/div>\n<\/div>                                            <\/div>\n                <\/div>\n\n                <div class=\"mxm-posts-filtered-footer\">\n                    \n<div class=\"mxm-main-focus-pagination\">\n\n    <a \n        class=\"mxm-pagination-arrow start-arrow\" \n        style=\"padding:10px\"\n        data-page=\"1\" \n        data-cat1=\"all\"\n        data-cat2=\"all\">\n        <<\n    <\/a>\n\n    <a \n        class=\"mxm-pagination-arrow prev-arrow\" \n        style=\"padding:10px\"\n        data-page=\"1\" \n        data-cat1=\"all\" \n        data-cat2=\"all\" >\n        <\n    <\/a>\n\n    <span class=\"page-count\" style=\"padding:10px\">\n        Page <span class=\"current-mxm-grid-page\">1<\/span> de <span class=\"max-mxm-grid-page\">255<\/span>    <\/span>\n\n    <a \n        class=\"mxm-pagination-arrow next-arrow\" \n        style=\"padding:10px\"\n        data-page=\"2\" \n        data-cat1=\"all\" \n        data-cat2=\"all\" >\n        >\n    <\/a>\n\n    <a \n        class=\"mxm-pagination-arrow end-arrow\" \n        style=\"padding:10px\"\n        data-page=\"255\" \n        data-cat1=\"all\" \n        data-cat2=\"all\">\n        >>\n    <\/a>\n<\/div>                <\/div>\n            <\/div>\n        <\/div>\n\n\n        \t\t<\/div>\n\t\t\t\t<\/div>\n\t\t\t\t\t<\/div>\n\t\t<\/div>\n\t\t\t\t\t<\/div>\n\t\t<\/section>\n\t\t\t\t<\/div>","protected":false},"excerpt":{"rendered":"<p>Home Th\u00e9matiques Alle ThemenArbeitsmarktEntwicklungspolitikFinanzm\u00e4rkteInfografikenInternationalKonjunkturSozialpolitikStaatsfinanzenStandortfaktorenWirtschaftspolitik Tous les tagsBankenBildungDemografieDigitalEnergieEurop\u00e4ische UnionForschung und InnovationGeldGesundheitGleichstellungHandelImmobilienIndustrieKantoneKlimaK\u00fcnstliche IntelligenzLandwirtschaftMigrationMobilit\u00e4tRechtRohstoffeSozialversicherungenSteuernTechnologieTourismusUmweltUnternehmenWettbewerbWissenschaft Wie man schlaue Regulierungen findet Handel Christiane Arndt-Bascle, Paul Davidson, Marie-Gabrielle de Liedekerke | 23.12.21 Cyberkriminalit\u00e4t nimmt zu Die Volkswirtschaft \/ La Vie \u00e9conomique | 23.12.21 Neuro\u00f6konomie: Wie wir Entscheide treffen Forschung und Innovation Philippe Tobler | 23.12.21 Mobilit\u00e4t 2060: Sch\u00f6ne neue \u00abServicewelt\u00bb? Forschung [&hellip;]<\/p>","protected":false},"author":3,"featured_media":0,"parent":0,"menu_order":0,"comment_status":"closed","ping_status":"closed","template":"","meta":{"_acf_changed":false,"om_disable_all_campaigns":false,"ep_exclude_from_search":false,"footnotes":""},"acf":[],"_links":{"self":[{"href":"https:\/\/dievolkswirtschaft.ch\/fr\/wp-json\/wp\/v2\/pages\/4791"}],"collection":[{"href":"https:\/\/dievolkswirtschaft.ch\/fr\/wp-json\/wp\/v2\/pages"}],"about":[{"href":"https:\/\/dievolkswirtschaft.ch\/fr\/wp-json\/wp\/v2\/types\/page"}],"author":[{"embeddable":true,"href":"https:\/\/dievolkswirtschaft.ch\/fr\/wp-json\/wp\/v2\/users\/3"}],"replies":[{"embeddable":true,"href":"https:\/\/dievolkswirtschaft.ch\/fr\/wp-json\/wp\/v2\/comments?post=4791"}],"version-history":[{"count":16,"href":"https:\/\/dievolkswirtschaft.ch\/fr\/wp-json\/wp\/v2\/pages\/4791\/revisions"}],"predecessor-version":[{"id":162301,"href":"https:\/\/dievolkswirtschaft.ch\/fr\/wp-json\/wp\/v2\/pages\/4791\/revisions\/162301"}],"wp:attachment":[{"href":"https:\/\/dievolkswirtschaft.ch\/fr\/wp-json\/wp\/v2\/media?parent=4791"}],"curies":[{"name":"wp","href":"https:\/\/api.w.org\/{rel}","templated":true}]}}