{"id":88324,"date":"2021-12-27T14:29:45","date_gmt":"2021-12-27T13:29:45","guid":{"rendered":"https:\/\/dievolkswirtschaft.ch\/tendances-conjoncturelles\/"},"modified":"2023-06-21T14:29:37","modified_gmt":"2023-06-21T12:29:37","slug":"tendances-conjoncturelles","status":"publish","type":"page","link":"https:\/\/dievolkswirtschaft.ch\/fr\/series\/tendances-conjoncturelles\/","title":{"rendered":"Tendances conjoncturelles"},"content":{"rendered":"\t\t<div data-elementor-type=\"wp-page\" data-elementor-id=\"88324\" class=\"elementor elementor-88324 elementor-895\" data-elementor-post-type=\"page\">\n\t\t\t\t\t\t<section class=\"elementor-section elementor-top-section elementor-element elementor-element-09339f1 elementor-section-boxed elementor-section-height-default elementor-section-height-default\" data-id=\"09339f1\" data-element_type=\"section\">\n\t\t\t\t\t\t<div class=\"elementor-container elementor-column-gap-default\">\n\t\t\t\t\t<div class=\"elementor-column elementor-col-100 elementor-top-column elementor-element elementor-element-a9bebbf\" data-id=\"a9bebbf\" data-element_type=\"column\">\n\t\t\t<div class=\"elementor-widget-wrap elementor-element-populated\">\n\t\t\t\t\t\t<div class=\"elementor-element elementor-element-f7fb78d elementor-widget elementor-widget-mxm-breadcrumb\" data-id=\"f7fb78d\" data-element_type=\"widget\" data-widget_type=\"mxm-breadcrumb.default\">\n\t\t\t\t<div class=\"elementor-widget-container\">\n\t\t\t<ul id=\"ah-breadcrumb\" class=\"ah-breadcrumb\"><li><a href=\"https:\/\/dievolkswirtschaft.ch\/fr\/\">ACCUEIL<\/a><\/li><li class=\"separator\"><i class=\"fas fa-chevron-right\"><\/i><\/li><\/ul>\t\t<\/div>\n\t\t\t\t<\/div>\n\t\t\t\t<div class=\"elementor-element elementor-element-cd74248 elementor-widget elementor-widget-heading\" data-id=\"cd74248\" data-element_type=\"widget\" data-widget_type=\"heading.default\">\n\t\t\t\t<div class=\"elementor-widget-container\">\n\t\t\t\n<style>\/*! elementor - v3.22.0 - 26-06-2024 *\/\n.elementor-heading-title{padding:0;margin:0;line-height:1}.elementor-widget-heading .elementor-heading-title[class*=elementor-size-]>a{color:inherit;font-size:inherit;line-height:inherit}.elementor-widget-heading .elementor-heading-title.elementor-size-small{font-size:15px}.elementor-widget-heading .elementor-heading-title.elementor-size-medium{font-size:19px}.elementor-widget-heading .elementor-heading-title.elementor-size-large{font-size:29px}.elementor-widget-heading .elementor-heading-title.elementor-size-xl{font-size:39px}.elementor-widget-heading .elementor-heading-title.elementor-size-xxl{font-size:59px}<\/style>\n<h1 class=\"elementor-heading-title elementor-size-default\">Tendances conjoncturelles<\/h1>\t\t<\/div>\n\t\t\t\t<\/div>\n\t\t\t\t<div class=\"elementor-element elementor-element-1fdb1c9 elementor-widget elementor-widget-mxmkonjunkturtendenzen\" data-id=\"1fdb1c9\" data-element_type=\"widget\" data-widget_type=\"mxmkonjunkturtendenzen.default\">\n\t\t\t\t<div class=\"elementor-widget-container\">\n\t\t\t            <div class=\"mxm-posts-filtered-container\">\n                <div class=\"mxm-posts-filtered-wrapper\">\n                    <div class=\"mxm-posts-filtered-title\">\n                        <div class=\"intro-text\" style=\"margin-top: 25px\">\n                            <p style=\"min-height: 1em;font-size: 1rem;line-height: 1.25;font-weight: normal;\">Les experts du Secr\u00e9tariat d\u2019\u00c9tat \u00e0 l\u2019\u00e9conomie publient quatre fois par an leurs pr\u00e9visions conjoncturelles.<\/p>                        <\/div>\n                    <\/div>\n\n                    <div class=\"mxm-posts-filtered-header\">\n                        <div class=\"mxm-posts-filtered-header-wrapper\">\n                            <div class=\"mxm-posts-filter\">\n                                <select name=\"dates\" class=\"mxm-konjukturtendenzen-dates dates\" data-random-id='6564fa58490d38d6db9b0939dbc55f89'>\n                                    \t<option value=\"2026\" data-random-id='6564fa58490d38d6db9b0939dbc55f89' data-request-type=\"date_click\" \"\"> 2026 <\/option>\n\t<option value=\"2025\" data-random-id='6564fa58490d38d6db9b0939dbc55f89' data-request-type=\"date_click\" \"\"> 2025 <\/option>\n\t<option value=\"2024\" data-random-id='6564fa58490d38d6db9b0939dbc55f89' data-request-type=\"date_click\" \"\"> 2024 <\/option>\n\t<option value=\"2023\" data-random-id='6564fa58490d38d6db9b0939dbc55f89' data-request-type=\"date_click\" \"\"> 2023 <\/option>\n\t<option value=\"2022\" data-random-id='6564fa58490d38d6db9b0939dbc55f89' data-request-type=\"date_click\" \"\"> 2022 <\/option>\n\t<option value=\"2021\" data-random-id='6564fa58490d38d6db9b0939dbc55f89' data-request-type=\"date_click\" \"\"> 2021 <\/option>\n\t<option value=\"2020\" data-random-id='6564fa58490d38d6db9b0939dbc55f89' data-request-type=\"date_click\" \"\"> 2020 <\/option>\n\t<option value=\"2019\" data-random-id='6564fa58490d38d6db9b0939dbc55f89' data-request-type=\"date_click\" \"\"> 2019 <\/option>\n                                <\/select>\n                            <\/div>\n                        <\/div> \n                    <\/div>\n\n                    <div class=\"mxm-posts-filtered-body\">\n                        <div id=\"mxm-single-grid-item-wrapper-6564fa58490d38d6db9b0939dbc55f89\" class=\"mxm-posts-grid\">\n                            <div data-post-id=\"#mxm-219013\" class=\"mxm-post-wrapper\">   \n    <div class=\"mxm-post-item\">\n        <div class=\"mxm-post-header\">\n            <div class=\"mxm-post-featured\">\n                <a href=\"https:\/\/dievolkswirtschaft.ch\/fr\/2026\/03\/croissance-moderee-de-leconomie-suisse-en-2025\/\">\n                                            <img fetchpriority=\"high\" decoding=\"async\" width=\"800\" height=\"431\" src=\"https:\/\/dievolkswirtschaft.ch\/content\/uploads\/2026\/03\/Kemeny_694233896_web-1024x552.jpg\" class=\"attachment-large size-large wp-post-image\" alt=\"\" srcset=\"https:\/\/dievolkswirtschaft.ch\/content\/uploads\/2026\/03\/Kemeny_694233896_web-1024x552.jpg 1024w, https:\/\/dievolkswirtschaft.ch\/content\/uploads\/2026\/03\/Kemeny_694233896_web-300x162.jpg 300w, https:\/\/dievolkswirtschaft.ch\/content\/uploads\/2026\/03\/Kemeny_694233896_web-768x414.jpg 768w, https:\/\/dievolkswirtschaft.ch\/content\/uploads\/2026\/03\/Kemeny_694233896_web.jpg 1335w\" sizes=\"(max-width: 800px) 100vw, 800px\" \/>                                    <\/a>\n            <\/div>\n        <\/div>\n\n        <div class=\"mxm-post-body\">\n            <div class=\"mxm-post-title\">\n                <a href=\"https:\/\/dievolkswirtschaft.ch\/fr\/2026\/03\/croissance-moderee-de-leconomie-suisse-en-2025\/\">\n                    <h4>Croissance mod\u00e9r\u00e9e de l\u2019\u00e9conomie suisse en 2025<\/h4>\n                <\/a>\n            <\/div>\n            \n            <div class=\"mxm-post-tags\"> \n                <div class=\"mxm-post-tags\">\n                    <div class=\"tag-cloud\">\n                        <a href=\"https:\/\/dievolkswirtschaft.ch\/fr\/series\/tendances-conjoncturelles\/\" class=\"mxm-post-tag related-post-tag\">\n                            Tendances conjoncturelles                        <\/a>   \n\n                        <a href=\"https:\/\/dievolkswirtschaft.ch\/fr\/series\/tendances-conjoncturelles\/\" class=\"mxm-post-tag related-post-tag\">Printemps<\/a>                   \n                    <\/div>\n                <\/div>\n            <\/div>\n\n            <div class=\"mxm-post-footer\">\n                <div class=\"mxm-post-info\">\n                    <div class=\"mxm-post-author\">\n                        <p>Felicitas Kemeny, Caroline Schmidt | 26.03.26<\/p>\n                    <\/div>\n                <\/div>\n\n                                <div class=\"mxm-post-bookmark\" data-id=\"219013\">\n                    <p>\n                        <img decoding=\"async\" src=\"https:\/\/dievolkswirtschaft.ch\/wp-content\/themes\/maxomedia-starter-child\/assets\/images\/bookmark-default.svg\" \n                            alt=\"Croissance mod\u00e9r\u00e9e de l\u2019\u00e9conomie suisse en 2025\">\n                    <\/p>\n                <\/div> \n            <\/div>\n        <\/div>\n\n    <\/div>\n<\/div><div data-post-id=\"#mxm-216096\" class=\"mxm-post-wrapper\">   \n    <div class=\"mxm-post-item\">\n        <div class=\"mxm-post-header\">\n            <div class=\"mxm-post-featured\">\n                <a href=\"https:\/\/dievolkswirtschaft.ch\/fr\/2025\/12\/les-raisons-du-recul-du-pib-au-troisieme-trimestre-2025\/\">\n                                            <img decoding=\"async\" width=\"800\" height=\"431\" src=\"https:\/\/dievolkswirtschaft.ch\/content\/uploads\/2025\/12\/Wegmueller_Schmidt_421537442_highres-1-1024x552.jpg\" class=\"attachment-large size-large wp-post-image\" alt=\"\" srcset=\"https:\/\/dievolkswirtschaft.ch\/content\/uploads\/2025\/12\/Wegmueller_Schmidt_421537442_highres-1-1024x552.jpg 1024w, https:\/\/dievolkswirtschaft.ch\/content\/uploads\/2025\/12\/Wegmueller_Schmidt_421537442_highres-1-300x162.jpg 300w, https:\/\/dievolkswirtschaft.ch\/content\/uploads\/2025\/12\/Wegmueller_Schmidt_421537442_highres-1-768x414.jpg 768w, https:\/\/dievolkswirtschaft.ch\/content\/uploads\/2025\/12\/Wegmueller_Schmidt_421537442_highres-1.jpg 1335w\" sizes=\"(max-width: 800px) 100vw, 800px\" \/>                                    <\/a>\n            <\/div>\n        <\/div>\n\n        <div class=\"mxm-post-body\">\n            <div class=\"mxm-post-title\">\n                <a href=\"https:\/\/dievolkswirtschaft.ch\/fr\/2025\/12\/les-raisons-du-recul-du-pib-au-troisieme-trimestre-2025\/\">\n                    <h4>Les raisons du recul du PIB au troisi\u00e8me trimestre 2025<\/h4>\n                <\/a>\n            <\/div>\n            \n            <div class=\"mxm-post-tags\"> \n                <div class=\"mxm-post-tags\">\n                    <div class=\"tag-cloud\">\n                        <a href=\"https:\/\/dievolkswirtschaft.ch\/fr\/series\/tendances-conjoncturelles\/\" class=\"mxm-post-tag related-post-tag\">\n                            Tendances conjoncturelles                        <\/a>   \n\n                        <a href=\"https:\/\/dievolkswirtschaft.ch\/fr\/series\/tendances-conjoncturelles\/\" class=\"mxm-post-tag related-post-tag\">Hiver<\/a>                   \n                    <\/div>\n                <\/div>\n            <\/div>\n\n            <div class=\"mxm-post-footer\">\n                <div class=\"mxm-post-info\">\n                    <div class=\"mxm-post-author\">\n                        <p>Philipp Wegm\u00fcller, Caroline Schmidt | 18.12.25<\/p>\n                    <\/div>\n                <\/div>\n\n                                <div class=\"mxm-post-bookmark\" data-id=\"216096\">\n                    <p>\n                        <img decoding=\"async\" src=\"https:\/\/dievolkswirtschaft.ch\/wp-content\/themes\/maxomedia-starter-child\/assets\/images\/bookmark-default.svg\" \n                            alt=\"Les raisons du recul du PIB au troisi\u00e8me trimestre 2025\">\n                    <\/p>\n                <\/div> \n            <\/div>\n        <\/div>\n\n    <\/div>\n<\/div><div data-post-id=\"#mxm-214520\" class=\"mxm-post-wrapper\">   \n    <div class=\"mxm-post-item\">\n        <div class=\"mxm-post-header\">\n            <div class=\"mxm-post-featured\">\n                <a href=\"https:\/\/dievolkswirtschaft.ch\/fr\/2025\/10\/les-droits-de-douane-americains-freinent-la-conjoncture-suisse\/\">\n                                            <img decoding=\"async\" width=\"800\" height=\"431\" src=\"https:\/\/dievolkswirtschaft.ch\/content\/uploads\/2025\/10\/Kemeny_220997075_highres-1024x552.jpg\" class=\"attachment-large size-large wp-post-image\" alt=\"\" srcset=\"https:\/\/dievolkswirtschaft.ch\/content\/uploads\/2025\/10\/Kemeny_220997075_highres-1024x552.jpg 1024w, https:\/\/dievolkswirtschaft.ch\/content\/uploads\/2025\/10\/Kemeny_220997075_highres-300x162.jpg 300w, https:\/\/dievolkswirtschaft.ch\/content\/uploads\/2025\/10\/Kemeny_220997075_highres-768x414.jpg 768w, https:\/\/dievolkswirtschaft.ch\/content\/uploads\/2025\/10\/Kemeny_220997075_highres.jpg 1335w\" sizes=\"(max-width: 800px) 100vw, 800px\" \/>                                    <\/a>\n            <\/div>\n        <\/div>\n\n        <div class=\"mxm-post-body\">\n            <div class=\"mxm-post-title\">\n                <a href=\"https:\/\/dievolkswirtschaft.ch\/fr\/2025\/10\/les-droits-de-douane-americains-freinent-la-conjoncture-suisse\/\">\n                    <h4>Les droits de douane am\u00e9ricains freinent la conjoncture suisse<\/h4>\n                <\/a>\n            <\/div>\n            \n            <div class=\"mxm-post-tags\"> \n                <div class=\"mxm-post-tags\">\n                    <div class=\"tag-cloud\">\n                        <a href=\"https:\/\/dievolkswirtschaft.ch\/fr\/series\/tendances-conjoncturelles\/\" class=\"mxm-post-tag related-post-tag\">\n                            Tendances conjoncturelles                        <\/a>   \n\n                        <a href=\"https:\/\/dievolkswirtschaft.ch\/fr\/series\/tendances-conjoncturelles\/\" class=\"mxm-post-tag related-post-tag\">Automne<\/a>                   \n                    <\/div>\n                <\/div>\n            <\/div>\n\n            <div class=\"mxm-post-footer\">\n                <div class=\"mxm-post-info\">\n                    <div class=\"mxm-post-author\">\n                        <p>Felicitas Kemeny | 16.10.25<\/p>\n                    <\/div>\n                <\/div>\n\n                                <div class=\"mxm-post-bookmark\" data-id=\"214520\">\n                    <p>\n                        <img decoding=\"async\" src=\"https:\/\/dievolkswirtschaft.ch\/wp-content\/themes\/maxomedia-starter-child\/assets\/images\/bookmark-default.svg\" \n                            alt=\"Les droits de douane am\u00e9ricains freinent la conjoncture suisse\">\n                    <\/p>\n                <\/div> \n            <\/div>\n        <\/div>\n\n    <\/div>\n<\/div><div data-post-id=\"#mxm-210475\" class=\"mxm-post-wrapper\">   \n    <div class=\"mxm-post-item\">\n        <div class=\"mxm-post-header\">\n            <div class=\"mxm-post-featured\">\n                <a href=\"https:\/\/dievolkswirtschaft.ch\/fr\/2025\/06\/les-droits-de-douane-assombrissent-le-moral-des-consommateurs\/\">\n                                            <img loading=\"lazy\" decoding=\"async\" width=\"800\" height=\"431\" src=\"https:\/\/dievolkswirtschaft.ch\/content\/uploads\/2025\/06\/AAA_Kemeny-Kyriacou_647034889_highres-1024x552.jpg\" class=\"attachment-large size-large wp-post-image\" alt=\"\" srcset=\"https:\/\/dievolkswirtschaft.ch\/content\/uploads\/2025\/06\/AAA_Kemeny-Kyriacou_647034889_highres-1024x552.jpg 1024w, https:\/\/dievolkswirtschaft.ch\/content\/uploads\/2025\/06\/AAA_Kemeny-Kyriacou_647034889_highres-300x162.jpg 300w, https:\/\/dievolkswirtschaft.ch\/content\/uploads\/2025\/06\/AAA_Kemeny-Kyriacou_647034889_highres-768x414.jpg 768w, https:\/\/dievolkswirtschaft.ch\/content\/uploads\/2025\/06\/AAA_Kemeny-Kyriacou_647034889_highres-1536x828.jpg 1536w, https:\/\/dievolkswirtschaft.ch\/content\/uploads\/2025\/06\/AAA_Kemeny-Kyriacou_647034889_highres-2048x1104.jpg 2048w\" sizes=\"(max-width: 800px) 100vw, 800px\" \/>                                    <\/a>\n            <\/div>\n        <\/div>\n\n        <div class=\"mxm-post-body\">\n            <div class=\"mxm-post-title\">\n                <a href=\"https:\/\/dievolkswirtschaft.ch\/fr\/2025\/06\/les-droits-de-douane-assombrissent-le-moral-des-consommateurs\/\">\n                    <h4>Les droits de douane assombrissent le moral des consommateurs<\/h4>\n                <\/a>\n            <\/div>\n            \n            <div class=\"mxm-post-tags\"> \n                <div class=\"mxm-post-tags\">\n                    <div class=\"tag-cloud\">\n                        <a href=\"https:\/\/dievolkswirtschaft.ch\/fr\/series\/tendances-conjoncturelles\/\" class=\"mxm-post-tag related-post-tag\">\n                            Tendances conjoncturelles                        <\/a>   \n\n                        <a href=\"https:\/\/dievolkswirtschaft.ch\/fr\/series\/tendances-conjoncturelles\/\" class=\"mxm-post-tag related-post-tag\">\u00c9t\u00e9<\/a>                   \n                    <\/div>\n                <\/div>\n            <\/div>\n\n            <div class=\"mxm-post-footer\">\n                <div class=\"mxm-post-info\">\n                    <div class=\"mxm-post-author\">\n                        <p>Felicitas Kemeny, Lucas Kyriacou | 16.06.25<\/p>\n                    <\/div>\n                <\/div>\n\n                                <div class=\"mxm-post-bookmark\" data-id=\"210475\">\n                    <p>\n                        <img decoding=\"async\" src=\"https:\/\/dievolkswirtschaft.ch\/wp-content\/themes\/maxomedia-starter-child\/assets\/images\/bookmark-default.svg\" \n                            alt=\"Les droits de douane assombrissent le moral des consommateurs\">\n                    <\/p>\n                <\/div> \n            <\/div>\n        <\/div>\n\n    <\/div>\n<\/div><div data-post-id=\"#mxm-207932\" class=\"mxm-post-wrapper\">   \n    <div class=\"mxm-post-item\">\n        <div class=\"mxm-post-header\">\n            <div class=\"mxm-post-featured\">\n                <a href=\"https:\/\/dievolkswirtschaft.ch\/fr\/2025\/03\/2024-une-annee-record-pour-lhotellerie-suisse\/\">\n                                            <img loading=\"lazy\" decoding=\"async\" width=\"800\" height=\"431\" src=\"https:\/\/dievolkswirtschaft.ch\/content\/uploads\/2025\/03\/Fischer_525727280_highres-1024x552.jpg\" class=\"attachment-large size-large wp-post-image\" alt=\"\" srcset=\"https:\/\/dievolkswirtschaft.ch\/content\/uploads\/2025\/03\/Fischer_525727280_highres-1024x552.jpg 1024w, https:\/\/dievolkswirtschaft.ch\/content\/uploads\/2025\/03\/Fischer_525727280_highres-300x162.jpg 300w, https:\/\/dievolkswirtschaft.ch\/content\/uploads\/2025\/03\/Fischer_525727280_highres-768x414.jpg 768w, https:\/\/dievolkswirtschaft.ch\/content\/uploads\/2025\/03\/Fischer_525727280_highres-1536x829.jpg 1536w, https:\/\/dievolkswirtschaft.ch\/content\/uploads\/2025\/03\/Fischer_525727280_highres-2048x1105.jpg 2048w\" sizes=\"(max-width: 800px) 100vw, 800px\" \/>                                    <\/a>\n            <\/div>\n        <\/div>\n\n        <div class=\"mxm-post-body\">\n            <div class=\"mxm-post-title\">\n                <a href=\"https:\/\/dievolkswirtschaft.ch\/fr\/2025\/03\/2024-une-annee-record-pour-lhotellerie-suisse\/\">\n                    <h4>2024, une ann\u00e9e record pour l\u2019h\u00f4tellerie suisse<\/h4>\n                <\/a>\n            <\/div>\n            \n            <div class=\"mxm-post-tags\"> \n                <div class=\"mxm-post-tags\">\n                    <div class=\"tag-cloud\">\n                        <a href=\"https:\/\/dievolkswirtschaft.ch\/fr\/series\/tendances-conjoncturelles\/\" class=\"mxm-post-tag related-post-tag\">\n                            Tendances conjoncturelles                        <\/a>   \n\n                        <a href=\"https:\/\/dievolkswirtschaft.ch\/fr\/series\/tendances-conjoncturelles\/\" class=\"mxm-post-tag related-post-tag\">Printemps<\/a>                   \n                    <\/div>\n                <\/div>\n            <\/div>\n\n            <div class=\"mxm-post-footer\">\n                <div class=\"mxm-post-info\">\n                    <div class=\"mxm-post-author\">\n                        <p>Sarah Fischer | 24.03.25<\/p>\n                    <\/div>\n                <\/div>\n\n                                <div class=\"mxm-post-bookmark\" data-id=\"207932\">\n                    <p>\n                        <img decoding=\"async\" src=\"https:\/\/dievolkswirtschaft.ch\/wp-content\/themes\/maxomedia-starter-child\/assets\/images\/bookmark-default.svg\" \n                            alt=\"2024, une ann\u00e9e record pour l\u2019h\u00f4tellerie suisse\">\n                    <\/p>\n                <\/div> \n            <\/div>\n        <\/div>\n\n    <\/div>\n<\/div><div data-post-id=\"#mxm-205072\" class=\"mxm-post-wrapper\">   \n    <div class=\"mxm-post-item\">\n        <div class=\"mxm-post-header\">\n            <div class=\"mxm-post-featured\">\n                <a href=\"https:\/\/dievolkswirtschaft.ch\/fr\/2024\/12\/pandemie-la-suisse-sen-est-mieux-sortie-que-de-nombreux-autres-pays\/\">\n                                            <img loading=\"lazy\" decoding=\"async\" width=\"800\" height=\"534\" src=\"https:\/\/dievolkswirtschaft.ch\/content\/uploads\/2025\/01\/Schmidt_233826820_highres-1024x683.jpg\" class=\"attachment-large size-large wp-post-image\" alt=\"\" srcset=\"https:\/\/dievolkswirtschaft.ch\/content\/uploads\/2025\/01\/Schmidt_233826820_highres-1024x683.jpg 1024w, https:\/\/dievolkswirtschaft.ch\/content\/uploads\/2025\/01\/Schmidt_233826820_highres-300x200.jpg 300w, https:\/\/dievolkswirtschaft.ch\/content\/uploads\/2025\/01\/Schmidt_233826820_highres-768x512.jpg 768w, https:\/\/dievolkswirtschaft.ch\/content\/uploads\/2025\/01\/Schmidt_233826820_highres-1536x1025.jpg 1536w, https:\/\/dievolkswirtschaft.ch\/content\/uploads\/2025\/01\/Schmidt_233826820_highres-2048x1366.jpg 2048w\" sizes=\"(max-width: 800px) 100vw, 800px\" \/>                                    <\/a>\n            <\/div>\n        <\/div>\n\n        <div class=\"mxm-post-body\">\n            <div class=\"mxm-post-title\">\n                <a href=\"https:\/\/dievolkswirtschaft.ch\/fr\/2024\/12\/pandemie-la-suisse-sen-est-mieux-sortie-que-de-nombreux-autres-pays\/\">\n                    <h4>Pand\u00e9mie: la Suisse s\u2019en est mieux sortie que de nombreux autres pays<\/h4>\n                <\/a>\n            <\/div>\n            \n            <div class=\"mxm-post-tags\"> \n                <div class=\"mxm-post-tags\">\n                    <div class=\"tag-cloud\">\n                        <a href=\"https:\/\/dievolkswirtschaft.ch\/fr\/series\/tendances-conjoncturelles\/\" class=\"mxm-post-tag related-post-tag\">\n                            Tendances conjoncturelles                        <\/a>   \n\n                        <a href=\"https:\/\/dievolkswirtschaft.ch\/fr\/series\/tendances-conjoncturelles\/\" class=\"mxm-post-tag related-post-tag\">Hiver<\/a>                   \n                    <\/div>\n                <\/div>\n            <\/div>\n\n            <div class=\"mxm-post-footer\">\n                <div class=\"mxm-post-info\">\n                    <div class=\"mxm-post-author\">\n                        <p>Caroline Schmidt | 17.12.24<\/p>\n                    <\/div>\n                <\/div>\n\n                                <div class=\"mxm-post-bookmark\" data-id=\"205072\">\n                    <p>\n                        <img decoding=\"async\" src=\"https:\/\/dievolkswirtschaft.ch\/wp-content\/themes\/maxomedia-starter-child\/assets\/images\/bookmark-default.svg\" \n                            alt=\"Pand\u00e9mie: la Suisse s\u2019en est mieux sortie que de nombreux autres pays\">\n                    <\/p>\n                <\/div> \n            <\/div>\n        <\/div>\n\n    <\/div>\n<\/div><div data-post-id=\"#mxm-202392\" class=\"mxm-post-wrapper\">   \n    <div class=\"mxm-post-item\">\n        <div class=\"mxm-post-header\">\n            <div class=\"mxm-post-featured\">\n                <a href=\"https:\/\/dievolkswirtschaft.ch\/fr\/2024\/09\/du-pib-au-pib-revise\/\">\n                                            <img loading=\"lazy\" decoding=\"async\" width=\"800\" height=\"534\" src=\"https:\/\/dievolkswirtschaft.ch\/content\/uploads\/2024\/09\/AAA_Kemeny-Wegmueller-316003394_highres_neu-1024x683.jpg\" class=\"attachment-large size-large wp-post-image\" alt=\"\" srcset=\"https:\/\/dievolkswirtschaft.ch\/content\/uploads\/2024\/09\/AAA_Kemeny-Wegmueller-316003394_highres_neu-1024x683.jpg 1024w, https:\/\/dievolkswirtschaft.ch\/content\/uploads\/2024\/09\/AAA_Kemeny-Wegmueller-316003394_highres_neu-300x200.jpg 300w, https:\/\/dievolkswirtschaft.ch\/content\/uploads\/2024\/09\/AAA_Kemeny-Wegmueller-316003394_highres_neu-768x513.jpg 768w, https:\/\/dievolkswirtschaft.ch\/content\/uploads\/2024\/09\/AAA_Kemeny-Wegmueller-316003394_highres_neu-1536x1025.jpg 1536w, https:\/\/dievolkswirtschaft.ch\/content\/uploads\/2024\/09\/AAA_Kemeny-Wegmueller-316003394_highres_neu-2048x1367.jpg 2048w\" sizes=\"(max-width: 800px) 100vw, 800px\" \/>                                    <\/a>\n            <\/div>\n        <\/div>\n\n        <div class=\"mxm-post-body\">\n            <div class=\"mxm-post-title\">\n                <a href=\"https:\/\/dievolkswirtschaft.ch\/fr\/2024\/09\/du-pib-au-pib-revise\/\">\n                    <h4>Du PIB au PIB r\u00e9vis\u00e9<\/h4>\n                <\/a>\n            <\/div>\n            \n            <div class=\"mxm-post-tags\"> \n                <div class=\"mxm-post-tags\">\n                    <div class=\"tag-cloud\">\n                        <a href=\"https:\/\/dievolkswirtschaft.ch\/fr\/series\/tendances-conjoncturelles\/\" class=\"mxm-post-tag related-post-tag\">\n                            Tendances conjoncturelles                        <\/a>   \n\n                        <a href=\"https:\/\/dievolkswirtschaft.ch\/fr\/series\/tendances-conjoncturelles\/\" class=\"mxm-post-tag related-post-tag\">Automne<\/a>                   \n                    <\/div>\n                <\/div>\n            <\/div>\n\n            <div class=\"mxm-post-footer\">\n                <div class=\"mxm-post-info\">\n                    <div class=\"mxm-post-author\">\n                        <p>Felicitas Kemeny, Philipp Wegm\u00fcller | 20.09.24<\/p>\n                    <\/div>\n                <\/div>\n\n                                <div class=\"mxm-post-bookmark\" data-id=\"202392\">\n                    <p>\n                        <img decoding=\"async\" src=\"https:\/\/dievolkswirtschaft.ch\/wp-content\/themes\/maxomedia-starter-child\/assets\/images\/bookmark-default.svg\" \n                            alt=\"Du PIB au PIB r\u00e9vis\u00e9\">\n                    <\/p>\n                <\/div> \n            <\/div>\n        <\/div>\n\n    <\/div>\n<\/div><div data-post-id=\"#mxm-198235\" class=\"mxm-post-wrapper\">   \n    <div class=\"mxm-post-item\">\n        <div class=\"mxm-post-header\">\n            <div class=\"mxm-post-featured\">\n                <a href=\"https:\/\/dievolkswirtschaft.ch\/fr\/2024\/06\/des-chiffres-du-pib-disponibles-plus-rapidement\/\">\n                                            <img loading=\"lazy\" decoding=\"async\" width=\"800\" height=\"535\" src=\"https:\/\/dievolkswirtschaft.ch\/content\/uploads\/2024\/05\/Kemeny-Wegmueller558016730_highres-1.jpg\" class=\"attachment-large size-large wp-post-image\" alt=\"\" srcset=\"https:\/\/dievolkswirtschaft.ch\/content\/uploads\/2024\/05\/Kemeny-Wegmueller558016730_highres-1.jpg 1017w, https:\/\/dievolkswirtschaft.ch\/content\/uploads\/2024\/05\/Kemeny-Wegmueller558016730_highres-1-300x201.jpg 300w, https:\/\/dievolkswirtschaft.ch\/content\/uploads\/2024\/05\/Kemeny-Wegmueller558016730_highres-1-768x514.jpg 768w\" sizes=\"(max-width: 800px) 100vw, 800px\" \/>                                    <\/a>\n            <\/div>\n        <\/div>\n\n        <div class=\"mxm-post-body\">\n            <div class=\"mxm-post-title\">\n                <a href=\"https:\/\/dievolkswirtschaft.ch\/fr\/2024\/06\/des-chiffres-du-pib-disponibles-plus-rapidement\/\">\n                    <h4>Des chiffres du PIB disponibles plus rapidement<\/h4>\n                <\/a>\n            <\/div>\n            \n            <div class=\"mxm-post-tags\"> \n                <div class=\"mxm-post-tags\">\n                    <div class=\"tag-cloud\">\n                        <a href=\"https:\/\/dievolkswirtschaft.ch\/fr\/series\/tendances-conjoncturelles\/\" class=\"mxm-post-tag related-post-tag\">\n                            Tendances conjoncturelles                        <\/a>   \n\n                        <a href=\"https:\/\/dievolkswirtschaft.ch\/fr\/series\/tendances-conjoncturelles\/\" class=\"mxm-post-tag related-post-tag\">\u00c9t\u00e9<\/a>                   \n                    <\/div>\n                <\/div>\n            <\/div>\n\n            <div class=\"mxm-post-footer\">\n                <div class=\"mxm-post-info\">\n                    <div class=\"mxm-post-author\">\n                        <p>Felicitas Kemeny, Philipp Wegm\u00fcller | 10.06.24<\/p>\n                    <\/div>\n                <\/div>\n\n                                <div class=\"mxm-post-bookmark\" data-id=\"198235\">\n                    <p>\n                        <img decoding=\"async\" src=\"https:\/\/dievolkswirtschaft.ch\/wp-content\/themes\/maxomedia-starter-child\/assets\/images\/bookmark-default.svg\" \n                            alt=\"Des chiffres du PIB disponibles plus rapidement\">\n                    <\/p>\n                <\/div> \n            <\/div>\n        <\/div>\n\n    <\/div>\n<\/div><div data-post-id=\"#mxm-197190\" class=\"mxm-post-wrapper\">   \n    <div class=\"mxm-post-item\">\n        <div class=\"mxm-post-header\">\n            <div class=\"mxm-post-featured\">\n                <a href=\"https:\/\/dievolkswirtschaft.ch\/fr\/2024\/03\/tendances-conjoncturelles-printemps-2024\/\">\n                                            <img loading=\"lazy\" decoding=\"async\" width=\"800\" height=\"523\" src=\"https:\/\/dievolkswirtschaft.ch\/content\/uploads\/2024\/03\/Bild_Konjunktur-1024x670.jpg\" class=\"attachment-large size-large wp-post-image\" alt=\"\" srcset=\"https:\/\/dievolkswirtschaft.ch\/content\/uploads\/2024\/03\/Bild_Konjunktur-1024x670.jpg 1024w, https:\/\/dievolkswirtschaft.ch\/content\/uploads\/2024\/03\/Bild_Konjunktur-300x196.jpg 300w, https:\/\/dievolkswirtschaft.ch\/content\/uploads\/2024\/03\/Bild_Konjunktur-768x503.jpg 768w, https:\/\/dievolkswirtschaft.ch\/content\/uploads\/2024\/03\/Bild_Konjunktur-1536x1005.jpg 1536w, https:\/\/dievolkswirtschaft.ch\/content\/uploads\/2024\/03\/Bild_Konjunktur.jpg 1931w\" sizes=\"(max-width: 800px) 100vw, 800px\" \/>                                    <\/a>\n            <\/div>\n        <\/div>\n\n        <div class=\"mxm-post-body\">\n            <div class=\"mxm-post-title\">\n                <a href=\"https:\/\/dievolkswirtschaft.ch\/fr\/2024\/03\/tendances-conjoncturelles-printemps-2024\/\">\n                    <h4>Tendances conjoncturelles, printemps 2024<\/h4>\n                <\/a>\n            <\/div>\n            \n            <div class=\"mxm-post-tags\"> \n                <div class=\"mxm-post-tags\">\n                    <div class=\"tag-cloud\">\n                        <a href=\"https:\/\/dievolkswirtschaft.ch\/fr\/series\/tendances-conjoncturelles\/\" class=\"mxm-post-tag related-post-tag\">\n                            Tendances conjoncturelles                        <\/a>   \n\n                        <a href=\"https:\/\/dievolkswirtschaft.ch\/fr\/series\/tendances-conjoncturelles\/\" class=\"mxm-post-tag related-post-tag\">Printemps<\/a>                   \n                    <\/div>\n                <\/div>\n            <\/div>\n\n            <div class=\"mxm-post-footer\">\n                <div class=\"mxm-post-info\">\n                    <div class=\"mxm-post-author\">\n                        <p>Seco | 19.03.24<\/p>\n                    <\/div>\n                <\/div>\n\n                                <div class=\"mxm-post-bookmark\" data-id=\"197190\">\n                    <p>\n                        <img decoding=\"async\" src=\"https:\/\/dievolkswirtschaft.ch\/wp-content\/themes\/maxomedia-starter-child\/assets\/images\/bookmark-default.svg\" \n                            alt=\"Tendances conjoncturelles, printemps 2024\">\n                    <\/p>\n                <\/div> \n            <\/div>\n        <\/div>\n\n    <\/div>\n<\/div>                        <\/div>\n                    <\/div> \n\n                    \n<!-- <div class=\"mxm-posts-filtered-footer\">\n                        I dont think we really need this because there are not many posts (also its broken now because of the design change)\n                        \n<div class=\"mxm-main-focus-pagination\">\n    <a class=\"mxm-pagination-arrow start-arrow\" data-page=\"1\"><<<\/a>\n    <a class=\"mxm-pagination-arrow prev-arrow\" data-page=\"1\"><<\/a>\n    Page <span class=\"current-mxm-grid-page\">1<\/span> de <span class=\"max-mxm-grid-page\">5<\/span>    <a class=\"mxm-pagination-arrow next-arrow\" data-page=\"2\">><\/a>\n    <a class=\"mxm-pagination-arrow end-arrow\" data-page=\"5\">>><\/a>\n<\/div>                    <\/div> -->\n                <\/div>\n            <\/div>\n        \t\t<\/div>\n\t\t\t\t<\/div>\n\t\t\t\t\t<\/div>\n\t\t<\/div>\n\t\t\t\t\t<\/div>\n\t\t<\/section>\n\t\t\t\t<\/div>","protected":false},"excerpt":{"rendered":"<p>Home Tendances conjoncturelles Les experts du Secr\u00e9tariat d\u2019\u00c9tat \u00e0 l\u2019\u00e9conomie publient quatre fois par an leurs pr\u00e9visions conjoncturelles. Jahr ausw\u00e4hlen 2023 2022 2021 2020 2019 2018 2017 2016 Printemps 2023 Konjukturtendenzen Encadr\u00e9s Premiers r\u00e9sultats annuels pour 2022 \u2013 Le PIB suisse augmente de 2,1&nbsp;% PIB suisse par habitant&nbsp;: un d\u00e9veloppement solide depuis la crise du [&hellip;]<\/p>","protected":false},"author":3,"featured_media":204540,"parent":86224,"menu_order":0,"comment_status":"closed","ping_status":"closed","template":"","meta":{"_acf_changed":false,"om_disable_all_campaigns":false,"ep_exclude_from_search":false,"footnotes":""},"acf":[],"_links":{"self":[{"href":"https:\/\/dievolkswirtschaft.ch\/fr\/wp-json\/wp\/v2\/pages\/88324"}],"collection":[{"href":"https:\/\/dievolkswirtschaft.ch\/fr\/wp-json\/wp\/v2\/pages"}],"about":[{"href":"https:\/\/dievolkswirtschaft.ch\/fr\/wp-json\/wp\/v2\/types\/page"}],"author":[{"embeddable":true,"href":"https:\/\/dievolkswirtschaft.ch\/fr\/wp-json\/wp\/v2\/users\/3"}],"replies":[{"embeddable":true,"href":"https:\/\/dievolkswirtschaft.ch\/fr\/wp-json\/wp\/v2\/comments?post=88324"}],"version-history":[{"count":6,"href":"https:\/\/dievolkswirtschaft.ch\/fr\/wp-json\/wp\/v2\/pages\/88324\/revisions"}],"predecessor-version":[{"id":185568,"href":"https:\/\/dievolkswirtschaft.ch\/fr\/wp-json\/wp\/v2\/pages\/88324\/revisions\/185568"}],"up":[{"embeddable":true,"href":"https:\/\/dievolkswirtschaft.ch\/fr\/wp-json\/wp\/v2\/pages\/86224"}],"wp:featuredmedia":[{"embeddable":true,"href":"https:\/\/dievolkswirtschaft.ch\/fr\/wp-json\/wp\/v2\/media\/204540"}],"wp:attachment":[{"href":"https:\/\/dievolkswirtschaft.ch\/fr\/wp-json\/wp\/v2\/media?parent=88324"}],"curies":[{"name":"wp","href":"https:\/\/api.w.org\/{rel}","templated":true}]}}